{"id":5310,"date":"2024-03-02T09:08:30","date_gmt":"2024-03-02T08:08:30","guid":{"rendered":"https:\/\/www.vidasignificativa.org\/?post_type=product&#038;p=5310"},"modified":"2024-05-01T08:45:23","modified_gmt":"2024-05-01T07:45:23","slug":"4a-edicion-escritores-solidarios","status":"publish","type":"product","link":"https:\/\/www.vidasignificativa.org\/cat\/producte\/4a-edicion-escritores-solidarios\/","title":{"rendered":"4\u00aa EDICI\u00d3N ESCRITORES SOLIDARIOS"},"content":{"rendered":"<div data-post-id=\"5331\" class=\"insert-page insert-page-5331\"><div class=\"fusion-fullwidth fullwidth-box fusion-builder-row-1 hundred-percent-fullwidth non-hundred-percent-height-scrolling fusion-equal-height-columns\" style=\"--awb-background-position:left top;--awb-border-sizes-top:0px;--awb-border-sizes-bottom:0px;--awb-border-sizes-left:0px;--awb-border-sizes-right:0px;--awb-border-radius-top-left:0px;--awb-border-radius-top-right:0px;--awb-border-radius-bottom-right:0px;--awb-border-radius-bottom-left:0px;--awb-padding-top:0px;--awb-padding-right:0px;--awb-padding-bottom:0px;--awb-padding-left:0px;--awb-flex-wrap:wrap;\" ><div class=\"fusion-builder-row fusion-row\"><div class=\"fusion-layout-column fusion_builder_column fusion-builder-column-0 fusion_builder_column_1_2 1_2 fusion-one-half fusion-column-first\" style=\"--awb-padding-top:100px;--awb-padding-right:10%;--awb-padding-bottom:100px;--awb-padding-left:10%;--awb-bg-size:cover;--awb-margin-top:200px;--awb-margin-bottom:0px;width:48%; margin-right: 4%;\" data-scroll-devices=\"small-visibility,medium-visibility,large-visibility\"><div class=\"fusion-column-wrapper fusion-column-has-shadow fusion-flex-column-wrapper-legacy\"><div class=\"fusion-text fusion-text-1\"><h2><strong>SORTEIG SOLIDARI DE M\u00c9S DE 50 LLIBRES<\/strong><\/h2>\n<\/div><div class=\"fusion-sep-clear\"><\/div><div class=\"fusion-separator fusion-clearfix\" style=\"float:left;margin-top:0px;margin-bottom:40px;width:100%;max-width:200px;\"><div class=\"fusion-separator-border sep-single sep-solid\" style=\"--awb-height:20px;--awb-amount:20px;--awb-sep-color:#fec96b;border-color:#fec96b;border-top-width:3px;\"><\/div><\/div><div class=\"fusion-sep-clear\"><\/div><div class=\"fusion-sep-clear\"><\/div><div class=\"fusion-separator fusion-full-width-sep\" style=\"margin-left: auto;margin-right: auto;margin-top:5px;width:100%;\"><\/div><div class=\"fusion-sep-clear\"><\/div><div class=\"fusion-text fusion-text-2\"><p>Per qu\u00e8 fem el sorteig? En Xavier Caparr\u00f3s, president de l'ONG Vida Significativa, ens ho explica en aquest v\u00eddeo.<\/p>\n<\/div><div class=\"fusion-sep-clear\"><\/div><div class=\"fusion-separator fusion-full-width-sep\" style=\"margin-left: auto;margin-right: auto;margin-top:5px;width:100%;\"><\/div><div class=\"fusion-sep-clear\"><\/div><div class=\"fusion-video fusion-youtube\" style=\"--awb-max-width:600px;--awb-max-height:360px;\" data-autoplay=\"1\"><div class=\"video-shortcode\"><div class=\"fluid-width-video-wrapper\" style=\"padding-top:60%;\" ><iframe title=\"YouTube video player 1\" src=\"https:\/\/www.youtube.com\/embed\/cVgEK_BS_1s?wmode=transparent&autoplay=0\" width=\"600\" height=\"360\" allowfullscreen allow=\"autoplay; fullscreen\"><\/iframe><\/div><\/div><\/div><div class=\"fusion-clearfix\"><\/div><\/div><\/div><div class=\"fusion-layout-column fusion_builder_column fusion-builder-column-1 fusion_builder_column_1_2 1_2 fusion-one-half fusion-column-last\" style=\"--awb-padding-top:100px;--awb-padding-right:10%;--awb-padding-bottom:100px;--awb-padding-left:10%;--awb-bg-size:cover;--awb-margin-top:200px;--awb-margin-bottom:0px;width:48%;\" data-scroll-devices=\"small-visibility,medium-visibility,large-visibility\"><div class=\"fusion-column-wrapper fusion-column-has-shadow fusion-flex-column-wrapper-legacy\"><div class=\"fusion-text fusion-text-3\"><h2><strong>AQUESTS S\u00d3N ELS LLIBRES<\/strong><\/h2>\n<\/div><div class=\"fusion-sep-clear\"><\/div><div class=\"fusion-separator fusion-clearfix\" style=\"float:left;margin-top:0px;margin-bottom:40px;width:100%;max-width:200px;\"><div class=\"fusion-separator-border sep-single sep-solid\" style=\"--awb-height:20px;--awb-amount:20px;--awb-sep-color:#fec96b;border-color:#fec96b;border-top-width:3px;\"><\/div><\/div><div class=\"fusion-sep-clear\"><\/div><div class=\"fusion-sep-clear\"><\/div><div class=\"fusion-separator fusion-full-width-sep\" style=\"margin-left: auto;margin-right: auto;margin-top:5px;width:100%;\"><\/div><div class=\"fusion-sep-clear\"><\/div><div class=\"fusion-text fusion-text-4\"><p>En aquest v\u00eddeo pots veure els llibres que sortegem.<\/p>\n<\/div><div class=\"fusion-sep-clear\"><\/div><div class=\"fusion-separator fusion-full-width-sep\" style=\"margin-left: auto;margin-right: auto;margin-top:5px;width:100%;\"><\/div><div class=\"fusion-sep-clear\"><\/div><div class=\"fusion-video fusion-youtube\" style=\"--awb-max-width:600px;--awb-max-height:360px;\"><div class=\"video-shortcode\"><div class=\"fluid-width-video-wrapper\" style=\"padding-top:60%;\" ><iframe title=\"YouTube video player 2\" src=\"https:\/\/www.youtube.com\/embed\/jMFj_sbSl5I?wmode=transparent&autoplay=0\" width=\"600\" height=\"360\" allowfullscreen allow=\"autoplay; fullscreen\"><\/iframe><\/div><\/div><\/div><div class=\"fusion-sep-clear\"><\/div><div class=\"fusion-separator fusion-full-width-sep\" style=\"margin-left: auto;margin-right: auto;margin-top:5px;margin-bottom:30px;width:100%;\"><\/div><div class=\"fusion-sep-clear\"><\/div><div class=\"fusion-clearfix\"><\/div><\/div><\/div><\/div><\/div><div class=\"fusion-fullwidth fullwidth-box fusion-builder-row-2 fusion-parallax-none nonhundred-percent-fullwidth non-hundred-percent-height-scrolling\" style=\"--awb-border-sizes-top:0px;--awb-border-sizes-bottom:0px;--awb-border-sizes-left:0px;--awb-border-sizes-right:0px;--awb-border-radius-top-left:0px;--awb-border-radius-top-right:0px;--awb-border-radius-bottom-right:0px;--awb-border-radius-bottom-left:0px;--awb-padding-top:0px;--awb-padding-bottom:0px;--awb-background-image:url(&quot;http:\/\/www.vidasignificativa.org\/wp-content\/uploads\/2016\/08\/home-footer.jpg&quot;);--awb-background-size:cover;--awb-flex-wrap:wrap;\" ><div class=\"fusion-builder-row fusion-row\"><div class=\"fusion-layout-column fusion_builder_column fusion-builder-column-2 fusion_builder_column_1_1 1_1 fusion-one-full fusion-column-first fusion-column-last\" style=\"--awb-padding-right:11%;--awb-padding-left:11%;--awb-bg-size:cover;\"><div class=\"fusion-column-wrapper fusion-flex-column-wrapper-legacy\"><div class=\"fusion-text fusion-text-5\"><h2 style=\"color: #ffffff; text-align: left;\"><span style=\"color: #000000;\">PROGRAMA \"INF\u00c0NCIA D'ACOLLIDA\"<\/span><\/h2>\n<\/div><div class=\"fusion-sep-clear\"><\/div><div class=\"fusion-separator fusion-clearfix\" style=\"float:left;margin-top:0px;margin-bottom:40px;width:100%;max-width:200px;\"><div class=\"fusion-separator-border sep-single sep-solid\" style=\"--awb-height:20px;--awb-amount:20px;--awb-sep-color:#fec96b;border-color:#fec96b;border-top-width:3px;\"><\/div><\/div><div class=\"fusion-sep-clear\"><\/div><div class=\"fusion-text fusion-text-6\"><p style=\"font-size: 24px; color: #ffffff; font-weight: 300; text-align: left;\"><span style=\"color: #000000;\">Des de Vida Significativa col\u00b7laborem i treballem, des de fa anys, amb diferents centres i cases d'acollida del nostre entorn <\/span><span style=\"color: #000000;\">m\u00e9s proper, creant vincles permanents, potenciant la confian\u00e7a i el valor de l'amistat, i acompanyem a fam\u00edlies interessades en acollir.<\/span><\/p>\n<\/div><div class=\"fusion-sep-clear\"><\/div><div class=\"fusion-separator fusion-full-width-sep\" style=\"margin-left: auto;margin-right: auto;margin-top:25px;width:100%;\"><\/div><div class=\"fusion-sep-clear\"><\/div><div class=\"fusion-button-wrapper\"><a class=\"fusion-button button-flat fusion-button-default-size button-default fusion-button-default button-1 fusion-button-default-span fusion-button-default-type\" target=\"_self\" href=\"https:\/\/www.vidasignificativa.org\/cat\/producte\/libros-solidarios-4a-edicion\/\"><span class=\"fusion-button-text\">PARTICIPAR AL SORTEIG<\/span><\/a><\/div><div class=\"fusion-sep-clear\"><\/div><div class=\"fusion-separator fusion-full-width-sep\" style=\"margin-left: auto;margin-right: auto;margin-top:25px;width:100%;\"><\/div><div class=\"fusion-sep-clear\"><\/div><div class=\"fusion-text fusion-text-7\"><p>Aquests s\u00f3n les i els autors de la <strong>4a Edici\u00f3 d'Escriptores i Escriptors Solidaris 2024<\/strong>T'animem, de tot cor, a participar al SORTEIG.<\/p>\n<\/div><div class=\"fusion-image-element in-legacy-container\" style=\"--awb-caption-title-font-family:var(--h2_typography-font-family);--awb-caption-title-font-weight:var(--h2_typography-font-weight);--awb-caption-title-font-style:var(--h2_typography-font-style);--awb-caption-title-size:var(--h2_typography-font-size);--awb-caption-title-transform:var(--h2_typography-text-transform);--awb-caption-title-line-height:var(--h2_typography-line-height);--awb-caption-title-letter-spacing:var(--h2_typography-letter-spacing);\"><span class=\"fusion-imageframe imageframe-none imageframe-1 hover-type-none\"><img decoding=\"async\" width=\"1080\" height=\"1080\" title=\"4a Ed. Escritores Solidarios\" src=\"https:\/\/www.vidasignificativa.org\/wp-content\/uploads\/2024\/03\/4a-Ed.-Escritores-Solidarios.jpg\" alt class=\"img-responsive wp-image-5363\" srcset=\"https:\/\/www.vidasignificativa.org\/wp-content\/uploads\/2024\/03\/4a-Ed.-Escritores-Solidarios-200x200.jpg 200w, https:\/\/www.vidasignificativa.org\/wp-content\/uploads\/2024\/03\/4a-Ed.-Escritores-Solidarios-400x400.jpg 400w, https:\/\/www.vidasignificativa.org\/wp-content\/uploads\/2024\/03\/4a-Ed.-Escritores-Solidarios-600x600.jpg 600w, https:\/\/www.vidasignificativa.org\/wp-content\/uploads\/2024\/03\/4a-Ed.-Escritores-Solidarios-800x800.jpg 800w, https:\/\/www.vidasignificativa.org\/wp-content\/uploads\/2024\/03\/4a-Ed.-Escritores-Solidarios.jpg 1080w\" sizes=\"(max-width: 1024px) 100vw, 1080px\" \/><\/span><\/div><div class=\"fusion-button-wrapper\"><a class=\"fusion-button button-flat fusion-button-default-size button-default fusion-button-default button-2 fusion-button-default-span fusion-button-default-type\" target=\"_self\" href=\"https:\/\/www.vidasignificativa.org\/cat\/producte\/libros-solidarios-4a-edicion\/\"><span class=\"fusion-button-text\">PARTICIPAR AL SORTEIG<\/span><\/a><\/div><div class=\"fusion-sep-clear\"><\/div><div class=\"fusion-separator fusion-full-width-sep\" style=\"margin-left: auto;margin-right: auto;margin-top:25px;width:100%;\"><\/div><div class=\"fusion-sep-clear\"><\/div><div class=\"fusion-clearfix\"><\/div><\/div><\/div><\/div><\/div>\n<\/div>","protected":false},"excerpt":{"rendered":"<p>Este a\u00f1o, recaudaci\u00f3n de fondos para el programa \u00abInfancia de acogida\u00bb. Consigue boletos a partir de 3 euros y, \u00a1mucha suerte!<\/p>","protected":false},"featured_media":5363,"template":"","meta":{"give_campaign_id":0},"product_cat":[129],"product_tag":[],"yoast_head":"<!-- This site is optimized with the Yoast SEO plugin v24.0 - https:\/\/yoast.com\/wordpress\/plugins\/seo\/ -->\n<title>4\u00aa EDICI\u00d3N ESCRITORES SOLIDARIOS - Vida Significativa<\/title>\n<meta name=\"description\" content=\"Este a\u00f1o 2024 dedicamos el sorteo solidario de libros para nuestro programa &quot;Infancia de acogida&quot;. Participar en el sorteo ahora y gana alguno de los fant\u00e1sticos lotes de libros.\" \/>\n<meta name=\"robots\" content=\"index, follow, max-snippet:-1, max-image-preview:large, max-video-preview:-1\" \/>\n<link rel=\"canonical\" href=\"https:\/\/www.vidasignificativa.org\/cat\/producte\/4a-edicion-escritores-solidarios\/\" \/>\n<meta property=\"og:locale\" content=\"ca_ES\" \/>\n<meta property=\"og:type\" content=\"article\" \/>\n<meta property=\"og:title\" content=\"4\u00aa EDICI\u00d3N ESCRITORES SOLIDARIOS - Vida Significativa\" \/>\n<meta property=\"og:description\" content=\"Este a\u00f1o 2024 dedicamos el sorteo solidario de libros para nuestro programa &quot;Infancia de acogida&quot;. Participar en el sorteo ahora y gana alguno de los fant\u00e1sticos lotes de libros.\" \/>\n<meta property=\"og:url\" content=\"https:\/\/www.vidasignificativa.org\/cat\/producte\/4a-edicion-escritores-solidarios\/\" \/>\n<meta property=\"og:site_name\" content=\"Vida Significativa\" \/>\n<meta property=\"article:modified_time\" content=\"2024-05-01T07:45:23+00:00\" \/>\n<meta name=\"twitter:card\" content=\"summary_large_image\" \/>\n<meta name=\"twitter:image\" content=\"https:\/\/www.vidasignificativa.org\/wp-content\/uploads\/2024\/03\/4a-Ed.-Escritores-Solidarios.jpg\" \/>\n<meta name=\"twitter:label1\" content=\"Temps estimat de lectura\" \/>\n\t<meta name=\"twitter:data1\" content=\"2 minuts\" \/>\n<script type=\"application\/ld+json\" class=\"yoast-schema-graph\">{\"@context\":\"https:\/\/schema.org\",\"@graph\":[{\"@type\":\"WebPage\",\"@id\":\"https:\/\/www.vidasignificativa.org\/producte\/4a-edicion-escritores-solidarios\/\",\"url\":\"https:\/\/www.vidasignificativa.org\/producte\/4a-edicion-escritores-solidarios\/\",\"name\":\"4\u00aa EDICI\u00d3N ESCRITORES SOLIDARIOS - Vida Significativa\",\"isPartOf\":{\"@id\":\"https:\/\/www.vidasignificativa.org\/#website\"},\"primaryImageOfPage\":{\"@id\":\"https:\/\/www.vidasignificativa.org\/producte\/4a-edicion-escritores-solidarios\/#primaryimage\"},\"image\":{\"@id\":\"https:\/\/www.vidasignificativa.org\/producte\/4a-edicion-escritores-solidarios\/#primaryimage\"},\"thumbnailUrl\":\"https:\/\/www.vidasignificativa.org\/wp-content\/uploads\/2024\/03\/4a-Ed.-Escritores-Solidarios.jpg\",\"datePublished\":\"2024-03-02T08:08:30+00:00\",\"dateModified\":\"2024-05-01T07:45:23+00:00\",\"description\":\"Este a\u00f1o 2024 dedicamos el sorteo solidario de libros para nuestro programa \\\"Infancia de acogida\\\". Participar en el sorteo ahora y gana alguno de los fant\u00e1sticos lotes de libros.\",\"breadcrumb\":{\"@id\":\"https:\/\/www.vidasignificativa.org\/producte\/4a-edicion-escritores-solidarios\/#breadcrumb\"},\"inLanguage\":\"ca\",\"potentialAction\":[{\"@type\":\"ReadAction\",\"target\":[\"https:\/\/www.vidasignificativa.org\/producte\/4a-edicion-escritores-solidarios\/\"]}]},{\"@type\":\"ImageObject\",\"inLanguage\":\"ca\",\"@id\":\"https:\/\/www.vidasignificativa.org\/producte\/4a-edicion-escritores-solidarios\/#primaryimage\",\"url\":\"https:\/\/www.vidasignificativa.org\/wp-content\/uploads\/2024\/03\/4a-Ed.-Escritores-Solidarios.jpg\",\"contentUrl\":\"https:\/\/www.vidasignificativa.org\/wp-content\/uploads\/2024\/03\/4a-Ed.-Escritores-Solidarios.jpg\",\"width\":1080,\"height\":1080},{\"@type\":\"BreadcrumbList\",\"@id\":\"https:\/\/www.vidasignificativa.org\/producte\/4a-edicion-escritores-solidarios\/#breadcrumb\",\"itemListElement\":[{\"@type\":\"ListItem\",\"position\":1,\"name\":\"Portada\",\"item\":\"https:\/\/www.vidasignificativa.org\/\"},{\"@type\":\"ListItem\",\"position\":2,\"name\":\"Tienda\",\"item\":\"https:\/\/www.vidasignificativa.org\/cat\/tienda\/\"},{\"@type\":\"ListItem\",\"position\":3,\"name\":\"4\u00aa EDICI\u00d3N ESCRITORES SOLIDARIOS\"}]},{\"@type\":\"WebSite\",\"@id\":\"https:\/\/www.vidasignificativa.org\/#website\",\"url\":\"https:\/\/www.vidasignificativa.org\/\",\"name\":\"Vida Significativa\",\"description\":\"ONG\",\"publisher\":{\"@id\":\"https:\/\/www.vidasignificativa.org\/#organization\"},\"potentialAction\":[{\"@type\":\"SearchAction\",\"target\":{\"@type\":\"EntryPoint\",\"urlTemplate\":\"https:\/\/www.vidasignificativa.org\/?s={search_term_string}\"},\"query-input\":{\"@type\":\"PropertyValueSpecification\",\"valueRequired\":true,\"valueName\":\"search_term_string\"}}],\"inLanguage\":\"ca\"},{\"@type\":\"Organization\",\"@id\":\"https:\/\/www.vidasignificativa.org\/#organization\",\"name\":\"Vida Significativa\",\"url\":\"https:\/\/www.vidasignificativa.org\/\",\"logo\":{\"@type\":\"ImageObject\",\"inLanguage\":\"ca\",\"@id\":\"https:\/\/www.vidasignificativa.org\/#\/schema\/logo\/image\/\",\"url\":\"https:\/\/www.vidasignificativa.org\/wp-content\/uploads\/2024\/01\/vida-sginificativa-logo-700x700-1.jpg\",\"contentUrl\":\"https:\/\/www.vidasignificativa.org\/wp-content\/uploads\/2024\/01\/vida-sginificativa-logo-700x700-1.jpg\",\"width\":700,\"height\":700,\"caption\":\"Vida Significativa\"},\"image\":{\"@id\":\"https:\/\/www.vidasignificativa.org\/#\/schema\/logo\/image\/\"}}]}<\/script>\n<!-- \/ Yoast SEO plugin. -->","yoast_head_json":{"title":"4\u00aa EDICI\u00d3N ESCRITORES SOLIDARIOS - Vida Significativa","description":"Este a\u00f1o 2024 dedicamos el sorteo solidario de libros para nuestro programa \"Infancia de acogida\". Participar en el sorteo ahora y gana alguno de los fant\u00e1sticos lotes de libros.","robots":{"index":"index","follow":"follow","max-snippet":"max-snippet:-1","max-image-preview":"max-image-preview:large","max-video-preview":"max-video-preview:-1"},"canonical":"https:\/\/www.vidasignificativa.org\/cat\/producte\/4a-edicion-escritores-solidarios\/","og_locale":"ca_ES","og_type":"article","og_title":"4\u00aa EDICI\u00d3N ESCRITORES SOLIDARIOS - Vida Significativa","og_description":"Este a\u00f1o 2024 dedicamos el sorteo solidario de libros para nuestro programa \"Infancia de acogida\". Participar en el sorteo ahora y gana alguno de los fant\u00e1sticos lotes de libros.","og_url":"https:\/\/www.vidasignificativa.org\/cat\/producte\/4a-edicion-escritores-solidarios\/","og_site_name":"Vida Significativa","article_modified_time":"2024-05-01T07:45:23+00:00","twitter_card":"summary_large_image","twitter_image":"https:\/\/www.vidasignificativa.org\/wp-content\/uploads\/2024\/03\/4a-Ed.-Escritores-Solidarios.jpg","twitter_misc":{"Temps estimat de lectura":"2 minuts"},"schema":{"@context":"https:\/\/schema.org","@graph":[{"@type":"WebPage","@id":"https:\/\/www.vidasignificativa.org\/producte\/4a-edicion-escritores-solidarios\/","url":"https:\/\/www.vidasignificativa.org\/producte\/4a-edicion-escritores-solidarios\/","name":"4\u00aa EDICI\u00d3N ESCRITORES SOLIDARIOS - Vida Significativa","isPartOf":{"@id":"https:\/\/www.vidasignificativa.org\/#website"},"primaryImageOfPage":{"@id":"https:\/\/www.vidasignificativa.org\/producte\/4a-edicion-escritores-solidarios\/#primaryimage"},"image":{"@id":"https:\/\/www.vidasignificativa.org\/producte\/4a-edicion-escritores-solidarios\/#primaryimage"},"thumbnailUrl":"https:\/\/www.vidasignificativa.org\/wp-content\/uploads\/2024\/03\/4a-Ed.-Escritores-Solidarios.jpg","datePublished":"2024-03-02T08:08:30+00:00","dateModified":"2024-05-01T07:45:23+00:00","description":"Este a\u00f1o 2024 dedicamos el sorteo solidario de libros para nuestro programa \"Infancia de acogida\". Participar en el sorteo ahora y gana alguno de los fant\u00e1sticos lotes de libros.","breadcrumb":{"@id":"https:\/\/www.vidasignificativa.org\/producte\/4a-edicion-escritores-solidarios\/#breadcrumb"},"inLanguage":"ca","potentialAction":[{"@type":"ReadAction","target":["https:\/\/www.vidasignificativa.org\/producte\/4a-edicion-escritores-solidarios\/"]}]},{"@type":"ImageObject","inLanguage":"ca","@id":"https:\/\/www.vidasignificativa.org\/producte\/4a-edicion-escritores-solidarios\/#primaryimage","url":"https:\/\/www.vidasignificativa.org\/wp-content\/uploads\/2024\/03\/4a-Ed.-Escritores-Solidarios.jpg","contentUrl":"https:\/\/www.vidasignificativa.org\/wp-content\/uploads\/2024\/03\/4a-Ed.-Escritores-Solidarios.jpg","width":1080,"height":1080},{"@type":"BreadcrumbList","@id":"https:\/\/www.vidasignificativa.org\/producte\/4a-edicion-escritores-solidarios\/#breadcrumb","itemListElement":[{"@type":"ListItem","position":1,"name":"Portada","item":"https:\/\/www.vidasignificativa.org\/"},{"@type":"ListItem","position":2,"name":"Tienda","item":"https:\/\/www.vidasignificativa.org\/cat\/tienda\/"},{"@type":"ListItem","position":3,"name":"4\u00aa EDICI\u00d3N ESCRITORES SOLIDARIOS"}]},{"@type":"WebSite","@id":"https:\/\/www.vidasignificativa.org\/#website","url":"https:\/\/www.vidasignificativa.org\/","name":"Vida Significativa","description":"ONG","publisher":{"@id":"https:\/\/www.vidasignificativa.org\/#organization"},"potentialAction":[{"@type":"SearchAction","target":{"@type":"EntryPoint","urlTemplate":"https:\/\/www.vidasignificativa.org\/?s={search_term_string}"},"query-input":{"@type":"PropertyValueSpecification","valueRequired":true,"valueName":"search_term_string"}}],"inLanguage":"ca"},{"@type":"Organization","@id":"https:\/\/www.vidasignificativa.org\/#organization","name":"Vida Significativa","url":"https:\/\/www.vidasignificativa.org\/","logo":{"@type":"ImageObject","inLanguage":"ca","@id":"https:\/\/www.vidasignificativa.org\/#\/schema\/logo\/image\/","url":"https:\/\/www.vidasignificativa.org\/wp-content\/uploads\/2024\/01\/vida-sginificativa-logo-700x700-1.jpg","contentUrl":"https:\/\/www.vidasignificativa.org\/wp-content\/uploads\/2024\/01\/vida-sginificativa-logo-700x700-1.jpg","width":700,"height":700,"caption":"Vida Significativa"},"image":{"@id":"https:\/\/www.vidasignificativa.org\/#\/schema\/logo\/image\/"}}]}},"_links":{"self":[{"href":"https:\/\/www.vidasignificativa.org\/cat\/wp-json\/wp\/v2\/product\/5310"}],"collection":[{"href":"https:\/\/www.vidasignificativa.org\/cat\/wp-json\/wp\/v2\/product"}],"about":[{"href":"https:\/\/www.vidasignificativa.org\/cat\/wp-json\/wp\/v2\/types\/product"}],"wp:featuredmedia":[{"embeddable":true,"href":"https:\/\/www.vidasignificativa.org\/cat\/wp-json\/wp\/v2\/media\/5363"}],"wp:attachment":[{"href":"https:\/\/www.vidasignificativa.org\/cat\/wp-json\/wp\/v2\/media?parent=5310"}],"wp:term":[{"taxonomy":"product_cat","embeddable":true,"href":"https:\/\/www.vidasignificativa.org\/cat\/wp-json\/wp\/v2\/product_cat?post=5310"},{"taxonomy":"product_tag","embeddable":true,"href":"https:\/\/www.vidasignificativa.org\/cat\/wp-json\/wp\/v2\/product_tag?post=5310"}],"curies":[{"name":"wp","href":"https:\/\/api.w.org\/{rel}","templated":true}]}}