{"id":8331,"date":"2026-03-29T22:20:27","date_gmt":"2026-03-29T21:20:27","guid":{"rendered":"https:\/\/www.vidasignificativa.org\/?page_id=8331"},"modified":"2026-04-02T16:49:29","modified_gmt":"2026-04-02T15:49:29","slug":"5a-edicio-descriptores-i-escriptors-solidaris","status":"publish","type":"page","link":"https:\/\/www.vidasignificativa.org\/cat\/5a-edicio-descriptores-i-escriptors-solidaris\/","title":{"rendered":"5a Edici\u00f3 d&#8217;Escriptores i Escriptors Solidaris"},"content":{"rendered":"<p><div class=\"fusion-fullwidth fullwidth-box fusion-builder-row-1 hundred-percent-fullwidth non-hundred-percent-height-scrolling fusion-equal-height-columns\" style=\"--awb-background-position:left top;--awb-border-sizes-top:0px;--awb-border-sizes-bottom:0px;--awb-border-sizes-left:0px;--awb-border-sizes-right:0px;--awb-border-radius-top-left:0px;--awb-border-radius-top-right:0px;--awb-border-radius-bottom-right:0px;--awb-border-radius-bottom-left:0px;--awb-padding-top:0px;--awb-padding-right:0px;--awb-padding-bottom:0px;--awb-padding-left:0px;--awb-flex-wrap:wrap;\" ><div class=\"fusion-builder-row fusion-row\"><div class=\"fusion-layout-column fusion_builder_column fusion-builder-column-0 fusion_builder_column_1_1 1_1 fusion-one-full fusion-column-first fusion-column-last\" style=\"--awb-padding-right:10%;--awb-padding-left:10%;--awb-bg-size:cover;--awb-margin-bottom:0px;\" data-scroll-devices=\"small-visibility,medium-visibility,large-visibility\"><div class=\"fusion-column-wrapper fusion-column-has-shadow fusion-flex-column-wrapper-legacy\"><div class=\"fusion-text fusion-text-1\"><h2><strong>ELS LLIBRES!<\/strong><\/h2>\n<\/div><div class=\"fusion-sep-clear\"><\/div><div class=\"fusion-separator fusion-clearfix\" style=\"float:left;margin-top:0px;margin-bottom:40px;width:100%;max-width:200px;\"><div class=\"fusion-separator-border sep-single sep-solid\" style=\"--awb-height:20px;--awb-amount:20px;--awb-sep-color:#fec96b;border-color:#fec96b;border-top-width:3px;\"><\/div><\/div><div class=\"fusion-sep-clear\"><\/div><div class=\"fusion-sep-clear\"><\/div><div class=\"fusion-separator fusion-full-width-sep\" style=\"margin-left: auto;margin-right: auto;margin-top:5px;width:100%;\"><\/div><div class=\"fusion-sep-clear\"><\/div><div class=\"fusion-text fusion-text-2\"><p>M\u00e9s de 80 llibres cedits a Vida Significativa per recaptar fons en benefici de la inf\u00e0ncia m\u00e9s vulnerable. En aquest v\u00eddeo veur\u00e0s tots els llibres que sortegem solid\u00e0riament.<\/p>\n<\/div><div class=\"fusion-sep-clear\"><\/div><div class=\"fusion-separator fusion-full-width-sep\" style=\"margin-left: auto;margin-right: auto;margin-top:5px;width:100%;\"><\/div><div class=\"fusion-sep-clear\"><\/div><div class=\"fusion-video fusion-youtube\" style=\"--awb-max-width:600px;--awb-max-height:360px;\"><div class=\"video-shortcode\"><div class=\"fluid-width-video-wrapper\" style=\"padding-top:60%;\" ><iframe title=\"YouTube video player 1\" src=\"https:\/\/www.youtube.com\/embed\/ah4sSQ5UzTc?wmode=transparent&autoplay=0\" width=\"600\" height=\"360\" allowfullscreen allow=\"autoplay; fullscreen\"><\/iframe><\/div><\/div><\/div><div class=\"fusion-button-wrapper\"><a class=\"fusion-button button-flat fusion-button-default-size button-default fusion-button-default button-1 fusion-button-default-span fusion-button-default-type\" target=\"_self\" href=\"https:\/\/www.vidasignificativa.org\/cat\/producte\/5a-edicio-escriptores-i-escriptors-solidaris\/\"><span class=\"fusion-button-text\">VULL PARTICIPAR<\/span><\/a><\/div><div class=\"fusion-clearfix\"><\/div><\/div><\/div><div class=\"fusion-layout-column fusion_builder_column fusion-builder-column-1 fusion_builder_column_1_1 1_1 fusion-one-full fusion-column-first fusion-column-last\" style=\"--awb-padding-right:10%;--awb-padding-bottom:100px;--awb-padding-left:10%;--awb-bg-size:cover;--awb-margin-top:50px;--awb-margin-bottom:0px;\" data-scroll-devices=\"small-visibility,medium-visibility,large-visibility\"><div class=\"fusion-column-wrapper fusion-column-has-shadow fusion-flex-column-wrapper-legacy\"><div class=\"fusion-text fusion-text-3\"><h2><strong>A FAVOR DE LA INF\u00c0NCIA PROTEGIDA<\/strong><\/h2>\n<\/div><div class=\"fusion-sep-clear\"><\/div><div class=\"fusion-separator fusion-clearfix\" style=\"float:left;margin-top:0px;margin-bottom:40px;width:100%;max-width:200px;\"><div class=\"fusion-separator-border sep-single sep-solid\" style=\"--awb-height:20px;--awb-amount:20px;--awb-sep-color:#fec96b;border-color:#fec96b;border-top-width:3px;\"><\/div><\/div><div class=\"fusion-sep-clear\"><\/div><div class=\"fusion-sep-clear\"><\/div><div class=\"fusion-separator fusion-full-width-sep\" style=\"margin-left: auto;margin-right: auto;margin-top:5px;width:100%;\"><\/div><div class=\"fusion-sep-clear\"><\/div><div class=\"fusion-text fusion-text-4\"><p>Per qu\u00e8 fem aquest sorteig? En Xavier Caparr\u00f3s, president de l&#8217;ONG Vida Significativa, ens ho explica.<\/p>\n<\/div><div class=\"fusion-sep-clear\"><\/div><div class=\"fusion-separator fusion-full-width-sep\" style=\"margin-left: auto;margin-right: auto;margin-top:5px;width:100%;\"><\/div><div class=\"fusion-sep-clear\"><\/div><div class=\"fusion-video fusion-youtube\" style=\"--awb-max-width:600px;--awb-max-height:360px;\" data-autoplay=\"1\"><div class=\"video-shortcode\"><div class=\"fluid-width-video-wrapper\" style=\"padding-top:60%;\" ><iframe title=\"YouTube video player 2\" src=\"https:\/\/www.youtube.com\/embed\/cVgEK_BS_1s?wmode=transparent&autoplay=0\" width=\"600\" height=\"360\" allowfullscreen allow=\"autoplay; fullscreen\"><\/iframe><\/div><\/div><\/div><div class=\"fusion-button-wrapper\"><a class=\"fusion-button button-flat fusion-button-default-size button-default fusion-button-default button-2 fusion-button-default-span fusion-button-default-type\" target=\"_self\" href=\"https:\/\/www.vidasignificativa.org\/cat\/producte\/5a-edicio-escriptores-i-escriptors-solidaris\/\"><span class=\"fusion-button-text\">VULL PARTICIPAR<\/span><\/a><\/div><div class=\"fusion-clearfix\"><\/div><\/div><\/div><\/div><\/div><div class=\"fusion-fullwidth fullwidth-box fusion-builder-row-2 fusion-parallax-none nonhundred-percent-fullwidth non-hundred-percent-height-scrolling\" style=\"--awb-border-sizes-top:0px;--awb-border-sizes-bottom:0px;--awb-border-sizes-left:0px;--awb-border-sizes-right:0px;--awb-border-radius-top-left:0px;--awb-border-radius-top-right:0px;--awb-border-radius-bottom-right:0px;--awb-border-radius-bottom-left:0px;--awb-padding-top:0px;--awb-padding-bottom:0px;--awb-background-image:url(&quot;http:\/\/www.vidasignificativa.org\/wp-content\/uploads\/2016\/08\/home-footer.jpg&quot;);--awb-background-size:cover;--awb-flex-wrap:wrap;\" ><div class=\"fusion-builder-row fusion-row\"><div class=\"fusion-layout-column fusion_builder_column fusion-builder-column-2 fusion_builder_column_1_1 1_1 fusion-one-full fusion-column-first fusion-column-last\" style=\"--awb-padding-right:11%;--awb-padding-left:11%;--awb-bg-size:cover;\"><div class=\"fusion-column-wrapper fusion-flex-column-wrapper-legacy\"><div class=\"fusion-text fusion-text-5\"><h2 style=\"color: #ffffff; text-align: left;\"><span style=\"color: #000000;\">PROGRAMA \u00abINF\u00c0NCIA D&#8217;ACOLLIDA\u00bb<\/span><\/h2>\n<\/div><div class=\"fusion-sep-clear\"><\/div><div class=\"fusion-separator fusion-clearfix\" style=\"float:left;margin-top:0px;margin-bottom:40px;width:100%;max-width:200px;\"><div class=\"fusion-separator-border sep-single sep-solid\" style=\"--awb-height:20px;--awb-amount:20px;--awb-sep-color:#fec96b;border-color:#fec96b;border-top-width:3px;\"><\/div><\/div><div class=\"fusion-sep-clear\"><\/div><div class=\"fusion-text fusion-text-6\"><p style=\"font-size: 24px; color: #ffffff; font-weight: 300; text-align: left;\"><span style=\"color: #000000;\">Col\u00b7laborem i treballem, des de fa anys, amb diferents CRAE i cases d&#8217;acollida d&#8217;urg\u00e8ncia del nostre entorn <\/span><span style=\"color: #000000;\">m\u00e9s proper, creant vincles, potenciant la confian\u00e7a i el valor de l&#8217;amistat, l&#8217;amor i acompanyant fam\u00edlies interessades en acollir.<\/span><\/p>\n<\/div><div class=\"fusion-sep-clear\"><\/div><div class=\"fusion-separator fusion-full-width-sep\" style=\"margin-left: auto;margin-right: auto;margin-top:25px;width:100%;\"><\/div><div class=\"fusion-sep-clear\"><\/div><div class=\"fusion-button-wrapper\"><a class=\"fusion-button button-flat fusion-button-default-size button-default fusion-button-default button-3 fusion-button-default-span fusion-button-default-type\" target=\"_self\" href=\"https:\/\/www.vidasignificativa.org\/cat\/producte\/5a-edicio-escriptores-i-escriptors-solidaris\/\"><span class=\"fusion-button-text\">VULL PARTICIPAR<\/span><\/a><\/div><div class=\"fusion-sep-clear\"><\/div><div class=\"fusion-separator fusion-full-width-sep\" style=\"margin-left: auto;margin-right: auto;margin-top:25px;width:100%;\"><\/div><div class=\"fusion-sep-clear\"><\/div><div class=\"fusion-text fusion-text-7\"><p>Autores i autors de la <strong>5a Edici\u00f3 d&#8217;Escriptores i Escriptors Solidaris 2026<\/strong>.<\/p>\n<\/div><div class=\"fusion-image-element in-legacy-container\" style=\"--awb-caption-title-font-family:var(--h2_typography-font-family);--awb-caption-title-font-weight:var(--h2_typography-font-weight);--awb-caption-title-font-style:var(--h2_typography-font-style);--awb-caption-title-size:var(--h2_typography-font-size);--awb-caption-title-transform:var(--h2_typography-text-transform);--awb-caption-title-line-height:var(--h2_typography-line-height);--awb-caption-title-letter-spacing:var(--h2_typography-letter-spacing);\"><span class=\"fusion-imageframe imageframe-none imageframe-1 hover-type-none\"><img decoding=\"async\" width=\"1080\" height=\"1350\" title=\"5a Ed. Escriptores i Escriptors Solidaris\" src=\"https:\/\/www.vidasignificativa.org\/wp-content\/uploads\/2026\/03\/5a-Ed.-Escriptores-i-Escriptors-Solidaris.jpg\" alt class=\"img-responsive wp-image-8329\" srcset=\"https:\/\/www.vidasignificativa.org\/wp-content\/uploads\/2026\/03\/5a-Ed.-Escriptores-i-Escriptors-Solidaris-200x250.jpg 200w, https:\/\/www.vidasignificativa.org\/wp-content\/uploads\/2026\/03\/5a-Ed.-Escriptores-i-Escriptors-Solidaris-400x500.jpg 400w, https:\/\/www.vidasignificativa.org\/wp-content\/uploads\/2026\/03\/5a-Ed.-Escriptores-i-Escriptors-Solidaris-600x750.jpg 600w, https:\/\/www.vidasignificativa.org\/wp-content\/uploads\/2026\/03\/5a-Ed.-Escriptores-i-Escriptors-Solidaris-800x1000.jpg 800w, https:\/\/www.vidasignificativa.org\/wp-content\/uploads\/2026\/03\/5a-Ed.-Escriptores-i-Escriptors-Solidaris.jpg 1080w\" sizes=\"(max-width: 1024px) 100vw, 1080px\" \/><\/span><\/div><div class=\"fusion-button-wrapper\"><a class=\"fusion-button button-flat fusion-button-default-size button-default fusion-button-default button-4 fusion-button-default-span fusion-button-default-type\" target=\"_self\" href=\"https:\/\/www.vidasignificativa.org\/cat\/producte\/5a-edicio-escriptores-i-escriptors-solidaris\/\"><span class=\"fusion-button-text\">PARTICIPAR EN EL SORTEIG<\/span><\/a><\/div><div class=\"fusion-sep-clear\"><\/div><div class=\"fusion-separator fusion-full-width-sep\" style=\"margin-left: auto;margin-right: auto;margin-top:25px;width:100%;\"><\/div><div class=\"fusion-sep-clear\"><\/div><div class=\"fusion-clearfix\"><\/div><\/div><\/div><\/div><\/div><\/p>","protected":false},"excerpt":{"rendered":"","protected":false},"author":1,"featured_media":8343,"parent":0,"menu_order":10,"comment_status":"closed","ping_status":"closed","template":"100-width.php","meta":{"give_campaign_id":0,"footnotes":""},"yoast_head":"<!-- This site is optimized with the Yoast SEO plugin v24.0 - https:\/\/yoast.com\/wordpress\/plugins\/seo\/ -->\n<title>5a Edici\u00f3 d&#039;Escriptores i Escriptors Solidaris - Sorteig Solidari Llibres - Vida Significativa<\/title>\n<meta name=\"description\" content=\"Sorteig solidari a favor de la inf\u00e0ncia protegida de CRAE i cases d&#039;acollida d&#039;urg\u00e8ncia. Participa i ajuda&#039;ns a captar fons!\" \/>\n<meta name=\"robots\" content=\"index, follow, max-snippet:-1, max-image-preview:large, max-video-preview:-1\" \/>\n<link rel=\"canonical\" href=\"https:\/\/www.vidasignificativa.org\/cat\/5a-edicio-descriptores-i-escriptors-solidaris\/\" \/>\n<meta property=\"og:locale\" content=\"ca_ES\" \/>\n<meta property=\"og:type\" content=\"article\" \/>\n<meta property=\"og:title\" content=\"5a Edici\u00f3 d&#039;Escriptores i Escriptors Solidaris - Sorteig Solidari Llibres - Vida Significativa\" \/>\n<meta property=\"og:description\" content=\"Sorteig solidari a favor de la inf\u00e0ncia protegida de CRAE i cases d&#039;acollida d&#039;urg\u00e8ncia. Participa i ajuda&#039;ns a captar fons!\" \/>\n<meta property=\"og:url\" content=\"https:\/\/www.vidasignificativa.org\/cat\/5a-edicio-descriptores-i-escriptors-solidaris\/\" \/>\n<meta property=\"og:site_name\" content=\"Vida Significativa\" \/>\n<meta property=\"article:modified_time\" content=\"2026-04-02T15:49:29+00:00\" \/>\n<meta property=\"og:image\" content=\"https:\/\/www.vidasignificativa.org\/wp-content\/uploads\/2026\/03\/5a-Ed.-Escriptores-i-Escriptors-Solidaris.png\" \/>\n\t<meta property=\"og:image:width\" content=\"1080\" \/>\n\t<meta property=\"og:image:height\" content=\"1350\" \/>\n\t<meta property=\"og:image:type\" content=\"image\/png\" \/>\n<meta name=\"twitter:card\" content=\"summary_large_image\" \/>\n<meta name=\"twitter:label1\" content=\"Temps estimat de lectura\" \/>\n\t<meta name=\"twitter:data1\" content=\"1 minut\" \/>\n<script type=\"application\/ld+json\" class=\"yoast-schema-graph\">{\"@context\":\"https:\/\/schema.org\",\"@graph\":[{\"@type\":\"WebPage\",\"@id\":\"https:\/\/www.vidasignificativa.org\/5a-edicio-descriptores-i-escriptors-solidaris\/\",\"url\":\"https:\/\/www.vidasignificativa.org\/5a-edicio-descriptores-i-escriptors-solidaris\/\",\"name\":\"5a Edici\u00f3 d'Escriptores i Escriptors Solidaris - Sorteig Solidari Llibres - Vida Significativa\",\"isPartOf\":{\"@id\":\"https:\/\/www.vidasignificativa.org\/#website\"},\"primaryImageOfPage\":{\"@id\":\"https:\/\/www.vidasignificativa.org\/5a-edicio-descriptores-i-escriptors-solidaris\/#primaryimage\"},\"image\":{\"@id\":\"https:\/\/www.vidasignificativa.org\/5a-edicio-descriptores-i-escriptors-solidaris\/#primaryimage\"},\"thumbnailUrl\":\"https:\/\/www.vidasignificativa.org\/wp-content\/uploads\/2026\/03\/5a-Ed.-Escriptores-i-Escriptors-Solidaris.png\",\"datePublished\":\"2026-03-29T21:20:27+00:00\",\"dateModified\":\"2026-04-02T15:49:29+00:00\",\"description\":\"Sorteig solidari a favor de la inf\u00e0ncia protegida de CRAE i cases d'acollida d'urg\u00e8ncia. Participa i ajuda'ns a captar fons!\",\"breadcrumb\":{\"@id\":\"https:\/\/www.vidasignificativa.org\/5a-edicio-descriptores-i-escriptors-solidaris\/#breadcrumb\"},\"inLanguage\":\"ca\",\"potentialAction\":[{\"@type\":\"ReadAction\",\"target\":[\"https:\/\/www.vidasignificativa.org\/5a-edicio-descriptores-i-escriptors-solidaris\/\"]}]},{\"@type\":\"ImageObject\",\"inLanguage\":\"ca\",\"@id\":\"https:\/\/www.vidasignificativa.org\/5a-edicio-descriptores-i-escriptors-solidaris\/#primaryimage\",\"url\":\"https:\/\/www.vidasignificativa.org\/wp-content\/uploads\/2026\/03\/5a-Ed.-Escriptores-i-Escriptors-Solidaris.png\",\"contentUrl\":\"https:\/\/www.vidasignificativa.org\/wp-content\/uploads\/2026\/03\/5a-Ed.-Escriptores-i-Escriptors-Solidaris.png\",\"width\":1080,\"height\":1350},{\"@type\":\"BreadcrumbList\",\"@id\":\"https:\/\/www.vidasignificativa.org\/5a-edicio-descriptores-i-escriptors-solidaris\/#breadcrumb\",\"itemListElement\":[{\"@type\":\"ListItem\",\"position\":1,\"name\":\"Portada\",\"item\":\"https:\/\/www.vidasignificativa.org\/\"},{\"@type\":\"ListItem\",\"position\":2,\"name\":\"5a Edici\u00f3 d&#8217;Escriptores i Escriptors Solidaris\"}]},{\"@type\":\"WebSite\",\"@id\":\"https:\/\/www.vidasignificativa.org\/#website\",\"url\":\"https:\/\/www.vidasignificativa.org\/\",\"name\":\"Vida Significativa\",\"description\":\"ONG\",\"publisher\":{\"@id\":\"https:\/\/www.vidasignificativa.org\/#organization\"},\"potentialAction\":[{\"@type\":\"SearchAction\",\"target\":{\"@type\":\"EntryPoint\",\"urlTemplate\":\"https:\/\/www.vidasignificativa.org\/?s={search_term_string}\"},\"query-input\":{\"@type\":\"PropertyValueSpecification\",\"valueRequired\":true,\"valueName\":\"search_term_string\"}}],\"inLanguage\":\"ca\"},{\"@type\":\"Organization\",\"@id\":\"https:\/\/www.vidasignificativa.org\/#organization\",\"name\":\"Vida Significativa\",\"url\":\"https:\/\/www.vidasignificativa.org\/\",\"logo\":{\"@type\":\"ImageObject\",\"inLanguage\":\"ca\",\"@id\":\"https:\/\/www.vidasignificativa.org\/#\/schema\/logo\/image\/\",\"url\":\"https:\/\/www.vidasignificativa.org\/wp-content\/uploads\/2024\/01\/vida-sginificativa-logo-700x700-1.jpg\",\"contentUrl\":\"https:\/\/www.vidasignificativa.org\/wp-content\/uploads\/2024\/01\/vida-sginificativa-logo-700x700-1.jpg\",\"width\":700,\"height\":700,\"caption\":\"Vida Significativa\"},\"image\":{\"@id\":\"https:\/\/www.vidasignificativa.org\/#\/schema\/logo\/image\/\"}}]}<\/script>\n<!-- \/ Yoast SEO plugin. -->","yoast_head_json":{"title":"5a Edici\u00f3 d'Escriptores i Escriptors Solidaris - Sorteig Solidari Llibres - Vida Significativa","description":"Sorteig solidari a favor de la inf\u00e0ncia protegida de CRAE i cases d'acollida d'urg\u00e8ncia. Participa i ajuda'ns a captar fons!","robots":{"index":"index","follow":"follow","max-snippet":"max-snippet:-1","max-image-preview":"max-image-preview:large","max-video-preview":"max-video-preview:-1"},"canonical":"https:\/\/www.vidasignificativa.org\/cat\/5a-edicio-descriptores-i-escriptors-solidaris\/","og_locale":"ca_ES","og_type":"article","og_title":"5a Edici\u00f3 d'Escriptores i Escriptors Solidaris - Sorteig Solidari Llibres - Vida Significativa","og_description":"Sorteig solidari a favor de la inf\u00e0ncia protegida de CRAE i cases d'acollida d'urg\u00e8ncia. Participa i ajuda'ns a captar fons!","og_url":"https:\/\/www.vidasignificativa.org\/cat\/5a-edicio-descriptores-i-escriptors-solidaris\/","og_site_name":"Vida Significativa","article_modified_time":"2026-04-02T15:49:29+00:00","og_image":[{"width":1080,"height":1350,"url":"https:\/\/www.vidasignificativa.org\/wp-content\/uploads\/2026\/03\/5a-Ed.-Escriptores-i-Escriptors-Solidaris.png","type":"image\/png"}],"twitter_card":"summary_large_image","twitter_misc":{"Temps estimat de lectura":"1 minut"},"schema":{"@context":"https:\/\/schema.org","@graph":[{"@type":"WebPage","@id":"https:\/\/www.vidasignificativa.org\/5a-edicio-descriptores-i-escriptors-solidaris\/","url":"https:\/\/www.vidasignificativa.org\/5a-edicio-descriptores-i-escriptors-solidaris\/","name":"5a Edici\u00f3 d'Escriptores i Escriptors Solidaris - Sorteig Solidari Llibres - Vida Significativa","isPartOf":{"@id":"https:\/\/www.vidasignificativa.org\/#website"},"primaryImageOfPage":{"@id":"https:\/\/www.vidasignificativa.org\/5a-edicio-descriptores-i-escriptors-solidaris\/#primaryimage"},"image":{"@id":"https:\/\/www.vidasignificativa.org\/5a-edicio-descriptores-i-escriptors-solidaris\/#primaryimage"},"thumbnailUrl":"https:\/\/www.vidasignificativa.org\/wp-content\/uploads\/2026\/03\/5a-Ed.-Escriptores-i-Escriptors-Solidaris.png","datePublished":"2026-03-29T21:20:27+00:00","dateModified":"2026-04-02T15:49:29+00:00","description":"Sorteig solidari a favor de la inf\u00e0ncia protegida de CRAE i cases d'acollida d'urg\u00e8ncia. Participa i ajuda'ns a captar fons!","breadcrumb":{"@id":"https:\/\/www.vidasignificativa.org\/5a-edicio-descriptores-i-escriptors-solidaris\/#breadcrumb"},"inLanguage":"ca","potentialAction":[{"@type":"ReadAction","target":["https:\/\/www.vidasignificativa.org\/5a-edicio-descriptores-i-escriptors-solidaris\/"]}]},{"@type":"ImageObject","inLanguage":"ca","@id":"https:\/\/www.vidasignificativa.org\/5a-edicio-descriptores-i-escriptors-solidaris\/#primaryimage","url":"https:\/\/www.vidasignificativa.org\/wp-content\/uploads\/2026\/03\/5a-Ed.-Escriptores-i-Escriptors-Solidaris.png","contentUrl":"https:\/\/www.vidasignificativa.org\/wp-content\/uploads\/2026\/03\/5a-Ed.-Escriptores-i-Escriptors-Solidaris.png","width":1080,"height":1350},{"@type":"BreadcrumbList","@id":"https:\/\/www.vidasignificativa.org\/5a-edicio-descriptores-i-escriptors-solidaris\/#breadcrumb","itemListElement":[{"@type":"ListItem","position":1,"name":"Portada","item":"https:\/\/www.vidasignificativa.org\/"},{"@type":"ListItem","position":2,"name":"5a Edici\u00f3 d&#8217;Escriptores i Escriptors Solidaris"}]},{"@type":"WebSite","@id":"https:\/\/www.vidasignificativa.org\/#website","url":"https:\/\/www.vidasignificativa.org\/","name":"Vida Significativa","description":"ONG","publisher":{"@id":"https:\/\/www.vidasignificativa.org\/#organization"},"potentialAction":[{"@type":"SearchAction","target":{"@type":"EntryPoint","urlTemplate":"https:\/\/www.vidasignificativa.org\/?s={search_term_string}"},"query-input":{"@type":"PropertyValueSpecification","valueRequired":true,"valueName":"search_term_string"}}],"inLanguage":"ca"},{"@type":"Organization","@id":"https:\/\/www.vidasignificativa.org\/#organization","name":"Vida Significativa","url":"https:\/\/www.vidasignificativa.org\/","logo":{"@type":"ImageObject","inLanguage":"ca","@id":"https:\/\/www.vidasignificativa.org\/#\/schema\/logo\/image\/","url":"https:\/\/www.vidasignificativa.org\/wp-content\/uploads\/2024\/01\/vida-sginificativa-logo-700x700-1.jpg","contentUrl":"https:\/\/www.vidasignificativa.org\/wp-content\/uploads\/2024\/01\/vida-sginificativa-logo-700x700-1.jpg","width":700,"height":700,"caption":"Vida Significativa"},"image":{"@id":"https:\/\/www.vidasignificativa.org\/#\/schema\/logo\/image\/"}}]}},"campaignId":"","_links":{"self":[{"href":"https:\/\/www.vidasignificativa.org\/cat\/wp-json\/wp\/v2\/pages\/8331"}],"collection":[{"href":"https:\/\/www.vidasignificativa.org\/cat\/wp-json\/wp\/v2\/pages"}],"about":[{"href":"https:\/\/www.vidasignificativa.org\/cat\/wp-json\/wp\/v2\/types\/page"}],"author":[{"embeddable":true,"href":"https:\/\/www.vidasignificativa.org\/cat\/wp-json\/wp\/v2\/users\/1"}],"replies":[{"embeddable":true,"href":"https:\/\/www.vidasignificativa.org\/cat\/wp-json\/wp\/v2\/comments?post=8331"}],"version-history":[{"count":10,"href":"https:\/\/www.vidasignificativa.org\/cat\/wp-json\/wp\/v2\/pages\/8331\/revisions"}],"predecessor-version":[{"id":8352,"href":"https:\/\/www.vidasignificativa.org\/cat\/wp-json\/wp\/v2\/pages\/8331\/revisions\/8352"}],"wp:featuredmedia":[{"embeddable":true,"href":"https:\/\/www.vidasignificativa.org\/cat\/wp-json\/wp\/v2\/media\/8343"}],"wp:attachment":[{"href":"https:\/\/www.vidasignificativa.org\/cat\/wp-json\/wp\/v2\/media?parent=8331"}],"curies":[{"name":"wp","href":"https:\/\/api.w.org\/{rel}","templated":true}]}}