{"id":758,"date":"2019-08-10T08:51:55","date_gmt":"2019-08-10T08:51:55","guid":{"rendered":"http:\/\/www.vidasignificativa.org\/?page_id=10"},"modified":"2024-02-26T11:25:32","modified_gmt":"2024-02-26T10:25:32","slug":"blog","status":"publish","type":"page","link":"https:\/\/www.vidasignificativa.org\/cat\/blog\/","title":{"rendered":"Blog"},"content":{"rendered":"<div class=\"fusion-fullwidth fullwidth-box fusion-builder-row-1 hundred-percent-fullwidth non-hundred-percent-height-scrolling\" style=\"--awb-background-position:left top;--awb-border-sizes-top:0px;--awb-border-sizes-bottom:0px;--awb-border-sizes-left:0px;--awb-border-sizes-right:0px;--awb-border-radius-top-left:0px;--awb-border-radius-top-right:0px;--awb-border-radius-bottom-right:0px;--awb-border-radius-bottom-left:0px;--awb-padding-top:50px;--awb-padding-right:5.5%;--awb-padding-bottom:150px;--awb-padding-left:5.5%;--awb-background-color:#f7f7f7;--awb-flex-wrap:wrap;\" ><div class=\"fusion-builder-row fusion-row\"><div class=\"fusion-layout-column fusion_builder_column fusion-builder-column-0 fusion_builder_column_1_1 1_1 fusion-one-full fusion-column-first fusion-column-last\" style=\"--awb-bg-size:cover;\"><div class=\"fusion-column-wrapper fusion-flex-column-wrapper-legacy\"><div class=\"fusion-blog-shortcode fusion-blog-shortcode-1 fusion-blog-archive fusion-blog-layout-grid-wrapper fusion-blog-pagination\"><style type=\"text\/css\">.fusion-blog-shortcode-1 .fusion-blog-layout-grid .fusion-post-grid{padding:20px;}.fusion-blog-shortcode-1 .fusion-posts-container{margin-left: -20px !important; margin-right:-20px !important;}<\/style><div class=\"fusion-posts-container fusion-posts-container-pagination fusion-no-meta-info fusion-blog-rollover fusion-blog-layout-grid fusion-blog-layout-grid-4 isotope fusion-blog-equal-heights\" data-pages=\"5\" data-grid-col-space=\"40\" style=\"margin: -20px -20px 0;min-height:500px;\"><article id=\"blog-1-post-8353\" class=\"fusion-post-grid post-8353 post type-post status-publish format-standard has-post-thumbnail hentry category-altruismo category-noticias tag-altruismo tag-solidaridad tag-sorteo-solidario\">\n<div class=\"fusion-post-wrapper\" style=\"background-color:rgba(255,255,255,0);border:1px solid #ebeaea;border-bottom-width:3px;\">\n\n\t\t\t<div class=\"fusion-flexslider flexslider fusion-flexslider-loading fusion-post-slideshow\" style=\"border-color:#ebeaea;\">\n\t\t<ul class=\"slides\">\n\t\t\t\n\t\t\t\t\t\t\t\t\t\t\t\t\t\t<li><div  class=\"fusion-image-wrapper\" aria-haspopup=\"true\">\n\t\t\t\t<img decoding=\"async\" width=\"500\" height=\"625\" src=\"https:\/\/www.vidasignificativa.org\/wp-content\/uploads\/2026\/04\/5a-Ed.-Escriptores-i-Escriptors-Solidaris-mini.jpg\" class=\"attachment-full size-full wp-post-image\" alt=\"\" srcset=\"https:\/\/www.vidasignificativa.org\/wp-content\/uploads\/2026\/04\/5a-Ed.-Escriptores-i-Escriptors-Solidaris-mini-200x250.jpg 200w, https:\/\/www.vidasignificativa.org\/wp-content\/uploads\/2026\/04\/5a-Ed.-Escriptores-i-Escriptors-Solidaris-mini-400x500.jpg 400w, https:\/\/www.vidasignificativa.org\/wp-content\/uploads\/2026\/04\/5a-Ed.-Escriptores-i-Escriptors-Solidaris-mini.jpg 500w\" sizes=\"(min-width: 2200px) 100vw, (min-width: 1120px) 263px, (min-width: 960px) 350px, (min-width: 800px) 525px, (min-width: 640px) 800px, \" \/><div class=\"fusion-rollover\">\n\t<div class=\"fusion-rollover-content\">\n\n\t\t\t\t\n\t\t\n\t\t\t\t\t\t\t\t\t\t\t\t<h4 class=\"fusion-rollover-title\">\n\t\t\t\t\t<a class=\"fusion-rollover-title-link\" href=\"https:\/\/www.vidasignificativa.org\/cat\/arrenca-la-5a-edicio-descriptores-i-escriptors-solidaris\/\">\n\t\t\t\t\t\tArrenca la 5a Edici\u00f3 d\u2019Escriptores i Escriptors Solidaris!\t\t\t\t\t<\/a>\n\t\t\t\t<\/h4>\n\t\t\t\n\t\t\t\t\t\t\t\t\n\t\t\n\t\t\t\t\t\t<a class=\"fusion-link-wrapper\" href=\"https:\/\/www.vidasignificativa.org\/cat\/arrenca-la-5a-edicio-descriptores-i-escriptors-solidaris\/\" aria-label=\"Arrenca la 5a Edici\u00f3 d\u2019Escriptores i Escriptors Solidaris!\"><\/a>\n\t<\/div>\n<\/div>\n<\/div>\n<\/li>\n\t\t\t\n\t\t\t\n\t\t\t\t\t\t\t\t\t\t\t\t\t\t\t\t\t\t\t\t\t\t\t\t\t\t\t\t\t\t\t\t\t\t\t\t\t\t\t\t\t\t\t\t\t\t\t\t\t\t\t\t\t\t\t\t\t\t\t\t\t\t\t\t\t\t\t\t<\/ul>\n\t<\/div>\n\t<div class=\"fusion-post-content-wrapper\" style=\"padding:30px 25px 20px 25px;\"><div class=\"fusion-post-content post-content\"><h2 class=\"blog-shortcode-post-title entry-title\"><a href=\"https:\/\/www.vidasignificativa.org\/cat\/arrenca-la-5a-edicio-descriptores-i-escriptors-solidaris\/\">Arrenca la 5a Edici\u00f3 d\u2019Escriptores i Escriptors Solidaris!<\/a><\/h2><\/div><\/div><div class=\"fusion-clearfix\"><\/div><\/div>\n<\/article>\n<article id=\"blog-1-post-7260\" class=\"fusion-post-grid post-7260 post type-post status-publish format-standard has-post-thumbnail hentry category-noticias tag-altruismo tag-solidaridad tag-voluntariado tag-vulnerabilidad\">\n<div class=\"fusion-post-wrapper\" style=\"background-color:rgba(255,255,255,0);border:1px solid #ebeaea;border-bottom-width:3px;\">\n\n\t\t\t<div class=\"fusion-flexslider flexslider fusion-flexslider-loading fusion-post-slideshow\" style=\"border-color:#ebeaea;\">\n\t\t<ul class=\"slides\">\n\t\t\t\n\t\t\t\t\t\t\t\t\t\t\t\t\t\t<li><div  class=\"fusion-image-wrapper\" aria-haspopup=\"true\">\n\t\t\t\t<img decoding=\"async\" width=\"1080\" height=\"1350\" src=\"https:\/\/www.vidasignificativa.org\/wp-content\/uploads\/2025\/07\/El-dia-7-de-maig-hi-serem-fent-una-activitat-3.jpg\" class=\"attachment-full size-full wp-post-image\" alt=\"\" srcset=\"https:\/\/www.vidasignificativa.org\/wp-content\/uploads\/2025\/07\/El-dia-7-de-maig-hi-serem-fent-una-activitat-3-200x250.jpg 200w, https:\/\/www.vidasignificativa.org\/wp-content\/uploads\/2025\/07\/El-dia-7-de-maig-hi-serem-fent-una-activitat-3-400x500.jpg 400w, https:\/\/www.vidasignificativa.org\/wp-content\/uploads\/2025\/07\/El-dia-7-de-maig-hi-serem-fent-una-activitat-3-600x750.jpg 600w, https:\/\/www.vidasignificativa.org\/wp-content\/uploads\/2025\/07\/El-dia-7-de-maig-hi-serem-fent-una-activitat-3-800x1000.jpg 800w, https:\/\/www.vidasignificativa.org\/wp-content\/uploads\/2025\/07\/El-dia-7-de-maig-hi-serem-fent-una-activitat-3.jpg 1080w\" sizes=\"(min-width: 2200px) 100vw, (min-width: 1120px) 263px, (min-width: 960px) 350px, (min-width: 800px) 525px, (min-width: 640px) 800px, \" \/><div class=\"fusion-rollover\">\n\t<div class=\"fusion-rollover-content\">\n\n\t\t\t\t\n\t\t\n\t\t\t\t\t\t\t\t\t\t\t\t<h4 class=\"fusion-rollover-title\">\n\t\t\t\t\t<a class=\"fusion-rollover-title-link\" href=\"https:\/\/www.vidasignificativa.org\/cat\/colaboracion-en-el-refugio-climatico-de-sant-pau\/\">\n\t\t\t\t\t\tColaboraci\u00f3n en el Refugio Clim\u00e1tico de Sant Pau\t\t\t\t\t<\/a>\n\t\t\t\t<\/h4>\n\t\t\t\n\t\t\t\t\t\t\t\t\n\t\t\n\t\t\t\t\t\t<a class=\"fusion-link-wrapper\" href=\"https:\/\/www.vidasignificativa.org\/cat\/colaboracion-en-el-refugio-climatico-de-sant-pau\/\" aria-label=\"Colaboraci\u00f3n en el Refugio Clim\u00e1tico de Sant Pau\"><\/a>\n\t<\/div>\n<\/div>\n<\/div>\n<\/li>\n\t\t\t\n\t\t\t\n\t\t\t\t\t\t\t\t\t\t\t\t\t\t\t\t\t\t\t\t\t\t\t\t\t\t\t\t\t\t\t\t\t\t\t\t\t\t\t\t\t\t\t\t\t\t\t\t\t\t\t\t\t\t\t\t\t\t\t\t\t\t\t\t\t\t\t\t<\/ul>\n\t<\/div>\n\t<div class=\"fusion-post-content-wrapper\" style=\"padding:30px 25px 20px 25px;\"><div class=\"fusion-post-content post-content\"><h2 class=\"blog-shortcode-post-title entry-title\"><a href=\"https:\/\/www.vidasignificativa.org\/cat\/colaboracion-en-el-refugio-climatico-de-sant-pau\/\">Colaboraci\u00f3n en el Refugio Clim\u00e1tico de Sant Pau<\/a><\/h2><\/div><\/div><div class=\"fusion-clearfix\"><\/div><\/div>\n<\/article>\n<article id=\"blog-1-post-7253\" class=\"fusion-post-grid post-7253 post type-post status-publish format-standard has-post-thumbnail hentry category-noticias tag-altruismo tag-solidaridad tag-voluntariado tag-vulnerabilidad\">\n<div class=\"fusion-post-wrapper\" style=\"background-color:rgba(255,255,255,0);border:1px solid #ebeaea;border-bottom-width:3px;\">\n\n\t\t\t<div class=\"fusion-flexslider flexslider fusion-flexslider-loading fusion-post-slideshow\" style=\"border-color:#ebeaea;\">\n\t\t<ul class=\"slides\">\n\t\t\t\n\t\t\t\t\t\t\t\t\t\t\t\t\t\t<li><div  class=\"fusion-image-wrapper\" aria-haspopup=\"true\">\n\t\t\t\t<img decoding=\"async\" width=\"1000\" height=\"750\" src=\"https:\/\/www.vidasignificativa.org\/wp-content\/uploads\/2025\/07\/Escola-Tecnos-donacio.jpg\" class=\"attachment-full size-full wp-post-image\" alt=\"\" srcset=\"https:\/\/www.vidasignificativa.org\/wp-content\/uploads\/2025\/07\/Escola-Tecnos-donacio-200x150.jpg 200w, https:\/\/www.vidasignificativa.org\/wp-content\/uploads\/2025\/07\/Escola-Tecnos-donacio-400x300.jpg 400w, https:\/\/www.vidasignificativa.org\/wp-content\/uploads\/2025\/07\/Escola-Tecnos-donacio-600x450.jpg 600w, https:\/\/www.vidasignificativa.org\/wp-content\/uploads\/2025\/07\/Escola-Tecnos-donacio-800x600.jpg 800w, https:\/\/www.vidasignificativa.org\/wp-content\/uploads\/2025\/07\/Escola-Tecnos-donacio.jpg 1000w\" sizes=\"(min-width: 2200px) 100vw, (min-width: 1120px) 263px, (min-width: 960px) 350px, (min-width: 800px) 525px, (min-width: 640px) 800px, \" \/><div class=\"fusion-rollover\">\n\t<div class=\"fusion-rollover-content\">\n\n\t\t\t\t\n\t\t\n\t\t\t\t\t\t\t\t\t\t\t\t<h4 class=\"fusion-rollover-title\">\n\t\t\t\t\t<a class=\"fusion-rollover-title-link\" href=\"https:\/\/www.vidasignificativa.org\/cat\/pequenos-corazones-que-entiendes-grandes-verdades\/\">\n\t\t\t\t\t\tPeque\u00f1os corazones que entiendes grandes verdades\t\t\t\t\t<\/a>\n\t\t\t\t<\/h4>\n\t\t\t\n\t\t\t\t\t\t\t\t\n\t\t\n\t\t\t\t\t\t<a class=\"fusion-link-wrapper\" href=\"https:\/\/www.vidasignificativa.org\/cat\/pequenos-corazones-que-entiendes-grandes-verdades\/\" aria-label=\"Peque\u00f1os corazones que entiendes grandes verdades\"><\/a>\n\t<\/div>\n<\/div>\n<\/div>\n<\/li>\n\t\t\t\n\t\t\t\n\t\t\t\t\t\t\t\t\t\t\t\t\t\t\t\t\t\t\t\t\t\t\t\t\t\t\t\t\t\t\t\t\t\t\t\t\t\t\t\t\t\t\t\t\t\t\t\t\t\t\t\t\t\t\t\t\t\t\t\t\t\t\t\t\t\t\t\t<\/ul>\n\t<\/div>\n\t<div class=\"fusion-post-content-wrapper\" style=\"padding:30px 25px 20px 25px;\"><div class=\"fusion-post-content post-content\"><h2 class=\"blog-shortcode-post-title entry-title\"><a href=\"https:\/\/www.vidasignificativa.org\/cat\/pequenos-corazones-que-entiendes-grandes-verdades\/\">Peque\u00f1os corazones que entiendes grandes verdades<\/a><\/h2><\/div><\/div><div class=\"fusion-clearfix\"><\/div><\/div>\n<\/article>\n<article id=\"blog-1-post-7136\" class=\"fusion-post-grid post-7136 post type-post status-publish format-standard has-post-thumbnail hentry category-noticias tag-altruismo tag-solidaridad tag-voluntariado tag-vulnerabilidad\">\n<div class=\"fusion-post-wrapper\" style=\"background-color:rgba(255,255,255,0);border:1px solid #ebeaea;border-bottom-width:3px;\">\n\n\t\t\t<div class=\"fusion-flexslider flexslider fusion-flexslider-loading fusion-post-slideshow\" style=\"border-color:#ebeaea;\">\n\t\t<ul class=\"slides\">\n\t\t\t\n\t\t\t\t\t\t\t\t\t\t\t\t\t\t<li><div  class=\"fusion-image-wrapper\" aria-haspopup=\"true\">\n\t\t\t\t<img decoding=\"async\" width=\"500\" height=\"625\" src=\"https:\/\/www.vidasignificativa.org\/wp-content\/uploads\/2025\/06\/El-dia-7-de-maig-hi-serem-fent-una-activitat-WEB.jpg\" class=\"attachment-full size-full wp-post-image\" alt=\"\" srcset=\"https:\/\/www.vidasignificativa.org\/wp-content\/uploads\/2025\/06\/El-dia-7-de-maig-hi-serem-fent-una-activitat-WEB-200x250.jpg 200w, https:\/\/www.vidasignificativa.org\/wp-content\/uploads\/2025\/06\/El-dia-7-de-maig-hi-serem-fent-una-activitat-WEB-400x500.jpg 400w, https:\/\/www.vidasignificativa.org\/wp-content\/uploads\/2025\/06\/El-dia-7-de-maig-hi-serem-fent-una-activitat-WEB.jpg 500w\" sizes=\"(min-width: 2200px) 100vw, (min-width: 1120px) 263px, (min-width: 960px) 350px, (min-width: 800px) 525px, (min-width: 640px) 800px, \" \/><div class=\"fusion-rollover\">\n\t<div class=\"fusion-rollover-content\">\n\n\t\t\t\t\n\t\t\n\t\t\t\t\t\t\t\t\t\t\t\t<h4 class=\"fusion-rollover-title\">\n\t\t\t\t\t<a class=\"fusion-rollover-title-link\" href=\"https:\/\/www.vidasignificativa.org\/cat\/celebramos-el-dia-mundial-de-tejer-en-publico\/\">\n\t\t\t\t\t\tCelebramos el D\u00eda Mundial de Tejer en P\u00fablico!\t\t\t\t\t<\/a>\n\t\t\t\t<\/h4>\n\t\t\t\n\t\t\t\t\t\t\t\t\n\t\t\n\t\t\t\t\t\t<a class=\"fusion-link-wrapper\" href=\"https:\/\/www.vidasignificativa.org\/cat\/celebramos-el-dia-mundial-de-tejer-en-publico\/\" aria-label=\"Celebramos el D\u00eda Mundial de Tejer en P\u00fablico!\"><\/a>\n\t<\/div>\n<\/div>\n<\/div>\n<\/li>\n\t\t\t\n\t\t\t\n\t\t\t\t\t\t\t\t\t\t\t\t\t\t\t\t\t\t\t\t\t\t\t\t\t\t\t\t\t\t\t\t\t\t\t\t\t\t\t\t\t\t\t\t\t\t\t\t\t\t\t\t\t\t\t\t\t\t\t\t\t\t\t\t\t\t\t\t<\/ul>\n\t<\/div>\n\t<div class=\"fusion-post-content-wrapper\" style=\"padding:30px 25px 20px 25px;\"><div class=\"fusion-post-content post-content\"><h2 class=\"blog-shortcode-post-title entry-title\"><a href=\"https:\/\/www.vidasignificativa.org\/cat\/celebramos-el-dia-mundial-de-tejer-en-publico\/\">Celebramos el D\u00eda Mundial de Tejer en P\u00fablico!<\/a><\/h2><\/div><\/div><div class=\"fusion-clearfix\"><\/div><\/div>\n<\/article>\n<article id=\"blog-1-post-7011\" class=\"fusion-post-grid post-7011 post type-post status-publish format-standard has-post-thumbnail hentry category-noticias tag-altruismo tag-solidaridad tag-voluntariado tag-vulnerabilidad\">\n<div class=\"fusion-post-wrapper\" style=\"background-color:rgba(255,255,255,0);border:1px solid #ebeaea;border-bottom-width:3px;\">\n\n\t\t\t<div class=\"fusion-flexslider flexslider fusion-flexslider-loading fusion-post-slideshow\" style=\"border-color:#ebeaea;\">\n\t\t<ul class=\"slides\">\n\t\t\t\n\t\t\t\t\t\t\t\t\t\t\t\t\t\t<li><div  class=\"fusion-image-wrapper\" aria-haspopup=\"true\">\n\t\t\t\t<img decoding=\"async\" width=\"500\" height=\"625\" src=\"https:\/\/www.vidasignificativa.org\/wp-content\/uploads\/2025\/05\/Asamblea-general-2025.jpg\" class=\"attachment-full size-full wp-post-image\" alt=\"\" srcset=\"https:\/\/www.vidasignificativa.org\/wp-content\/uploads\/2025\/05\/Asamblea-general-2025-200x250.jpg 200w, https:\/\/www.vidasignificativa.org\/wp-content\/uploads\/2025\/05\/Asamblea-general-2025-400x500.jpg 400w, https:\/\/www.vidasignificativa.org\/wp-content\/uploads\/2025\/05\/Asamblea-general-2025.jpg 500w\" sizes=\"(min-width: 2200px) 100vw, (min-width: 1120px) 263px, (min-width: 960px) 350px, (min-width: 800px) 525px, (min-width: 640px) 800px, \" \/><div class=\"fusion-rollover\">\n\t<div class=\"fusion-rollover-content\">\n\n\t\t\t\t\n\t\t\n\t\t\t\t\t\t\t\t\t\t\t\t<h4 class=\"fusion-rollover-title\">\n\t\t\t\t\t<a class=\"fusion-rollover-title-link\" href=\"https:\/\/www.vidasignificativa.org\/cat\/asamblea-general-2025\/\">\n\t\t\t\t\t\tAsamblea general 2025\t\t\t\t\t<\/a>\n\t\t\t\t<\/h4>\n\t\t\t\n\t\t\t\t\t\t\t\t\n\t\t\n\t\t\t\t\t\t<a class=\"fusion-link-wrapper\" href=\"https:\/\/www.vidasignificativa.org\/cat\/asamblea-general-2025\/\" aria-label=\"Asamblea general 2025\"><\/a>\n\t<\/div>\n<\/div>\n<\/div>\n<\/li>\n\t\t\t\n\t\t\t\n\t\t\t\t\t\t\t\t\t\t\t\t\t\t\t\t\t\t\t\t\t\t\t\t\t\t\t\t\t\t\t\t\t\t\t\t\t\t\t\t\t\t\t\t\t\t\t\t\t\t\t\t\t\t\t\t\t\t\t\t\t\t\t\t\t\t\t\t<\/ul>\n\t<\/div>\n\t<div class=\"fusion-post-content-wrapper\" style=\"padding:30px 25px 20px 25px;\"><div class=\"fusion-post-content post-content\"><h2 class=\"blog-shortcode-post-title entry-title\"><a href=\"https:\/\/www.vidasignificativa.org\/cat\/asamblea-general-2025\/\">Asamblea general 2025<\/a><\/h2><\/div><\/div><div class=\"fusion-clearfix\"><\/div><\/div>\n<\/article>\n<article id=\"blog-1-post-6935\" class=\"fusion-post-grid post-6935 post type-post status-publish format-standard has-post-thumbnail hentry category-noticias tag-altruismo tag-solidaridad tag-voluntariado tag-vulnerabilidad\">\n<div class=\"fusion-post-wrapper\" style=\"background-color:rgba(255,255,255,0);border:1px solid #ebeaea;border-bottom-width:3px;\">\n\n\t\t\t<div class=\"fusion-flexslider flexslider fusion-flexslider-loading fusion-post-slideshow\" style=\"border-color:#ebeaea;\">\n\t\t<ul class=\"slides\">\n\t\t\t\n\t\t\t\t\t\t\t\t\t\t\t\t\t\t<li><div  class=\"fusion-image-wrapper\" aria-haspopup=\"true\">\n\t\t\t\t<img decoding=\"async\" width=\"580\" height=\"725\" src=\"https:\/\/www.vidasignificativa.org\/wp-content\/uploads\/2025\/05\/Cooperacio-Horta-Sud.png\" class=\"attachment-full size-full wp-post-image\" alt=\"\" srcset=\"https:\/\/www.vidasignificativa.org\/wp-content\/uploads\/2025\/05\/Cooperacio-Horta-Sud-200x250.png 200w, https:\/\/www.vidasignificativa.org\/wp-content\/uploads\/2025\/05\/Cooperacio-Horta-Sud-400x500.png 400w, https:\/\/www.vidasignificativa.org\/wp-content\/uploads\/2025\/05\/Cooperacio-Horta-Sud.png 580w\" sizes=\"(min-width: 2200px) 100vw, (min-width: 1120px) 263px, (min-width: 960px) 350px, (min-width: 800px) 525px, (min-width: 640px) 800px, \" \/><div class=\"fusion-rollover\">\n\t<div class=\"fusion-rollover-content\">\n\n\t\t\t\t\n\t\t\n\t\t\t\t\t\t\t\t\t\t\t\t<h4 class=\"fusion-rollover-title\">\n\t\t\t\t\t<a class=\"fusion-rollover-title-link\" href=\"https:\/\/www.vidasignificativa.org\/cat\/3a-cooperacion-en-horta-sud\/\">\n\t\t\t\t\t\t3a Cooperaci\u00f3n en Horta Sud\t\t\t\t\t<\/a>\n\t\t\t\t<\/h4>\n\t\t\t\n\t\t\t\t\t\t\t\t\n\t\t\n\t\t\t\t\t\t<a class=\"fusion-link-wrapper\" href=\"https:\/\/www.vidasignificativa.org\/cat\/3a-cooperacion-en-horta-sud\/\" aria-label=\"3a Cooperaci\u00f3n en Horta Sud\"><\/a>\n\t<\/div>\n<\/div>\n<\/div>\n<\/li>\n\t\t\t\n\t\t\t\n\t\t\t\t\t\t\t\t\t\t\t\t\t\t\t\t\t\t\t\t\t\t\t\t\t\t\t\t\t\t\t\t\t\t\t\t\t\t\t\t\t\t\t\t\t\t\t\t\t\t\t\t\t\t\t\t\t\t\t\t\t\t\t\t\t\t\t\t<\/ul>\n\t<\/div>\n\t<div class=\"fusion-post-content-wrapper\" style=\"padding:30px 25px 20px 25px;\"><div class=\"fusion-post-content post-content\"><h2 class=\"blog-shortcode-post-title entry-title\"><a href=\"https:\/\/www.vidasignificativa.org\/cat\/3a-cooperacion-en-horta-sud\/\">3a Cooperaci\u00f3n en Horta Sud<\/a><\/h2><\/div><\/div><div class=\"fusion-clearfix\"><\/div><\/div>\n<\/article>\n<article id=\"blog-1-post-6378\" class=\"fusion-post-grid post-6378 post type-post status-publish format-standard has-post-thumbnail hentry category-noticias tag-altruismo tag-solidaridad tag-voluntariado tag-vulnerabilidad\">\n<div class=\"fusion-post-wrapper\" style=\"background-color:rgba(255,255,255,0);border:1px solid #ebeaea;border-bottom-width:3px;\">\n\n\t\t\t<div class=\"fusion-flexslider flexslider fusion-flexslider-loading fusion-post-slideshow\" style=\"border-color:#ebeaea;\">\n\t\t<ul class=\"slides\">\n\t\t\t\n\t\t\t\t\t\t\t\t\t\t\t\t\t\t<li><div  class=\"fusion-image-wrapper\" aria-haspopup=\"true\">\n\t\t\t\t<img decoding=\"async\" width=\"700\" height=\"700\" src=\"https:\/\/www.vidasignificativa.org\/wp-content\/uploads\/2025\/02\/Sede-Chile-web.jpg\" class=\"attachment-full size-full wp-post-image\" alt=\"\" srcset=\"https:\/\/www.vidasignificativa.org\/wp-content\/uploads\/2025\/02\/Sede-Chile-web-200x200.jpg 200w, https:\/\/www.vidasignificativa.org\/wp-content\/uploads\/2025\/02\/Sede-Chile-web-400x400.jpg 400w, https:\/\/www.vidasignificativa.org\/wp-content\/uploads\/2025\/02\/Sede-Chile-web-600x600.jpg 600w, https:\/\/www.vidasignificativa.org\/wp-content\/uploads\/2025\/02\/Sede-Chile-web.jpg 700w\" sizes=\"(min-width: 2200px) 100vw, (min-width: 1120px) 263px, (min-width: 960px) 350px, (min-width: 800px) 525px, (min-width: 640px) 800px, \" \/><div class=\"fusion-rollover\">\n\t<div class=\"fusion-rollover-content\">\n\n\t\t\t\t\n\t\t\n\t\t\t\t\t\t\t\t\t\t\t\t<h4 class=\"fusion-rollover-title\">\n\t\t\t\t\t<a class=\"fusion-rollover-title-link\" href=\"https:\/\/www.vidasignificativa.org\/cat\/delegacion-territorial-en-graneros-chile\/\">\n\t\t\t\t\t\tDelegaci\u00f3 territorial a Xile!\t\t\t\t\t<\/a>\n\t\t\t\t<\/h4>\n\t\t\t\n\t\t\t\t\t\t\t\t\n\t\t\n\t\t\t\t\t\t<a class=\"fusion-link-wrapper\" href=\"https:\/\/www.vidasignificativa.org\/cat\/delegacion-territorial-en-graneros-chile\/\" aria-label=\"Delegaci\u00f3 territorial a Xile!\"><\/a>\n\t<\/div>\n<\/div>\n<\/div>\n<\/li>\n\t\t\t\n\t\t\t\n\t\t\t\t\t\t\t\t\t\t\t\t\t\t\t\t\t\t\t\t\t\t\t\t\t\t\t\t\t\t\t\t\t\t\t\t\t\t\t\t\t\t\t\t\t\t\t\t\t\t\t\t\t\t\t\t\t\t\t\t\t\t\t\t\t\t\t\t<\/ul>\n\t<\/div>\n\t<div class=\"fusion-post-content-wrapper\" style=\"padding:30px 25px 20px 25px;\"><div class=\"fusion-post-content post-content\"><h2 class=\"blog-shortcode-post-title entry-title\"><a href=\"https:\/\/www.vidasignificativa.org\/cat\/delegacion-territorial-en-graneros-chile\/\">Delegaci\u00f3 territorial a Xile!<\/a><\/h2><\/div><\/div><div class=\"fusion-clearfix\"><\/div><\/div>\n<\/article>\n<article id=\"blog-1-post-6363\" class=\"fusion-post-grid post-6363 post type-post status-publish format-standard has-post-thumbnail hentry category-noticias tag-altruismo tag-solidaridad tag-voluntariado tag-vulnerabilidad\">\n<div class=\"fusion-post-wrapper\" style=\"background-color:rgba(255,255,255,0);border:1px solid #ebeaea;border-bottom-width:3px;\">\n\n\t\t\t<div class=\"fusion-flexslider flexslider fusion-flexslider-loading fusion-post-slideshow\" style=\"border-color:#ebeaea;\">\n\t\t<ul class=\"slides\">\n\t\t\t\n\t\t\t\t\t\t\t\t\t\t\t\t\t\t<li><div  class=\"fusion-image-wrapper\" aria-haspopup=\"true\">\n\t\t\t\t<img decoding=\"async\" width=\"550\" height=\"687\" src=\"https:\/\/www.vidasignificativa.org\/wp-content\/uploads\/2025\/02\/Campanya-afectats-DANA-marc.jpg\" class=\"attachment-full size-full wp-post-image\" alt=\"\" srcset=\"https:\/\/www.vidasignificativa.org\/wp-content\/uploads\/2025\/02\/Campanya-afectats-DANA-marc-200x250.jpg 200w, https:\/\/www.vidasignificativa.org\/wp-content\/uploads\/2025\/02\/Campanya-afectats-DANA-marc-400x500.jpg 400w, https:\/\/www.vidasignificativa.org\/wp-content\/uploads\/2025\/02\/Campanya-afectats-DANA-marc.jpg 550w\" sizes=\"(min-width: 2200px) 100vw, (min-width: 1120px) 263px, (min-width: 960px) 350px, (min-width: 800px) 525px, (min-width: 640px) 800px, \" \/><div class=\"fusion-rollover\">\n\t<div class=\"fusion-rollover-content\">\n\n\t\t\t\t\n\t\t\n\t\t\t\t\t\t\t\t\t\t\t\t<h4 class=\"fusion-rollover-title\">\n\t\t\t\t\t<a class=\"fusion-rollover-title-link\" href=\"https:\/\/www.vidasignificativa.org\/cat\/afectados-por-la-dana\/\">\n\t\t\t\t\t\tAfectats per la Dana\t\t\t\t\t<\/a>\n\t\t\t\t<\/h4>\n\t\t\t\n\t\t\t\t\t\t\t\t\n\t\t\n\t\t\t\t\t\t<a class=\"fusion-link-wrapper\" href=\"https:\/\/www.vidasignificativa.org\/cat\/afectados-por-la-dana\/\" aria-label=\"Afectats per la Dana\"><\/a>\n\t<\/div>\n<\/div>\n<\/div>\n<\/li>\n\t\t\t\n\t\t\t\n\t\t\t\t\t\t\t\t\t\t\t\t\t\t\t\t\t\t\t\t\t\t\t\t\t\t\t\t\t\t\t\t\t\t\t\t\t\t\t\t\t\t\t\t\t\t\t\t\t\t\t\t\t\t\t\t\t\t\t\t\t\t\t\t\t\t\t\t<\/ul>\n\t<\/div>\n\t<div class=\"fusion-post-content-wrapper\" style=\"padding:30px 25px 20px 25px;\"><div class=\"fusion-post-content post-content\"><h2 class=\"blog-shortcode-post-title entry-title\"><a href=\"https:\/\/www.vidasignificativa.org\/cat\/afectados-por-la-dana\/\">Afectats per la Dana<\/a><\/h2><\/div><\/div><div class=\"fusion-clearfix\"><\/div><\/div>\n<\/article>\n<article id=\"blog-1-post-6367\" class=\"fusion-post-grid post-6367 post type-post status-publish format-standard has-post-thumbnail hentry category-noticias tag-altruismo tag-solidaridad tag-voluntariado tag-vulnerabilidad\">\n<div class=\"fusion-post-wrapper\" style=\"background-color:rgba(255,255,255,0);border:1px solid #ebeaea;border-bottom-width:3px;\">\n\n\t\t\t<div class=\"fusion-flexslider flexslider fusion-flexslider-loading fusion-post-slideshow\" style=\"border-color:#ebeaea;\">\n\t\t<ul class=\"slides\">\n\t\t\t\n\t\t\t\t\t\t\t\t\t\t\t\t\t\t<li><div  class=\"fusion-image-wrapper\" aria-haspopup=\"true\">\n\t\t\t\t<img decoding=\"async\" width=\"550\" height=\"687\" src=\"https:\/\/www.vidasignificativa.org\/wp-content\/uploads\/2025\/02\/Material-Educativo-Honduras-Febrero-2025.jpg\" class=\"attachment-full size-full wp-post-image\" alt=\"\" srcset=\"https:\/\/www.vidasignificativa.org\/wp-content\/uploads\/2025\/02\/Material-Educativo-Honduras-Febrero-2025-200x250.jpg 200w, https:\/\/www.vidasignificativa.org\/wp-content\/uploads\/2025\/02\/Material-Educativo-Honduras-Febrero-2025-400x500.jpg 400w, https:\/\/www.vidasignificativa.org\/wp-content\/uploads\/2025\/02\/Material-Educativo-Honduras-Febrero-2025.jpg 550w\" sizes=\"(min-width: 2200px) 100vw, (min-width: 1120px) 263px, (min-width: 960px) 350px, (min-width: 800px) 525px, (min-width: 640px) 800px, \" \/><div class=\"fusion-rollover\">\n\t<div class=\"fusion-rollover-content\">\n\n\t\t\t\t\n\t\t\n\t\t\t\t\t\t\t\t\t\t\t\t<h4 class=\"fusion-rollover-title\">\n\t\t\t\t\t<a class=\"fusion-rollover-title-link\" href=\"https:\/\/www.vidasignificativa.org\/cat\/material-educativo-honduras\/\">\n\t\t\t\t\t\tMaterial educatiu Hondures\t\t\t\t\t<\/a>\n\t\t\t\t<\/h4>\n\t\t\t\n\t\t\t\t\t\t\t\t\n\t\t\n\t\t\t\t\t\t<a class=\"fusion-link-wrapper\" href=\"https:\/\/www.vidasignificativa.org\/cat\/material-educativo-honduras\/\" aria-label=\"Material educatiu Hondures\"><\/a>\n\t<\/div>\n<\/div>\n<\/div>\n<\/li>\n\t\t\t\n\t\t\t\n\t\t\t\t\t\t\t\t\t\t\t\t\t\t\t\t\t\t\t\t\t\t\t\t\t\t\t\t\t\t\t\t\t\t\t\t\t\t\t\t\t\t\t\t\t\t\t\t\t\t\t\t\t\t\t\t\t\t\t\t\t\t\t\t\t\t\t\t<\/ul>\n\t<\/div>\n\t<div class=\"fusion-post-content-wrapper\" style=\"padding:30px 25px 20px 25px;\"><div class=\"fusion-post-content post-content\"><h2 class=\"blog-shortcode-post-title entry-title\"><a href=\"https:\/\/www.vidasignificativa.org\/cat\/material-educativo-honduras\/\">Material educatiu Hondures<\/a><\/h2><\/div><\/div><div class=\"fusion-clearfix\"><\/div><\/div>\n<\/article>\n<article id=\"blog-1-post-5940\" class=\"fusion-post-grid post-5940 post type-post status-publish format-standard has-post-thumbnail hentry category-noticias tag-altruismo tag-solidaridad tag-voluntariado tag-vulnerabilidad\">\n<div class=\"fusion-post-wrapper\" style=\"background-color:rgba(255,255,255,0);border:1px solid #ebeaea;border-bottom-width:3px;\">\n\n\t\t\t<div class=\"fusion-flexslider flexslider fusion-flexslider-loading fusion-post-slideshow\" style=\"border-color:#ebeaea;\">\n\t\t<ul class=\"slides\">\n\t\t\t\n\t\t\t\t\t\t\t\t\t\t\t\t\t\t<li><div  class=\"fusion-image-wrapper\" aria-haspopup=\"true\">\n\t\t\t\t<img decoding=\"async\" width=\"1080\" height=\"1647\" src=\"https:\/\/www.vidasignificativa.org\/wp-content\/uploads\/2024\/12\/WhatsApp-Image-2024-12-06-at-22.02.33.jpeg\" class=\"attachment-full size-full wp-post-image\" alt=\"\" srcset=\"https:\/\/www.vidasignificativa.org\/wp-content\/uploads\/2024\/12\/WhatsApp-Image-2024-12-06-at-22.02.33-200x305.jpeg 200w, https:\/\/www.vidasignificativa.org\/wp-content\/uploads\/2024\/12\/WhatsApp-Image-2024-12-06-at-22.02.33-400x610.jpeg 400w, https:\/\/www.vidasignificativa.org\/wp-content\/uploads\/2024\/12\/WhatsApp-Image-2024-12-06-at-22.02.33-600x915.jpeg 600w, https:\/\/www.vidasignificativa.org\/wp-content\/uploads\/2024\/12\/WhatsApp-Image-2024-12-06-at-22.02.33-800x1220.jpeg 800w, https:\/\/www.vidasignificativa.org\/wp-content\/uploads\/2024\/12\/WhatsApp-Image-2024-12-06-at-22.02.33.jpeg 1080w\" sizes=\"(min-width: 2200px) 100vw, (min-width: 1120px) 263px, (min-width: 960px) 350px, (min-width: 800px) 525px, (min-width: 640px) 800px, \" \/><div class=\"fusion-rollover\">\n\t<div class=\"fusion-rollover-content\">\n\n\t\t\t\t\n\t\t\n\t\t\t\t\t\t\t\t\t\t\t\t<h4 class=\"fusion-rollover-title\">\n\t\t\t\t\t<a class=\"fusion-rollover-title-link\" href=\"https:\/\/www.vidasignificativa.org\/cat\/campana-navidad-2024\/\">\n\t\t\t\t\t\tCampanya Nadal 2024\t\t\t\t\t<\/a>\n\t\t\t\t<\/h4>\n\t\t\t\n\t\t\t\t\t\t\t\t\n\t\t\n\t\t\t\t\t\t<a class=\"fusion-link-wrapper\" href=\"https:\/\/www.vidasignificativa.org\/cat\/campana-navidad-2024\/\" aria-label=\"Campanya Nadal 2024\"><\/a>\n\t<\/div>\n<\/div>\n<\/div>\n<\/li>\n\t\t\t\n\t\t\t\n\t\t\t\t\t\t\t\t\t\t\t\t\t\t\t\t\t\t\t\t\t\t\t\t\t\t\t\t\t\t\t\t\t\t\t\t\t\t\t\t\t\t\t\t\t\t\t\t\t\t\t\t\t\t\t\t\t\t\t\t\t\t\t\t\t\t\t\t<\/ul>\n\t<\/div>\n\t<div class=\"fusion-post-content-wrapper\" style=\"padding:30px 25px 20px 25px;\"><div class=\"fusion-post-content post-content\"><h2 class=\"blog-shortcode-post-title entry-title\"><a href=\"https:\/\/www.vidasignificativa.org\/cat\/campana-navidad-2024\/\">Campanya Nadal 2024<\/a><\/h2><\/div><\/div><div class=\"fusion-clearfix\"><\/div><\/div>\n<\/article>\n<article id=\"blog-1-post-5762\" class=\"fusion-post-grid post-5762 post type-post status-publish format-standard has-post-thumbnail hentry category-noticias tag-altruismo tag-solidaridad tag-voluntariado tag-vulnerabilidad\">\n<div class=\"fusion-post-wrapper\" style=\"background-color:rgba(255,255,255,0);border:1px solid #ebeaea;border-bottom-width:3px;\">\n\n\t\t\t<div class=\"fusion-flexslider flexslider fusion-flexslider-loading fusion-post-slideshow\" style=\"border-color:#ebeaea;\">\n\t\t<ul class=\"slides\">\n\t\t\t\n\t\t\t\t\t\t\t\t\t\t\t\t\t\t<li><div  class=\"fusion-image-wrapper\" aria-haspopup=\"true\">\n\t\t\t\t<img decoding=\"async\" width=\"580\" height=\"580\" src=\"https:\/\/www.vidasignificativa.org\/wp-content\/uploads\/2024\/11\/Abriga-Valencia-Castellano-petita.jpg\" class=\"attachment-full size-full wp-post-image\" alt=\"\" srcset=\"https:\/\/www.vidasignificativa.org\/wp-content\/uploads\/2024\/11\/Abriga-Valencia-Castellano-petita-200x200.jpg 200w, https:\/\/www.vidasignificativa.org\/wp-content\/uploads\/2024\/11\/Abriga-Valencia-Castellano-petita-400x400.jpg 400w, https:\/\/www.vidasignificativa.org\/wp-content\/uploads\/2024\/11\/Abriga-Valencia-Castellano-petita.jpg 580w\" sizes=\"(min-width: 2200px) 100vw, (min-width: 1120px) 263px, (min-width: 960px) 350px, (min-width: 800px) 525px, (min-width: 640px) 800px, \" \/><div class=\"fusion-rollover\">\n\t<div class=\"fusion-rollover-content\">\n\n\t\t\t\t\n\t\t\n\t\t\t\t\t\t\t\t\t\t\t\t<h4 class=\"fusion-rollover-title\">\n\t\t\t\t\t<a class=\"fusion-rollover-title-link\" href=\"https:\/\/www.vidasignificativa.org\/cat\/abriga-valencia\/\">\n\t\t\t\t\t\tAbriga Val\u00e8ncia!\t\t\t\t\t<\/a>\n\t\t\t\t<\/h4>\n\t\t\t\n\t\t\t\t\t\t\t\t\n\t\t\n\t\t\t\t\t\t<a class=\"fusion-link-wrapper\" href=\"https:\/\/www.vidasignificativa.org\/cat\/abriga-valencia\/\" aria-label=\"Abriga Val\u00e8ncia!\"><\/a>\n\t<\/div>\n<\/div>\n<\/div>\n<\/li>\n\t\t\t\n\t\t\t\n\t\t\t\t\t\t\t\t\t\t\t\t\t\t\t\t\t\t\t\t\t\t\t\t\t\t\t\t\t\t\t\t\t\t\t\t\t\t\t\t\t\t\t\t\t\t\t\t\t\t\t\t\t\t\t\t\t\t\t\t\t\t\t\t\t\t\t\t<\/ul>\n\t<\/div>\n\t<div class=\"fusion-post-content-wrapper\" style=\"padding:30px 25px 20px 25px;\"><div class=\"fusion-post-content post-content\"><h2 class=\"blog-shortcode-post-title entry-title\"><a href=\"https:\/\/www.vidasignificativa.org\/cat\/abriga-valencia\/\">Abriga Val\u00e8ncia!<\/a><\/h2><\/div><\/div><div class=\"fusion-clearfix\"><\/div><\/div>\n<\/article>\n<article id=\"blog-1-post-5670\" class=\"fusion-post-grid post-5670 post type-post status-publish format-standard has-post-thumbnail hentry category-noticias tag-altruismo tag-solidaridad tag-voluntariado tag-vulnerabilidad\">\n<div class=\"fusion-post-wrapper\" style=\"background-color:rgba(255,255,255,0);border:1px solid #ebeaea;border-bottom-width:3px;\">\n\n\t\t\t<div class=\"fusion-flexslider flexslider fusion-flexslider-loading fusion-post-slideshow\" style=\"border-color:#ebeaea;\">\n\t\t<ul class=\"slides\">\n\t\t\t\n\t\t\t\t\t\t\t\t\t\t\t\t\t\t<li><div  class=\"fusion-image-wrapper\" aria-haspopup=\"true\">\n\t\t\t\t<img decoding=\"async\" width=\"500\" height=\"500\" src=\"https:\/\/www.vidasignificativa.org\/wp-content\/uploads\/2024\/09\/URGENT-campanya-Ucraina-2-oct-petita.jpg\" class=\"attachment-full size-full wp-post-image\" alt=\"\" srcset=\"https:\/\/www.vidasignificativa.org\/wp-content\/uploads\/2024\/09\/URGENT-campanya-Ucraina-2-oct-petita-200x200.jpg 200w, https:\/\/www.vidasignificativa.org\/wp-content\/uploads\/2024\/09\/URGENT-campanya-Ucraina-2-oct-petita-400x400.jpg 400w, https:\/\/www.vidasignificativa.org\/wp-content\/uploads\/2024\/09\/URGENT-campanya-Ucraina-2-oct-petita.jpg 500w\" sizes=\"(min-width: 2200px) 100vw, (min-width: 1120px) 263px, (min-width: 960px) 350px, (min-width: 800px) 525px, (min-width: 640px) 800px, \" \/><div class=\"fusion-rollover\">\n\t<div class=\"fusion-rollover-content\">\n\n\t\t\t\t\n\t\t\n\t\t\t\t\t\t\t\t\t\t\t\t<h4 class=\"fusion-rollover-title\">\n\t\t\t\t\t<a class=\"fusion-rollover-title-link\" href=\"https:\/\/www.vidasignificativa.org\/cat\/material-hospitalario-para-ucrania\/\">\n\t\t\t\t\t\tMaterial hospitalari per a Ucra\u00efna\t\t\t\t\t<\/a>\n\t\t\t\t<\/h4>\n\t\t\t\n\t\t\t\t\t\t\t\t\n\t\t\n\t\t\t\t\t\t<a class=\"fusion-link-wrapper\" href=\"https:\/\/www.vidasignificativa.org\/cat\/material-hospitalario-para-ucrania\/\" aria-label=\"Material hospitalari per a Ucra\u00efna\"><\/a>\n\t<\/div>\n<\/div>\n<\/div>\n<\/li>\n\t\t\t\n\t\t\t\n\t\t\t\t\t\t\t\t\t\t\t\t\t\t\t\t\t\t\t\t\t\t\t\t\t\t\t\t\t\t\t\t\t\t\t\t\t\t\t\t\t\t\t\t\t\t\t\t\t\t\t\t\t\t\t\t\t\t\t\t\t\t\t\t\t\t\t\t<\/ul>\n\t<\/div>\n\t<div class=\"fusion-post-content-wrapper\" style=\"padding:30px 25px 20px 25px;\"><div class=\"fusion-post-content post-content\"><h2 class=\"blog-shortcode-post-title entry-title\"><a href=\"https:\/\/www.vidasignificativa.org\/cat\/material-hospitalario-para-ucrania\/\">Material hospitalari per a Ucra\u00efna<\/a><\/h2><\/div><\/div><div class=\"fusion-clearfix\"><\/div><\/div>\n<\/article>\n<article id=\"blog-1-post-5654\" class=\"fusion-post-grid post-5654 post type-post status-publish format-standard has-post-thumbnail hentry category-noticias tag-altruismo tag-solidaridad tag-voluntariado tag-vulnerabilidad\">\n<div class=\"fusion-post-wrapper\" style=\"background-color:rgba(255,255,255,0);border:1px solid #ebeaea;border-bottom-width:3px;\">\n\n\t\t\t<div class=\"fusion-flexslider flexslider fusion-flexslider-loading fusion-post-slideshow\" style=\"border-color:#ebeaea;\">\n\t\t<ul class=\"slides\">\n\t\t\t\n\t\t\t\t\t\t\t\t\t\t\t\t\t\t<li><div  class=\"fusion-image-wrapper\" aria-haspopup=\"true\">\n\t\t\t\t<img decoding=\"async\" width=\"1078\" height=\"1225\" src=\"https:\/\/www.vidasignificativa.org\/wp-content\/uploads\/2024\/09\/Invitacio-Documental-Del-Otro-Lado-Colloqui-e1726220970572.png\" class=\"attachment-full size-full wp-post-image\" alt=\"\" srcset=\"https:\/\/www.vidasignificativa.org\/wp-content\/uploads\/2024\/09\/Invitacio-Documental-Del-Otro-Lado-Colloqui-e1726220970572-200x227.png 200w, https:\/\/www.vidasignificativa.org\/wp-content\/uploads\/2024\/09\/Invitacio-Documental-Del-Otro-Lado-Colloqui-e1726220970572-400x455.png 400w, https:\/\/www.vidasignificativa.org\/wp-content\/uploads\/2024\/09\/Invitacio-Documental-Del-Otro-Lado-Colloqui-e1726220970572-600x682.png 600w, https:\/\/www.vidasignificativa.org\/wp-content\/uploads\/2024\/09\/Invitacio-Documental-Del-Otro-Lado-Colloqui-e1726220970572-800x909.png 800w, https:\/\/www.vidasignificativa.org\/wp-content\/uploads\/2024\/09\/Invitacio-Documental-Del-Otro-Lado-Colloqui-e1726220970572.png 1078w\" sizes=\"(min-width: 2200px) 100vw, (min-width: 1120px) 263px, (min-width: 960px) 350px, (min-width: 800px) 525px, (min-width: 640px) 800px, \" \/><div class=\"fusion-rollover\">\n\t<div class=\"fusion-rollover-content\">\n\n\t\t\t\t\n\t\t\n\t\t\t\t\t\t\t\t\t\t\t\t<h4 class=\"fusion-rollover-title\">\n\t\t\t\t\t<a class=\"fusion-rollover-title-link\" href=\"https:\/\/www.vidasignificativa.org\/cat\/coloquio-documental-del-otro-lado\/\">\n\t\t\t\t\t\tCol\u00b7loqui documental \"Del otro lado\"\t\t\t\t\t<\/a>\n\t\t\t\t<\/h4>\n\t\t\t\n\t\t\t\t\t\t\t\t\n\t\t\n\t\t\t\t\t\t<a class=\"fusion-link-wrapper\" href=\"https:\/\/www.vidasignificativa.org\/cat\/coloquio-documental-del-otro-lado\/\" aria-label=\"Col\u00b7loqui documental &quot;Del otro lado&quot;\"><\/a>\n\t<\/div>\n<\/div>\n<\/div>\n<\/li>\n\t\t\t\n\t\t\t\n\t\t\t\t\t\t\t\t\t\t\t\t\t\t\t\t\t\t\t\t\t\t\t\t\t\t\t\t\t\t\t\t\t\t\t\t\t\t\t\t\t\t\t\t\t\t\t\t\t\t\t\t\t\t\t\t\t\t\t\t\t\t\t\t\t\t\t\t<\/ul>\n\t<\/div>\n\t<div class=\"fusion-post-content-wrapper\" style=\"padding:30px 25px 20px 25px;\"><div class=\"fusion-post-content post-content\"><h2 class=\"blog-shortcode-post-title entry-title\"><a href=\"https:\/\/www.vidasignificativa.org\/cat\/coloquio-documental-del-otro-lado\/\">Col\u00b7loqui documental \"Del otro lado\"<\/a><\/h2><\/div><\/div><div class=\"fusion-clearfix\"><\/div><\/div>\n<\/article>\n<article id=\"blog-1-post-5607\" class=\"fusion-post-grid post-5607 post type-post status-publish format-standard has-post-thumbnail hentry category-noticias tag-altruismo tag-solidaridad tag-voluntariado tag-vulnerabilidad\">\n<div class=\"fusion-post-wrapper\" style=\"background-color:rgba(255,255,255,0);border:1px solid #ebeaea;border-bottom-width:3px;\">\n\n\t\t\t<div class=\"fusion-flexslider flexslider fusion-flexslider-loading fusion-post-slideshow\" style=\"border-color:#ebeaea;\">\n\t\t<ul class=\"slides\">\n\t\t\t\n\t\t\t\t\t\t\t\t\t\t\t\t\t\t<li><div  class=\"fusion-image-wrapper\" aria-haspopup=\"true\">\n\t\t\t\t<img decoding=\"async\" width=\"500\" height=\"500\" src=\"https:\/\/www.vidasignificativa.org\/wp-content\/uploads\/2024\/08\/3CAP-St.-Esteve-de-Palautordera-Recepta-Salut.jpg\" class=\"attachment-full size-full wp-post-image\" alt=\"\" srcset=\"https:\/\/www.vidasignificativa.org\/wp-content\/uploads\/2024\/08\/3CAP-St.-Esteve-de-Palautordera-Recepta-Salut-200x200.jpg 200w, https:\/\/www.vidasignificativa.org\/wp-content\/uploads\/2024\/08\/3CAP-St.-Esteve-de-Palautordera-Recepta-Salut-400x400.jpg 400w, https:\/\/www.vidasignificativa.org\/wp-content\/uploads\/2024\/08\/3CAP-St.-Esteve-de-Palautordera-Recepta-Salut.jpg 500w\" sizes=\"(min-width: 2200px) 100vw, (min-width: 1120px) 263px, (min-width: 960px) 350px, (min-width: 800px) 525px, (min-width: 640px) 800px, \" \/><div class=\"fusion-rollover\">\n\t<div class=\"fusion-rollover-content\">\n\n\t\t\t\t\n\t\t\n\t\t\t\t\t\t\t\t\t\t\t\t<h4 class=\"fusion-rollover-title\">\n\t\t\t\t\t<a class=\"fusion-rollover-title-link\" href=\"https:\/\/www.vidasignificativa.org\/cat\/somos-receta-de-salud\/\">\n\t\t\t\t\t\tSom \"Recepta de salut\"\t\t\t\t\t<\/a>\n\t\t\t\t<\/h4>\n\t\t\t\n\t\t\t\t\t\t\t\t\n\t\t\n\t\t\t\t\t\t<a class=\"fusion-link-wrapper\" href=\"https:\/\/www.vidasignificativa.org\/cat\/somos-receta-de-salud\/\" aria-label=\"Som &quot;Recepta de salut&quot;\"><\/a>\n\t<\/div>\n<\/div>\n<\/div>\n<\/li>\n\t\t\t\n\t\t\t\n\t\t\t\t\t\t\t\t\t\t\t\t\t\t\t\t\t\t\t\t\t\t\t\t\t\t\t\t\t\t\t\t\t\t\t\t\t\t\t\t\t\t\t\t\t\t\t\t\t\t\t\t\t\t\t\t\t\t\t\t\t\t\t\t\t\t\t\t<\/ul>\n\t<\/div>\n\t<div class=\"fusion-post-content-wrapper\" style=\"padding:30px 25px 20px 25px;\"><div class=\"fusion-post-content post-content\"><h2 class=\"blog-shortcode-post-title entry-title\"><a href=\"https:\/\/www.vidasignificativa.org\/cat\/somos-receta-de-salud\/\">Som \"Recepta de salut\"<\/a><\/h2><\/div><\/div><div class=\"fusion-clearfix\"><\/div><\/div>\n<\/article>\n<article id=\"blog-1-post-5546\" class=\"fusion-post-grid post-5546 post type-post status-publish format-standard has-post-thumbnail hentry category-noticias tag-altruismo tag-solidaridad tag-voluntariado tag-vulnerabilidad\">\n<div class=\"fusion-post-wrapper\" style=\"background-color:rgba(255,255,255,0);border:1px solid #ebeaea;border-bottom-width:3px;\">\n\n\t\t\t<div class=\"fusion-flexslider flexslider fusion-flexslider-loading fusion-post-slideshow\" style=\"border-color:#ebeaea;\">\n\t\t<ul class=\"slides\">\n\t\t\t\n\t\t\t\t\t\t\t\t\t\t\t\t\t\t<li><div  class=\"fusion-image-wrapper\" aria-haspopup=\"true\">\n\t\t\t\t<img decoding=\"async\" width=\"600\" height=\"600\" src=\"https:\/\/www.vidasignificativa.org\/wp-content\/uploads\/2024\/07\/19.800-comidas-petita.jpg\" class=\"attachment-full size-full wp-post-image\" alt=\"\" srcset=\"https:\/\/www.vidasignificativa.org\/wp-content\/uploads\/2024\/07\/19.800-comidas-petita-200x200.jpg 200w, https:\/\/www.vidasignificativa.org\/wp-content\/uploads\/2024\/07\/19.800-comidas-petita-400x400.jpg 400w, https:\/\/www.vidasignificativa.org\/wp-content\/uploads\/2024\/07\/19.800-comidas-petita.jpg 600w\" sizes=\"(min-width: 2200px) 100vw, (min-width: 1120px) 263px, (min-width: 960px) 350px, (min-width: 800px) 525px, (min-width: 640px) 800px, \" \/><div class=\"fusion-rollover\">\n\t<div class=\"fusion-rollover-content\">\n\n\t\t\t\t\n\t\t\n\t\t\t\t\t\t\t\t\t\t\t\t<h4 class=\"fusion-rollover-title\">\n\t\t\t\t\t<a class=\"fusion-rollover-title-link\" href=\"https:\/\/www.vidasignificativa.org\/cat\/19-800-comidas-entregadas\/\">\n\t\t\t\t\t\t19.800 \u00c0pats lliurats!\t\t\t\t\t<\/a>\n\t\t\t\t<\/h4>\n\t\t\t\n\t\t\t\t\t\t\t\t\n\t\t\n\t\t\t\t\t\t<a class=\"fusion-link-wrapper\" href=\"https:\/\/www.vidasignificativa.org\/cat\/19-800-comidas-entregadas\/\" aria-label=\"19.800 \u00c0pats lliurats!\"><\/a>\n\t<\/div>\n<\/div>\n<\/div>\n<\/li>\n\t\t\t\n\t\t\t\n\t\t\t\t\t\t\t\t\t\t\t\t\t\t\t\t\t\t\t\t\t\t\t\t\t\t\t\t\t\t\t\t\t\t\t\t\t\t\t\t\t\t\t\t\t\t\t\t\t\t\t\t\t\t\t\t\t\t\t\t\t\t\t\t\t\t\t\t<\/ul>\n\t<\/div>\n\t<div class=\"fusion-post-content-wrapper\" style=\"padding:30px 25px 20px 25px;\"><div class=\"fusion-post-content post-content\"><h2 class=\"blog-shortcode-post-title entry-title\"><a href=\"https:\/\/www.vidasignificativa.org\/cat\/19-800-comidas-entregadas\/\">19.800 \u00c0pats lliurats!<\/a><\/h2><\/div><\/div><div class=\"fusion-clearfix\"><\/div><\/div>\n<\/article>\n<article id=\"blog-1-post-5555\" class=\"fusion-post-grid post-5555 post type-post status-publish format-standard has-post-thumbnail hentry category-noticias tag-altruismo tag-solidaridad tag-voluntariado tag-vulnerabilidad\">\n<div class=\"fusion-post-wrapper\" style=\"background-color:rgba(255,255,255,0);border:1px solid #ebeaea;border-bottom-width:3px;\">\n\n\t\t\t<div class=\"fusion-flexslider flexslider fusion-flexslider-loading fusion-post-slideshow\" style=\"border-color:#ebeaea;\">\n\t\t<ul class=\"slides\">\n\t\t\t\n\t\t\t\t\t\t\t\t\t\t\t\t\t\t<li><div  class=\"fusion-image-wrapper\" aria-haspopup=\"true\">\n\t\t\t\t<img decoding=\"async\" width=\"717\" height=\"889\" src=\"https:\/\/www.vidasignificativa.org\/wp-content\/uploads\/2024\/07\/Carles-Campuzano-i-Vida-Significativa.jpg\" class=\"attachment-full size-full wp-post-image\" alt=\"\" srcset=\"https:\/\/www.vidasignificativa.org\/wp-content\/uploads\/2024\/07\/Carles-Campuzano-i-Vida-Significativa-200x248.jpg 200w, https:\/\/www.vidasignificativa.org\/wp-content\/uploads\/2024\/07\/Carles-Campuzano-i-Vida-Significativa-400x496.jpg 400w, https:\/\/www.vidasignificativa.org\/wp-content\/uploads\/2024\/07\/Carles-Campuzano-i-Vida-Significativa-600x744.jpg 600w, https:\/\/www.vidasignificativa.org\/wp-content\/uploads\/2024\/07\/Carles-Campuzano-i-Vida-Significativa.jpg 717w\" sizes=\"(min-width: 2200px) 100vw, (min-width: 1120px) 263px, (min-width: 960px) 350px, (min-width: 800px) 525px, (min-width: 640px) 800px, \" \/><div class=\"fusion-rollover\">\n\t<div class=\"fusion-rollover-content\">\n\n\t\t\t\t\n\t\t\n\t\t\t\t\t\t\t\t\t\t\t\t<h4 class=\"fusion-rollover-title\">\n\t\t\t\t\t<a class=\"fusion-rollover-title-link\" href=\"https:\/\/www.vidasignificativa.org\/cat\/participacion-en-fira-gran-de-lhospitalet\/\">\n\t\t\t\t\t\tParticipaci\u00f3 a Fira Gran de L'Hospitalet\t\t\t\t\t<\/a>\n\t\t\t\t<\/h4>\n\t\t\t\n\t\t\t\t\t\t\t\t\n\t\t\n\t\t\t\t\t\t<a class=\"fusion-link-wrapper\" href=\"https:\/\/www.vidasignificativa.org\/cat\/participacion-en-fira-gran-de-lhospitalet\/\" aria-label=\"Participaci\u00f3n en Fira Gran de L&#8217;Hospitalet\"><\/a>\n\t<\/div>\n<\/div>\n<\/div>\n<\/li>\n\t\t\t\n\t\t\t\n\t\t\t\t\t\t\t\t\t\t\t\t\t\t\t\t\t\t\t\t\t\t\t\t\t\t\t\t\t\t\t\t\t\t\t\t\t\t\t\t\t\t\t\t\t\t\t\t\t\t\t\t\t\t\t\t\t\t\t\t\t\t\t\t\t\t\t\t<\/ul>\n\t<\/div>\n\t<div class=\"fusion-post-content-wrapper\" style=\"padding:30px 25px 20px 25px;\"><div class=\"fusion-post-content post-content\"><h2 class=\"blog-shortcode-post-title entry-title\"><a href=\"https:\/\/www.vidasignificativa.org\/cat\/participacion-en-fira-gran-de-lhospitalet\/\">Participaci\u00f3 a Fira Gran de L'Hospitalet<\/a><\/h2><\/div><\/div><div class=\"fusion-clearfix\"><\/div><\/div>\n<\/article>\n<article id=\"blog-1-post-5551\" class=\"fusion-post-grid post-5551 post type-post status-publish format-standard has-post-thumbnail hentry category-noticias tag-altruismo tag-solidaridad tag-voluntariado tag-vulnerabilidad\">\n<div class=\"fusion-post-wrapper\" style=\"background-color:rgba(255,255,255,0);border:1px solid #ebeaea;border-bottom-width:3px;\">\n\n\t\t\t<div class=\"fusion-flexslider flexslider fusion-flexslider-loading fusion-post-slideshow\" style=\"border-color:#ebeaea;\">\n\t\t<ul class=\"slides\">\n\t\t\t\n\t\t\t\t\t\t\t\t\t\t\t\t\t\t<li><div  class=\"fusion-image-wrapper\" aria-haspopup=\"true\">\n\t\t\t\t<img decoding=\"async\" width=\"600\" height=\"621\" src=\"https:\/\/www.vidasignificativa.org\/wp-content\/uploads\/2024\/07\/Premi-Fundacio-La-Caixa-petita.jpg\" class=\"attachment-full size-full wp-post-image\" alt=\"\" srcset=\"https:\/\/www.vidasignificativa.org\/wp-content\/uploads\/2024\/07\/Premi-Fundacio-La-Caixa-petita-200x207.jpg 200w, https:\/\/www.vidasignificativa.org\/wp-content\/uploads\/2024\/07\/Premi-Fundacio-La-Caixa-petita-400x414.jpg 400w, https:\/\/www.vidasignificativa.org\/wp-content\/uploads\/2024\/07\/Premi-Fundacio-La-Caixa-petita.jpg 600w\" sizes=\"(min-width: 2200px) 100vw, (min-width: 1120px) 263px, (min-width: 960px) 350px, (min-width: 800px) 525px, (min-width: 640px) 800px, \" \/><div class=\"fusion-rollover\">\n\t<div class=\"fusion-rollover-content\">\n\n\t\t\t\t\n\t\t\n\t\t\t\t\t\t\t\t\t\t\t\t<h4 class=\"fusion-rollover-title\">\n\t\t\t\t\t<a class=\"fusion-rollover-title-link\" href=\"https:\/\/www.vidasignificativa.org\/cat\/momentos-que-marcan\/\">\n\t\t\t\t\t\tMoments que marquen\t\t\t\t\t<\/a>\n\t\t\t\t<\/h4>\n\t\t\t\n\t\t\t\t\t\t\t\t\n\t\t\n\t\t\t\t\t\t<a class=\"fusion-link-wrapper\" href=\"https:\/\/www.vidasignificativa.org\/cat\/momentos-que-marcan\/\" aria-label=\"Moments que marquen\"><\/a>\n\t<\/div>\n<\/div>\n<\/div>\n<\/li>\n\t\t\t\n\t\t\t\n\t\t\t\t\t\t\t\t\t\t\t\t\t\t\t\t\t\t\t\t\t\t\t\t\t\t\t\t\t\t\t\t\t\t\t\t\t\t\t\t\t\t\t\t\t\t\t\t\t\t\t\t\t\t\t\t\t\t\t\t\t\t\t\t\t\t\t\t<\/ul>\n\t<\/div>\n\t<div class=\"fusion-post-content-wrapper\" style=\"padding:30px 25px 20px 25px;\"><div class=\"fusion-post-content post-content\"><h2 class=\"blog-shortcode-post-title entry-title\"><a href=\"https:\/\/www.vidasignificativa.org\/cat\/momentos-que-marcan\/\">Moments que marquen<\/a><\/h2><\/div><\/div><div class=\"fusion-clearfix\"><\/div><\/div>\n<\/article>\n<article id=\"blog-1-post-5564\" class=\"fusion-post-grid post-5564 post type-post status-publish format-standard has-post-thumbnail hentry category-noticias tag-altruismo tag-solidaridad tag-voluntariado tag-vulnerabilidad\">\n<div class=\"fusion-post-wrapper\" style=\"background-color:rgba(255,255,255,0);border:1px solid #ebeaea;border-bottom-width:3px;\">\n\n\t\t\t<div class=\"fusion-flexslider flexslider fusion-flexslider-loading fusion-post-slideshow\" style=\"border-color:#ebeaea;\">\n\t\t<ul class=\"slides\">\n\t\t\t\n\t\t\t\t\t\t\t\t\t\t\t\t\t\t<li><div  class=\"fusion-image-wrapper\" aria-haspopup=\"true\">\n\t\t\t\t<img decoding=\"async\" width=\"1080\" height=\"1080\" src=\"https:\/\/www.vidasignificativa.org\/wp-content\/uploads\/2024\/03\/4a-Ed.-Escritores-Solidarios.jpg\" class=\"attachment-full size-full wp-post-image\" alt=\"\" srcset=\"https:\/\/www.vidasignificativa.org\/wp-content\/uploads\/2024\/03\/4a-Ed.-Escritores-Solidarios-200x200.jpg 200w, https:\/\/www.vidasignificativa.org\/wp-content\/uploads\/2024\/03\/4a-Ed.-Escritores-Solidarios-400x400.jpg 400w, https:\/\/www.vidasignificativa.org\/wp-content\/uploads\/2024\/03\/4a-Ed.-Escritores-Solidarios-600x600.jpg 600w, https:\/\/www.vidasignificativa.org\/wp-content\/uploads\/2024\/03\/4a-Ed.-Escritores-Solidarios-800x800.jpg 800w, https:\/\/www.vidasignificativa.org\/wp-content\/uploads\/2024\/03\/4a-Ed.-Escritores-Solidarios.jpg 1080w\" sizes=\"(min-width: 2200px) 100vw, (min-width: 1120px) 263px, (min-width: 960px) 350px, (min-width: 800px) 525px, (min-width: 640px) 800px, \" \/><div class=\"fusion-rollover\">\n\t<div class=\"fusion-rollover-content\">\n\n\t\t\t\t\n\t\t\n\t\t\t\t\t\t\t\t\t\t\t\t<h4 class=\"fusion-rollover-title\">\n\t\t\t\t\t<a class=\"fusion-rollover-title-link\" href=\"https:\/\/www.vidasignificativa.org\/cat\/4a-edicion-de-escritores-solidarios\/\">\n\t\t\t\t\t\t4a Edici\u00f3 d'Escriptors Solidaris\t\t\t\t\t<\/a>\n\t\t\t\t<\/h4>\n\t\t\t\n\t\t\t\t\t\t\t\t\n\t\t\n\t\t\t\t\t\t<a class=\"fusion-link-wrapper\" href=\"https:\/\/www.vidasignificativa.org\/cat\/4a-edicion-de-escritores-solidarios\/\" aria-label=\"4a Edici\u00f3 d&#039;Escriptors Solidaris\"><\/a>\n\t<\/div>\n<\/div>\n<\/div>\n<\/li>\n\t\t\t\n\t\t\t\n\t\t\t\t\t\t\t\t\t\t\t\t\t\t\t\t\t\t\t\t\t\t\t\t\t\t\t\t\t\t\t\t\t\t\t\t\t\t\t\t\t\t\t\t\t\t\t\t\t\t\t\t\t\t\t\t\t\t\t\t\t\t\t\t\t\t\t\t<\/ul>\n\t<\/div>\n\t<div class=\"fusion-post-content-wrapper\" style=\"padding:30px 25px 20px 25px;\"><div class=\"fusion-post-content post-content\"><h2 class=\"blog-shortcode-post-title entry-title\"><a href=\"https:\/\/www.vidasignificativa.org\/cat\/4a-edicion-de-escritores-solidarios\/\">4a Edici\u00f3 d'Escriptors Solidaris<\/a><\/h2><\/div><\/div><div class=\"fusion-clearfix\"><\/div><\/div>\n<\/article>\n<article id=\"blog-1-post-5257\" class=\"fusion-post-grid post-5257 post type-post status-publish format-standard has-post-thumbnail hentry category-noticias tag-altruismo tag-solidaridad tag-voluntariado tag-vulnerabilidad\">\n<div class=\"fusion-post-wrapper\" style=\"background-color:rgba(255,255,255,0);border:1px solid #ebeaea;border-bottom-width:3px;\">\n\n\t\t\t<div class=\"fusion-flexslider flexslider fusion-flexslider-loading fusion-post-slideshow\" style=\"border-color:#ebeaea;\">\n\t\t<ul class=\"slides\">\n\t\t\t\n\t\t\t\t\t\t\t\t\t\t\t\t\t\t<li><div  class=\"fusion-image-wrapper\" aria-haspopup=\"true\">\n\t\t\t\t<img decoding=\"async\" width=\"500\" height=\"500\" src=\"https:\/\/www.vidasignificativa.org\/wp-content\/uploads\/2024\/02\/Entidad-Publica-Blog-petita.jpg\" class=\"attachment-full size-full wp-post-image\" alt=\"\" srcset=\"https:\/\/www.vidasignificativa.org\/wp-content\/uploads\/2024\/02\/Entidad-Publica-Blog-petita-200x200.jpg 200w, https:\/\/www.vidasignificativa.org\/wp-content\/uploads\/2024\/02\/Entidad-Publica-Blog-petita-400x400.jpg 400w, https:\/\/www.vidasignificativa.org\/wp-content\/uploads\/2024\/02\/Entidad-Publica-Blog-petita.jpg 500w\" sizes=\"(min-width: 2200px) 100vw, (min-width: 1120px) 263px, (min-width: 960px) 350px, (min-width: 800px) 525px, (min-width: 640px) 800px, \" \/><div class=\"fusion-rollover\">\n\t<div class=\"fusion-rollover-content\">\n\n\t\t\t\t\n\t\t\n\t\t\t\t\t\t\t\t\t\t\t\t<h4 class=\"fusion-rollover-title\">\n\t\t\t\t\t<a class=\"fusion-rollover-title-link\" href=\"https:\/\/www.vidasignificativa.org\/cat\/entidad-de-utilidad-publica\/\">\n\t\t\t\t\t\tEntitat d'Utilitat P\u00fablica!\t\t\t\t\t<\/a>\n\t\t\t\t<\/h4>\n\t\t\t\n\t\t\t\t\t\t\t\t\n\t\t\n\t\t\t\t\t\t<a class=\"fusion-link-wrapper\" href=\"https:\/\/www.vidasignificativa.org\/cat\/entidad-de-utilidad-publica\/\" aria-label=\"Entitat d&#039;Utilitat P\u00fablica!\"><\/a>\n\t<\/div>\n<\/div>\n<\/div>\n<\/li>\n\t\t\t\n\t\t\t\n\t\t\t\t\t\t\t\t\t\t\t\t\t\t\t\t\t\t\t\t\t\t\t\t\t\t\t\t\t\t\t\t\t\t\t\t\t\t\t\t\t\t\t\t\t\t\t\t\t\t\t\t\t\t\t\t\t\t\t\t\t\t\t\t\t\t\t\t<\/ul>\n\t<\/div>\n\t<div class=\"fusion-post-content-wrapper\" style=\"padding:30px 25px 20px 25px;\"><div class=\"fusion-post-content post-content\"><h2 class=\"blog-shortcode-post-title entry-title\"><a href=\"https:\/\/www.vidasignificativa.org\/cat\/entidad-de-utilidad-publica\/\">Entitat d'Utilitat P\u00fablica!<\/a><\/h2><\/div><\/div><div class=\"fusion-clearfix\"><\/div><\/div>\n<\/article>\n<article id=\"blog-1-post-5122\" class=\"fusion-post-grid post-5122 post type-post status-publish format-standard has-post-thumbnail hentry category-noticias tag-altruismo tag-solidaridad tag-voluntariado tag-vulnerabilidad\">\n<div class=\"fusion-post-wrapper\" style=\"background-color:rgba(255,255,255,0);border:1px solid #ebeaea;border-bottom-width:3px;\">\n\n\t\t\t<div class=\"fusion-flexslider flexslider fusion-flexslider-loading fusion-post-slideshow\" style=\"border-color:#ebeaea;\">\n\t\t<ul class=\"slides\">\n\t\t\t\n\t\t\t\t\t\t\t\t\t\t\t\t\t\t<li><div  class=\"fusion-image-wrapper\" aria-haspopup=\"true\">\n\t\t\t\t<img decoding=\"async\" width=\"850\" height=\"1201\" src=\"https:\/\/www.vidasignificativa.org\/wp-content\/uploads\/2023\/11\/Simfonia-de-Joguines-aliments-i-somriures-campanya-de-Nadal-Vida-Significativa-petita.jpg\" class=\"attachment-full size-full wp-post-image\" alt=\"\" srcset=\"https:\/\/www.vidasignificativa.org\/wp-content\/uploads\/2023\/11\/Simfonia-de-Joguines-aliments-i-somriures-campanya-de-Nadal-Vida-Significativa-petita-200x283.jpg 200w, https:\/\/www.vidasignificativa.org\/wp-content\/uploads\/2023\/11\/Simfonia-de-Joguines-aliments-i-somriures-campanya-de-Nadal-Vida-Significativa-petita-400x565.jpg 400w, https:\/\/www.vidasignificativa.org\/wp-content\/uploads\/2023\/11\/Simfonia-de-Joguines-aliments-i-somriures-campanya-de-Nadal-Vida-Significativa-petita-600x848.jpg 600w, https:\/\/www.vidasignificativa.org\/wp-content\/uploads\/2023\/11\/Simfonia-de-Joguines-aliments-i-somriures-campanya-de-Nadal-Vida-Significativa-petita-800x1130.jpg 800w, https:\/\/www.vidasignificativa.org\/wp-content\/uploads\/2023\/11\/Simfonia-de-Joguines-aliments-i-somriures-campanya-de-Nadal-Vida-Significativa-petita.jpg 850w\" sizes=\"(min-width: 2200px) 100vw, (min-width: 1120px) 263px, (min-width: 960px) 350px, (min-width: 800px) 525px, (min-width: 640px) 800px, \" \/><div class=\"fusion-rollover\">\n\t<div class=\"fusion-rollover-content\">\n\n\t\t\t\t\n\t\t\n\t\t\t\t\t\t\t\t\t\t\t\t<h4 class=\"fusion-rollover-title\">\n\t\t\t\t\t<a class=\"fusion-rollover-title-link\" href=\"https:\/\/www.vidasignificativa.org\/cat\/empieza-nuestra-campana-de-navidad\/\">\n\t\t\t\t\t\tComen\u00e7a la campanya nadalenca\t\t\t\t\t<\/a>\n\t\t\t\t<\/h4>\n\t\t\t\n\t\t\t\t\t\t\t\t\n\t\t\n\t\t\t\t\t\t<a class=\"fusion-link-wrapper\" href=\"https:\/\/www.vidasignificativa.org\/cat\/empieza-nuestra-campana-de-navidad\/\" aria-label=\"Comen\u00e7a la campanya nadalenca\"><\/a>\n\t<\/div>\n<\/div>\n<\/div>\n<\/li>\n\t\t\t\n\t\t\t\n\t\t\t\t\t\t\t\t\t\t\t\t\t\t\t\t\t\t\t\t\t\t\t\t\t\t\t\t\t\t\t\t\t\t\t\t\t\t\t\t\t\t\t\t\t\t\t\t\t\t\t\t\t\t\t\t\t\t\t\t\t\t\t\t\t\t\t\t<\/ul>\n\t<\/div>\n\t<div class=\"fusion-post-content-wrapper\" style=\"padding:30px 25px 20px 25px;\"><div class=\"fusion-post-content post-content\"><h2 class=\"blog-shortcode-post-title entry-title\"><a href=\"https:\/\/www.vidasignificativa.org\/cat\/empieza-nuestra-campana-de-navidad\/\">Comen\u00e7a la campanya nadalenca<\/a><\/h2><\/div><\/div><div class=\"fusion-clearfix\"><\/div><\/div>\n<\/article>\n<div class=\"fusion-clearfix\"><\/div><\/div><div class=\"pagination clearfix\"><span class=\"current\">1<\/span><a href=\"https:\/\/www.vidasignificativa.org\/cat\/wp-json\/wp\/v2\/pages\/758\/page\/2\/\" class=\"inactive\">2<\/a><a class=\"pagination-next\" rel=\"next\" href=\"https:\/\/www.vidasignificativa.org\/cat\/wp-json\/wp\/v2\/pages\/758\/page\/2\/\"><span class=\"page-text\">Seg\u00fcent<\/span><span class=\"page-next\"><\/span><\/a><\/div><div class=\"fusion-clearfix\"><\/div><\/div><div class=\"fusion-clearfix\"><\/div><\/div><\/div><\/div><\/div>","protected":false},"excerpt":{"rendered":"","protected":false},"author":1,"featured_media":0,"parent":0,"menu_order":15,"comment_status":"closed","ping_status":"closed","template":"100-width.php","meta":{"give_campaign_id":0,"footnotes":""},"yoast_head":"<!-- This site is optimized with the Yoast SEO plugin v24.0 - https:\/\/yoast.com\/wordpress\/plugins\/seo\/ -->\n<title>Blog \u00daltimas not\u00edcias y experiencias - Vida Significativa<\/title>\n<meta name=\"description\" content=\"\u00fcltimas not\u00edcias, campa\u00f1as y experiencias de voluntariado, programas y proyectos de Vida Significativa. \u00bfTe unes a nosotros? \u00bfQuieres tener una vida m\u00e1s significativa?\" \/>\n<meta name=\"robots\" content=\"index, follow, max-snippet:-1, max-image-preview:large, max-video-preview:-1\" \/>\n<link rel=\"canonical\" href=\"https:\/\/www.vidasignificativa.org\/cat\/blog\/\" \/>\n<meta property=\"og:locale\" content=\"ca_ES\" \/>\n<meta property=\"og:type\" content=\"article\" \/>\n<meta property=\"og:title\" content=\"Blog \u00daltimas not\u00edcias y experiencias - Vida Significativa\" \/>\n<meta property=\"og:description\" content=\"\u00fcltimas not\u00edcias, campa\u00f1as y experiencias de voluntariado, programas y proyectos de Vida Significativa. \u00bfTe unes a nosotros? \u00bfQuieres tener una vida m\u00e1s significativa?\" \/>\n<meta property=\"og:url\" content=\"https:\/\/www.vidasignificativa.org\/cat\/blog\/\" \/>\n<meta property=\"og:site_name\" content=\"Vida Significativa\" \/>\n<meta property=\"article:modified_time\" content=\"2024-02-26T10:25:32+00:00\" \/>\n<meta name=\"twitter:card\" content=\"summary_large_image\" \/>\n<meta name=\"twitter:label1\" content=\"Temps estimat de lectura\" \/>\n\t<meta name=\"twitter:data1\" content=\"1 minut\" \/>\n<script type=\"application\/ld+json\" class=\"yoast-schema-graph\">{\"@context\":\"https:\/\/schema.org\",\"@graph\":[{\"@type\":\"WebPage\",\"@id\":\"https:\/\/www.vidasignificativa.org\/blog\/\",\"url\":\"https:\/\/www.vidasignificativa.org\/blog\/\",\"name\":\"Blog \u00daltimas not\u00edcias y experiencias - Vida Significativa\",\"isPartOf\":{\"@id\":\"https:\/\/www.vidasignificativa.org\/#website\"},\"datePublished\":\"2019-08-10T08:51:55+00:00\",\"dateModified\":\"2024-02-26T10:25:32+00:00\",\"description\":\"\u00fcltimas not\u00edcias, campa\u00f1as y experiencias de voluntariado, programas y proyectos de Vida Significativa. \u00bfTe unes a nosotros? \u00bfQuieres tener una vida m\u00e1s significativa?\",\"breadcrumb\":{\"@id\":\"https:\/\/www.vidasignificativa.org\/blog\/#breadcrumb\"},\"inLanguage\":\"ca\",\"potentialAction\":[{\"@type\":\"ReadAction\",\"target\":[\"https:\/\/www.vidasignificativa.org\/blog\/\"]}]},{\"@type\":\"BreadcrumbList\",\"@id\":\"https:\/\/www.vidasignificativa.org\/blog\/#breadcrumb\",\"itemListElement\":[{\"@type\":\"ListItem\",\"position\":1,\"name\":\"Portada\",\"item\":\"https:\/\/www.vidasignificativa.org\/\"},{\"@type\":\"ListItem\",\"position\":2,\"name\":\"Blog\"}]},{\"@type\":\"WebSite\",\"@id\":\"https:\/\/www.vidasignificativa.org\/#website\",\"url\":\"https:\/\/www.vidasignificativa.org\/\",\"name\":\"Vida Significativa\",\"description\":\"ONG\",\"publisher\":{\"@id\":\"https:\/\/www.vidasignificativa.org\/#organization\"},\"potentialAction\":[{\"@type\":\"SearchAction\",\"target\":{\"@type\":\"EntryPoint\",\"urlTemplate\":\"https:\/\/www.vidasignificativa.org\/?s={search_term_string}\"},\"query-input\":{\"@type\":\"PropertyValueSpecification\",\"valueRequired\":true,\"valueName\":\"search_term_string\"}}],\"inLanguage\":\"ca\"},{\"@type\":\"Organization\",\"@id\":\"https:\/\/www.vidasignificativa.org\/#organization\",\"name\":\"Vida Significativa\",\"url\":\"https:\/\/www.vidasignificativa.org\/\",\"logo\":{\"@type\":\"ImageObject\",\"inLanguage\":\"ca\",\"@id\":\"https:\/\/www.vidasignificativa.org\/#\/schema\/logo\/image\/\",\"url\":\"https:\/\/www.vidasignificativa.org\/wp-content\/uploads\/2024\/01\/vida-sginificativa-logo-700x700-1.jpg\",\"contentUrl\":\"https:\/\/www.vidasignificativa.org\/wp-content\/uploads\/2024\/01\/vida-sginificativa-logo-700x700-1.jpg\",\"width\":700,\"height\":700,\"caption\":\"Vida Significativa\"},\"image\":{\"@id\":\"https:\/\/www.vidasignificativa.org\/#\/schema\/logo\/image\/\"}}]}<\/script>\n<!-- \/ Yoast SEO plugin. -->","yoast_head_json":{"title":"Blog \u00daltimas not\u00edcias y experiencias - Vida Significativa","description":"\u00fcltimas not\u00edcias, campa\u00f1as y experiencias de voluntariado, programas y proyectos de Vida Significativa. \u00bfTe unes a nosotros? \u00bfQuieres tener una vida m\u00e1s significativa?","robots":{"index":"index","follow":"follow","max-snippet":"max-snippet:-1","max-image-preview":"max-image-preview:large","max-video-preview":"max-video-preview:-1"},"canonical":"https:\/\/www.vidasignificativa.org\/cat\/blog\/","og_locale":"ca_ES","og_type":"article","og_title":"Blog \u00daltimas not\u00edcias y experiencias - Vida Significativa","og_description":"\u00fcltimas not\u00edcias, campa\u00f1as y experiencias de voluntariado, programas y proyectos de Vida Significativa. \u00bfTe unes a nosotros? \u00bfQuieres tener una vida m\u00e1s significativa?","og_url":"https:\/\/www.vidasignificativa.org\/cat\/blog\/","og_site_name":"Vida Significativa","article_modified_time":"2024-02-26T10:25:32+00:00","twitter_card":"summary_large_image","twitter_misc":{"Temps estimat de lectura":"1 minut"},"schema":{"@context":"https:\/\/schema.org","@graph":[{"@type":"WebPage","@id":"https:\/\/www.vidasignificativa.org\/blog\/","url":"https:\/\/www.vidasignificativa.org\/blog\/","name":"Blog \u00daltimas not\u00edcias y experiencias - Vida Significativa","isPartOf":{"@id":"https:\/\/www.vidasignificativa.org\/#website"},"datePublished":"2019-08-10T08:51:55+00:00","dateModified":"2024-02-26T10:25:32+00:00","description":"\u00fcltimas not\u00edcias, campa\u00f1as y experiencias de voluntariado, programas y proyectos de Vida Significativa. \u00bfTe unes a nosotros? \u00bfQuieres tener una vida m\u00e1s significativa?","breadcrumb":{"@id":"https:\/\/www.vidasignificativa.org\/blog\/#breadcrumb"},"inLanguage":"ca","potentialAction":[{"@type":"ReadAction","target":["https:\/\/www.vidasignificativa.org\/blog\/"]}]},{"@type":"BreadcrumbList","@id":"https:\/\/www.vidasignificativa.org\/blog\/#breadcrumb","itemListElement":[{"@type":"ListItem","position":1,"name":"Portada","item":"https:\/\/www.vidasignificativa.org\/"},{"@type":"ListItem","position":2,"name":"Blog"}]},{"@type":"WebSite","@id":"https:\/\/www.vidasignificativa.org\/#website","url":"https:\/\/www.vidasignificativa.org\/","name":"Vida Significativa","description":"ONG","publisher":{"@id":"https:\/\/www.vidasignificativa.org\/#organization"},"potentialAction":[{"@type":"SearchAction","target":{"@type":"EntryPoint","urlTemplate":"https:\/\/www.vidasignificativa.org\/?s={search_term_string}"},"query-input":{"@type":"PropertyValueSpecification","valueRequired":true,"valueName":"search_term_string"}}],"inLanguage":"ca"},{"@type":"Organization","@id":"https:\/\/www.vidasignificativa.org\/#organization","name":"Vida Significativa","url":"https:\/\/www.vidasignificativa.org\/","logo":{"@type":"ImageObject","inLanguage":"ca","@id":"https:\/\/www.vidasignificativa.org\/#\/schema\/logo\/image\/","url":"https:\/\/www.vidasignificativa.org\/wp-content\/uploads\/2024\/01\/vida-sginificativa-logo-700x700-1.jpg","contentUrl":"https:\/\/www.vidasignificativa.org\/wp-content\/uploads\/2024\/01\/vida-sginificativa-logo-700x700-1.jpg","width":700,"height":700,"caption":"Vida Significativa"},"image":{"@id":"https:\/\/www.vidasignificativa.org\/#\/schema\/logo\/image\/"}}]}},"campaignId":"","_links":{"self":[{"href":"https:\/\/www.vidasignificativa.org\/cat\/wp-json\/wp\/v2\/pages\/758"}],"collection":[{"href":"https:\/\/www.vidasignificativa.org\/cat\/wp-json\/wp\/v2\/pages"}],"about":[{"href":"https:\/\/www.vidasignificativa.org\/cat\/wp-json\/wp\/v2\/types\/page"}],"author":[{"embeddable":true,"href":"https:\/\/www.vidasignificativa.org\/cat\/wp-json\/wp\/v2\/users\/1"}],"replies":[{"embeddable":true,"href":"https:\/\/www.vidasignificativa.org\/cat\/wp-json\/wp\/v2\/comments?post=758"}],"version-history":[{"count":1,"href":"https:\/\/www.vidasignificativa.org\/cat\/wp-json\/wp\/v2\/pages\/758\/revisions"}],"predecessor-version":[{"id":5262,"href":"https:\/\/www.vidasignificativa.org\/cat\/wp-json\/wp\/v2\/pages\/758\/revisions\/5262"}],"wp:attachment":[{"href":"https:\/\/www.vidasignificativa.org\/cat\/wp-json\/wp\/v2\/media?parent=758"}],"curies":[{"name":"wp","href":"https:\/\/api.w.org\/{rel}","templated":true}]}}