{"id":1070,"date":"2020-03-19T17:02:07","date_gmt":"2020-03-19T17:02:07","guid":{"rendered":"http:\/\/www.vidasignificativa.org\/?page_id=1070"},"modified":"2021-04-12T10:28:10","modified_gmt":"2021-04-12T09:28:10","slug":"politica-de-privacidad","status":"publish","type":"page","link":"https:\/\/www.vidasignificativa.org\/cat\/politica-de-privacidad\/","title":{"rendered":"POL\u00cdTICA DE PRIVACIDAD"},"content":{"rendered":"<div class=\"fusion-fullwidth fullwidth-box fusion-builder-row-1 hundred-percent-fullwidth non-hundred-percent-height-scrolling fusion-equal-height-columns\" style=\"--awb-background-position:left top;--awb-border-radius-top-left:0px;--awb-border-radius-top-right:0px;--awb-border-radius-bottom-right:0px;--awb-border-radius-bottom-left:0px;--awb-padding-top:30px;--awb-padding-right:10%;--awb-padding-bottom:30px;--awb-padding-left:10%;--awb-border-sizes-top:0px;--awb-border-sizes-bottom:0px;--awb-flex-wrap:wrap;\" ><div class=\"fusion-builder-row fusion-row\"><div class=\"fusion-layout-column fusion_builder_column fusion-builder-column-0 fusion_builder_column_1_1 1_1 fusion-one-full fusion-column-first fusion-column-last\" style=\"--awb-bg-size:cover;\"><div class=\"fusion-column-wrapper fusion-column-has-shadow fusion-flex-column-wrapper-legacy\"><div class=\"fusion-text fusion-text-1\"><h1 style=\"text-align: center;\">POL\u00cdTICA DE PRIVACIDAD<\/h1>\n<\/div><div class=\"fusion-text fusion-text-2\"><p>La asociaci\u00f3n \u201cVida Significativa\u201d con domicilio en C\/ Josep Irla n\u00ba 3 de El Masnou-08320 Barcelona, cumple con la normativa sobre Protecci\u00f3n de Datos de Car\u00e1cter Personal y pone en conocimiento de los usuarios del sitio web www.vidasignificativa.org (en adelante la web) su pol\u00edtica de Protecci\u00f3n de Datos de Car\u00e1cter Personal.<\/p>\n<p>De esta forma como usuario, podr\u00e1s determinar libre y voluntariamente si deseas facilitar los datos personales que se te puedan pedir, en relaci\u00f3n a una solicitud de suscripci\u00f3n, registro o cumplimentaci\u00f3n de formulario de datos online.<\/p>\n<p>La visita a la web, no implica que tengas que facilitar ninguna informaci\u00f3n sobre tus datos personales. En caso de ser as\u00ed, tus datos ser\u00e1n tratados de forma l\u00edcita con sujeci\u00f3n en todo momento a los principios y derechos recogidos en La Ley Org\u00e1nica de Protecci\u00f3n de Datos de 15\/1999 de 13 de diciembre y en su Reglamento de Desarrollo, aprobado por el Real Decreto 1720\/2007, de 21 de diciembre.<\/p>\n<p>La asociaci\u00f3n \u201cVida Significativa\u201d se reserva la facultad de modificar esta Pol\u00edtica de Privacidad para mantenerla adaptada a la legislaci\u00f3n vigente sobre Protecci\u00f3n de Datos.<\/p>\n<p><strong>DERECHO DE INFORMACI\u00d3N<\/strong><\/p>\n<p>De conformidad con lo dispuesto en la Ley Org\u00e1nica 15\/1999 de Protecci\u00f3n de Datos de Car\u00e1cter Personal (LOPD) y su normativa de desarrollo, la asociaci\u00f3n \u201cVida Significativa\u201d en cumplimiento de lo dispuesto en el art\u00edculo 5 y 6 de la LOPD, te informa como usuario de la web que los datos personales que facilites ser\u00e1n incorporados a una base de datos privada de la organizaci\u00f3n.<\/p>\n<p>T\u00fa como usuario, mediante la marcaci\u00f3n de la casilla correspondiente, aceptas expresamente y de forma libre e inequ\u00edvoca que tus datos personales sean tratados por la asociaci\u00f3n \u201cVida Significativa\u201d para realizar las siguientes finalidades:<\/p>\n<p>\u2022 Gestionar tu solicitud de inscripci\u00f3n y registro.<br \/>\n\u2022 Informarte sobre contenidos publicados, servicios y eventos de la organizaci\u00f3n.<br \/>\n\u2022 Enviarte boletines e informaci\u00f3n comercial sobre la asociaci\u00f3n \u201cVida Significativa\u201d y sus publicaciones.<\/p>\n<p>Correos comerciales:<br \/>\nTal como establece la LSSICE, est\u00e1 prohibido el SPAM y la asociaci\u00f3n \u201cVida Significativa\u201d no realiza estas pr\u00e1cticas, por lo tanto no env\u00eda correos comerciales por email que no hayan sido previamente autorizados por ti, usuario.<\/p>\n<p>Por ello a trav\u00e9s de los formularios tienes la posibilidad de ser informado y de otorgar tu consentimiento expreso para la recepci\u00f3n de la Newsletter.<\/p>\n<p><strong>MENORES DE EDAD<\/strong><\/p>\n<p>En cumplimiento del Real Decreto 1720\/2007 de 21 de diciembre, por el que se aprueba el Reglamento de desarrollo de la Ley Org\u00e1nica 15\/1999 de 13 de diciembre, de Protecci\u00f3n de Datos de Car\u00e1cter Personal, \u00fanicamente podr\u00e1n registrarse a trav\u00e9s de la web los mayores de 14 a\u00f1os, aquellos que sean menores de 14 a\u00f1os no podr\u00e1n hacerlo, deber\u00e1n realizarlo sus padres, tutores o representantes legales.<br \/>\nLa asociaci\u00f3n \u201cVida Significativa\u201d, comprobar\u00e1 la edad del menor y la autenticidad del consentimiento prestado en su caso, por los padres, tutores o representantes legales.<\/p>\n<p>Corresponde a la asociaci\u00f3n \u201cVida Significativa\u201d, articular los procedimientos que garanticen que se ha comprobado de modo efectivo la edad del menor, y la autenticidad del consentimiento prestado en su caso, por los padres, tutores o representantes legales. En este sentido, si un menor se registra en la web, se le solicitar\u00e1n los datos de identidad del padre o tutor, su direcci\u00f3n postal, as\u00ed como la direcci\u00f3n de correo electr\u00f3nico con la finalidad de recabar el consentimiento paterno, as\u00ed como una copia del DNI y\/o libro de familia, mediante la cual quede claramente determinada la filiaci\u00f3n.<\/p>\n<p><strong>DERECHOS ARCO<\/strong><\/p>\n<p>La asociaci\u00f3n \u201cVida Significativa\u201d te garantiza como usuario el ejercicio de los derechos de acceso, rectificaci\u00f3n, cancelaci\u00f3n y oposici\u00f3n, en los t\u00e9rminos dispuestos en la legislaci\u00f3n vigente. Por ello de conformidad con lo dispuesto en la Ley Org\u00e1nica 15\/1999, de Protecci\u00f3n de Datos de Car\u00e1cter Personal (LOPD) podr\u00e1s ejercer tus derechos remitiendo solicitud expresa, junto con una copia de tu DNI, a la siguiente direcci\u00f3n de correo electr\u00f3nico: info@vidasignificativa.org o bien por correo postal a C\/ Josep Irla n\u00ba 3 El Masnou, 08320 Barcelona.<\/p>\n<p><strong>SEGURIDAD DE LOS DATOS<\/strong><\/p>\n<p>La asociaci\u00f3n \u201cVida Significativa\u201d, ha adoptado todas las medidas t\u00e9cnicas y de organizaci\u00f3n necesaria, para garantizar la seguridad e integridad de los datos de car\u00e1cter personal que trate, as\u00ed como para evitar su p\u00e9rdida, alteraci\u00f3n y\/o acceso por parte de terceros no autorizados.<\/p>\n<p><strong>CONSENTIMIENTO INFORMADO<\/strong><\/p>\n<p>En consecuencia, como usuario declaras haber sido informado de las condiciones sobre Protecci\u00f3n de Datos de Car\u00e1cter Personal y aceptas y consientes de forma inequ\u00edvoca el tratamiento de los mismos por parte de la asociaci\u00f3n \u201cVida Significativa\u201d en la forma y para las finalidades espec\u00edficamente determinadas en la presente Pol\u00edtica de Privacidad.<\/p>\n<p><strong>PRINCIPIO DE CALIDAD DE LOS DATOS<\/strong><\/p>\n<p>Los datos de car\u00e1cter personal que proporciones como usuario ser\u00e1n exactos y puestos al d\u00eda de forma que sean veraces y correspondan a tu situaci\u00f3n actual.<br \/>\nLa asociaci\u00f3n \u201cVida Significativa\u201d cancelar\u00e1 los datos personales recogidos cuando dejen de ser necesarios o pertinentes para la finalidad para la que hubieran sido recabados o registrados. La cancelaci\u00f3n dar\u00e1 lugar al bloqueo de los datos, conserv\u00e1ndose \u00fanicamente a disposici\u00f3n de las Administraciones p\u00fablicas, Jueces y Tribunales, para la atenci\u00f3n de las posibles responsabilidades nacidas del tratamiento. Cumplido el plazo legal de conservaci\u00f3n, se proceder\u00e1 a la supresi\u00f3n de sus datos personales.<\/p>\n<p><strong>MODIFICACI\u00d3N DE LA POL\u00cdTICA DE PRIVACIDAD<\/strong><\/p>\n<p>Es probable que nuestra Pol\u00edtica de Privacidad cambie debido a las actualizaciones legislativas, por eso recomendamos que consultes<br \/>\nperi\u00f3dicamente los cambios que puedan ir produci\u00e9ndose.<\/p>\n<\/div><div class=\"fusion-clearfix\"><\/div><\/div><\/div><\/div><\/div>","protected":false},"excerpt":{"rendered":"","protected":false},"author":1,"featured_media":0,"parent":0,"menu_order":100,"comment_status":"closed","ping_status":"closed","template":"100-width.php","meta":{"give_campaign_id":0,"footnotes":""},"yoast_head":"<!-- This site is optimized with the Yoast SEO plugin v24.0 - https:\/\/yoast.com\/wordpress\/plugins\/seo\/ -->\n<title>POL\u00cdTICA DE PRIVACIDAD - Vida Significativa<\/title>\n<meta name=\"robots\" content=\"noindex, nofollow\" \/>\n<meta property=\"og:locale\" content=\"ca_ES\" \/>\n<meta property=\"og:type\" content=\"article\" \/>\n<meta property=\"og:title\" content=\"POL\u00cdTICA DE PRIVACIDAD - Vida Significativa\" \/>\n<meta property=\"og:url\" content=\"https:\/\/www.vidasignificativa.org\/cat\/politica-de-privacidad\/\" \/>\n<meta property=\"og:site_name\" content=\"Vida Significativa\" \/>\n<meta property=\"article:modified_time\" content=\"2021-04-12T09:28:10+00:00\" \/>\n<meta name=\"twitter:card\" content=\"summary_large_image\" \/>\n<meta name=\"twitter:label1\" content=\"Temps estimat de lectura\" \/>\n\t<meta name=\"twitter:data1\" content=\"7 minuts\" \/>\n<script type=\"application\/ld+json\" class=\"yoast-schema-graph\">{\"@context\":\"https:\/\/schema.org\",\"@graph\":[{\"@type\":\"WebPage\",\"@id\":\"https:\/\/www.vidasignificativa.org\/cat\/politica-de-privacidad\/\",\"url\":\"https:\/\/www.vidasignificativa.org\/cat\/politica-de-privacidad\/\",\"name\":\"POL\u00cdTICA DE PRIVACIDAD - Vida Significativa\",\"isPartOf\":{\"@id\":\"https:\/\/www.vidasignificativa.org\/#website\"},\"datePublished\":\"2020-03-19T17:02:07+00:00\",\"dateModified\":\"2021-04-12T09:28:10+00:00\",\"breadcrumb\":{\"@id\":\"https:\/\/www.vidasignificativa.org\/cat\/politica-de-privacidad\/#breadcrumb\"},\"inLanguage\":\"ca\",\"potentialAction\":[{\"@type\":\"ReadAction\",\"target\":[\"https:\/\/www.vidasignificativa.org\/cat\/politica-de-privacidad\/\"]}]},{\"@type\":\"BreadcrumbList\",\"@id\":\"https:\/\/www.vidasignificativa.org\/cat\/politica-de-privacidad\/#breadcrumb\",\"itemListElement\":[{\"@type\":\"ListItem\",\"position\":1,\"name\":\"Portada\",\"item\":\"https:\/\/www.vidasignificativa.org\/\"},{\"@type\":\"ListItem\",\"position\":2,\"name\":\"POL\u00cdTICA DE PRIVACIDAD\"}]},{\"@type\":\"WebSite\",\"@id\":\"https:\/\/www.vidasignificativa.org\/#website\",\"url\":\"https:\/\/www.vidasignificativa.org\/\",\"name\":\"Vida Significativa\",\"description\":\"ONG\",\"publisher\":{\"@id\":\"https:\/\/www.vidasignificativa.org\/#organization\"},\"potentialAction\":[{\"@type\":\"SearchAction\",\"target\":{\"@type\":\"EntryPoint\",\"urlTemplate\":\"https:\/\/www.vidasignificativa.org\/?s={search_term_string}\"},\"query-input\":{\"@type\":\"PropertyValueSpecification\",\"valueRequired\":true,\"valueName\":\"search_term_string\"}}],\"inLanguage\":\"ca\"},{\"@type\":\"Organization\",\"@id\":\"https:\/\/www.vidasignificativa.org\/#organization\",\"name\":\"Vida Significativa\",\"url\":\"https:\/\/www.vidasignificativa.org\/\",\"logo\":{\"@type\":\"ImageObject\",\"inLanguage\":\"ca\",\"@id\":\"https:\/\/www.vidasignificativa.org\/#\/schema\/logo\/image\/\",\"url\":\"https:\/\/www.vidasignificativa.org\/wp-content\/uploads\/2024\/01\/vida-sginificativa-logo-700x700-1.jpg\",\"contentUrl\":\"https:\/\/www.vidasignificativa.org\/wp-content\/uploads\/2024\/01\/vida-sginificativa-logo-700x700-1.jpg\",\"width\":700,\"height\":700,\"caption\":\"Vida Significativa\"},\"image\":{\"@id\":\"https:\/\/www.vidasignificativa.org\/#\/schema\/logo\/image\/\"}}]}<\/script>\n<!-- \/ Yoast SEO plugin. -->","yoast_head_json":{"title":"POL\u00cdTICA DE PRIVACIDAD - Vida Significativa","robots":{"index":"noindex","follow":"nofollow"},"og_locale":"ca_ES","og_type":"article","og_title":"POL\u00cdTICA DE PRIVACIDAD - Vida Significativa","og_url":"https:\/\/www.vidasignificativa.org\/cat\/politica-de-privacidad\/","og_site_name":"Vida Significativa","article_modified_time":"2021-04-12T09:28:10+00:00","twitter_card":"summary_large_image","twitter_misc":{"Temps estimat de lectura":"7 minuts"},"schema":{"@context":"https:\/\/schema.org","@graph":[{"@type":"WebPage","@id":"https:\/\/www.vidasignificativa.org\/cat\/politica-de-privacidad\/","url":"https:\/\/www.vidasignificativa.org\/cat\/politica-de-privacidad\/","name":"POL\u00cdTICA DE PRIVACIDAD - Vida Significativa","isPartOf":{"@id":"https:\/\/www.vidasignificativa.org\/#website"},"datePublished":"2020-03-19T17:02:07+00:00","dateModified":"2021-04-12T09:28:10+00:00","breadcrumb":{"@id":"https:\/\/www.vidasignificativa.org\/cat\/politica-de-privacidad\/#breadcrumb"},"inLanguage":"ca","potentialAction":[{"@type":"ReadAction","target":["https:\/\/www.vidasignificativa.org\/cat\/politica-de-privacidad\/"]}]},{"@type":"BreadcrumbList","@id":"https:\/\/www.vidasignificativa.org\/cat\/politica-de-privacidad\/#breadcrumb","itemListElement":[{"@type":"ListItem","position":1,"name":"Portada","item":"https:\/\/www.vidasignificativa.org\/"},{"@type":"ListItem","position":2,"name":"POL\u00cdTICA DE PRIVACIDAD"}]},{"@type":"WebSite","@id":"https:\/\/www.vidasignificativa.org\/#website","url":"https:\/\/www.vidasignificativa.org\/","name":"Vida Significativa","description":"ONG","publisher":{"@id":"https:\/\/www.vidasignificativa.org\/#organization"},"potentialAction":[{"@type":"SearchAction","target":{"@type":"EntryPoint","urlTemplate":"https:\/\/www.vidasignificativa.org\/?s={search_term_string}"},"query-input":{"@type":"PropertyValueSpecification","valueRequired":true,"valueName":"search_term_string"}}],"inLanguage":"ca"},{"@type":"Organization","@id":"https:\/\/www.vidasignificativa.org\/#organization","name":"Vida Significativa","url":"https:\/\/www.vidasignificativa.org\/","logo":{"@type":"ImageObject","inLanguage":"ca","@id":"https:\/\/www.vidasignificativa.org\/#\/schema\/logo\/image\/","url":"https:\/\/www.vidasignificativa.org\/wp-content\/uploads\/2024\/01\/vida-sginificativa-logo-700x700-1.jpg","contentUrl":"https:\/\/www.vidasignificativa.org\/wp-content\/uploads\/2024\/01\/vida-sginificativa-logo-700x700-1.jpg","width":700,"height":700,"caption":"Vida Significativa"},"image":{"@id":"https:\/\/www.vidasignificativa.org\/#\/schema\/logo\/image\/"}}]}},"campaignId":"","_links":{"self":[{"href":"https:\/\/www.vidasignificativa.org\/cat\/wp-json\/wp\/v2\/pages\/1070"}],"collection":[{"href":"https:\/\/www.vidasignificativa.org\/cat\/wp-json\/wp\/v2\/pages"}],"about":[{"href":"https:\/\/www.vidasignificativa.org\/cat\/wp-json\/wp\/v2\/types\/page"}],"author":[{"embeddable":true,"href":"https:\/\/www.vidasignificativa.org\/cat\/wp-json\/wp\/v2\/users\/1"}],"replies":[{"embeddable":true,"href":"https:\/\/www.vidasignificativa.org\/cat\/wp-json\/wp\/v2\/comments?post=1070"}],"version-history":[{"count":0,"href":"https:\/\/www.vidasignificativa.org\/cat\/wp-json\/wp\/v2\/pages\/1070\/revisions"}],"wp:attachment":[{"href":"https:\/\/www.vidasignificativa.org\/cat\/wp-json\/wp\/v2\/media?parent=1070"}],"curies":[{"name":"wp","href":"https:\/\/api.w.org\/{rel}","templated":true}]}}