{"id":890,"date":"2022-11-08T10:20:33","date_gmt":"2022-11-08T09:20:33","guid":{"rendered":"http:\/\/www.vidasignificativa.org\/?post_type=avada_portfolio&#038;p=890"},"modified":"2024-01-22T00:01:11","modified_gmt":"2024-01-21T23:01:11","slug":"reyes-magos-y-navidad-significativa","status":"publish","type":"avada_portfolio","link":"https:\/\/www.vidasignificativa.org\/cat\/vida-significativa\/reyes-magos-y-navidad-significativa\/","title":{"rendered":"REIS D'ORIENT I NADAL SIGNIFICATIUS"},"content":{"rendered":"<div class=\"fusion-fullwidth fullwidth-box fusion-builder-row-1 has-pattern-background has-mask-background hundred-percent-fullwidth non-hundred-percent-height-scrolling fusion-equal-height-columns\" style=\"--awb-background-position:left top;--awb-border-sizes-top:0px;--awb-border-sizes-bottom:0px;--awb-border-sizes-left:0px;--awb-border-sizes-right:0px;--awb-border-radius-top-left:0px;--awb-border-radius-top-right:0px;--awb-border-radius-bottom-right:0px;--awb-border-radius-bottom-left:0px;--awb-padding-top:0px;--awb-padding-right:0px;--awb-padding-bottom:0px;--awb-padding-left:0px;--awb-margin-top:100px;--awb-flex-wrap:wrap;\" ><div class=\"fusion-builder-row fusion-row\"><div class=\"fusion-layout-column fusion_builder_column fusion-builder-column-0 fusion_builder_column_2_3 2_3 fusion-two-third fusion-column-first\" style=\"--awb-padding-top:20px;--awb-padding-right:10%;--awb-padding-bottom:100px;--awb-padding-left:10%;--awb-bg-size:cover;--awb-margin-bottom:0px;\"><div class=\"fusion-column-wrapper fusion-column-has-shadow fusion-flex-column-wrapper-legacy\"><div class=\"fusion-column-content-centered\"><div class=\"fusion-column-content\"><div class=\"fusion-text fusion-text-1\"><h2>Els Reis d'Orient<\/h2>\n<\/div><div class=\"fusion-sep-clear\"><\/div><div class=\"fusion-separator fusion-clearfix\" style=\"float:left;margin-bottom:40px;width:100%;max-width:200px;;\"><div class=\"fusion-separator-border sep-single sep-solid\" style=\"--awb-height:20px;--awb-amount:20px;--awb-sep-color:#fec96b;border-color:#fec96b;border-top-width:3px;\"><\/div><\/div><div class=\"fusion-sep-clear\"><\/div><div class=\"fusion-text fusion-text-2\"><p>Des de fa gaireb\u00e9 dues d\u00e8cades, cada any, despr\u00e9s d'una extraordin\u00e0ria campanya de recollida solid\u00e0ria de joguines on hi participen un munt de persones, ens convertim en els Reis d'Orient. Aix\u00ed, la nit del cinc de gener entreguem els presents, juntament amb els nostres millors desitjos i el nostre amor, a nenes i nens els familiars dels quals no tenen recursos o passen per moments delicats tant a nivell econ\u00f2mic com emocional.<\/p>\n<p>\u00c9s una experi\u00e8ncia molt especial perqu\u00e8 les visites ens deixen tocats, tant per la il\u00b7lusi\u00f3 que generem com pels problemes amb qu\u00e8 ens trobem. Els m\u00e9s veterans procurem compartir-la amb persones que mai no han tingut mai l'oportunitat de gaudir-la. Ja, abans de sortir a efectuar el repartiment amb els preciosos vestits reials, ens fiquem de ple en els personatges de reis o patges i, des de la proximitat, per\u00f2 tamb\u00e9 des de la solemnitat que l'ocasi\u00f3 requereix, interactuem amb infants i les persones que ens trobem pel carrer o per les escales dels habitatges. Fins i tot alguna vegada, a causa de l'enrenou del moment, totes les persones d'un mateix edifici han sortit a les finestres i balcons a saludar-nos emocionats.<\/p>\n<p>Quanta il\u00b7lusi\u00f3, quants somriures i quanta emoci\u00f3 es poden brindar en unes poques hores de voluntariat!<\/p>\n<p>A l'\u00faltima visita d'aquest any, vam visitar una altra mena de \"zulo\" on feia molt de fred i on els infants dormien al terra d'una habitaci\u00f3 min\u00fascula i sense ventilaci\u00f3, en matalassos orfes de fundes, llen\u00e7ols i coixins. All\u00e0 vam escoltar les frases demolidores de dos bessons de sis anys que estem conven\u00e7uts que se'ns van quedar gravades a les set persones que form\u00e0vem part de la comitiva reial:<\/p>\n<p>\u00abSempre havia pensat que els Reis d'Orient nom\u00e9s portaven caramels a la cavalcada\u00bb.<\/p>\n<p>\u00ab\u00a1Por fin hab\u00e9is venido! No entend\u00eda que nosotros nunca recibi\u00e9ramos ning\u00fan regalo, mientras a los otros ni\u00f1os les dejan tantos juguetes en sus casas\u00bb.<\/p>\n<p>A vegades, tamb\u00e9 participem en Tion solidaris juntament amb algunes organitzacions que atenen fam\u00edlies vulnerables.<\/p>\n<p><em>Si vols formar un equip de Reis per a l'any que ve, posa't en contacte perqu\u00e8 t'assessorem i rebr\u00e0s la formaci\u00f3 pertinent.<\/em><\/p>\n<\/div><div class=\"fusion-sep-clear\"><\/div><div class=\"fusion-separator fusion-full-width-sep\" style=\"margin-left: auto;margin-right: auto;margin-top:10px;margin-bottom:10px;width:100%;\"><\/div><div class=\"fusion-sep-clear\"><\/div><div class=\"fusion-text fusion-text-3\"><h2>Campanya 2021-2022<\/h2>\n<\/div><div class=\"fusion-sep-clear\"><\/div><div class=\"fusion-separator fusion-clearfix\" style=\"float:left;margin-bottom:40px;width:100%;max-width:200px;;\"><div class=\"fusion-separator-border sep-single sep-solid\" style=\"--awb-height:20px;--awb-amount:20px;--awb-sep-color:#fec96b;border-color:#fec96b;border-top-width:3px;\"><\/div><\/div><div class=\"fusion-sep-clear\"><\/div><div class=\"fusion-video fusion-youtube\" style=\"--awb-max-width:600px;--awb-max-height:360px;\"><div class=\"video-shortcode\"><div class=\"fluid-width-video-wrapper\" style=\"padding-top:60%;\" ><iframe title=\"YouTube video player 1\" src=\"https:\/\/www.youtube.com\/embed\/wiFAoxhDWlI?wmode=transparent&autoplay=0\" width=\"600\" height=\"360\" allowfullscreen allow=\"autoplay; fullscreen\"><\/iframe><\/div><\/div><\/div><div class=\"fusion-sep-clear\"><\/div><div class=\"fusion-separator fusion-full-width-sep\" style=\"margin-left: auto;margin-right: auto;margin-top:5px;margin-bottom:5px;width:100%;\"><\/div><div class=\"fusion-sep-clear\"><\/div><div class=\"fusion-video fusion-youtube\" style=\"--awb-max-width:600px;--awb-max-height:360px;\"><div class=\"video-shortcode\"><div class=\"fluid-width-video-wrapper\" style=\"padding-top:60%;\" ><iframe title=\"YouTube video player 2\" src=\"https:\/\/www.youtube.com\/embed\/wRO144o2-fY?wmode=transparent&autoplay=0\" width=\"600\" height=\"360\" allowfullscreen allow=\"autoplay; fullscreen\"><\/iframe><\/div><\/div><\/div><div class=\"fusion-sep-clear\"><\/div><div class=\"fusion-separator fusion-full-width-sep\" style=\"margin-left: auto;margin-right: auto;margin-top:10px;margin-bottom:10px;width:100%;\"><\/div><div class=\"fusion-sep-clear\"><\/div><div class=\"fusion-text fusion-text-4\"><h2>Campanyes m\u00e9s antigues<\/h2>\n<\/div><div class=\"fusion-sep-clear\"><\/div><div class=\"fusion-separator fusion-clearfix\" style=\"float:left;margin-bottom:40px;width:100%;max-width:200px;;\"><div class=\"fusion-separator-border sep-single sep-solid\" style=\"--awb-height:20px;--awb-amount:20px;--awb-sep-color:#fec96b;border-color:#fec96b;border-top-width:3px;\"><\/div><\/div><div class=\"fusion-sep-clear\"><\/div><div class=\"fusion-video fusion-youtube\" style=\"--awb-max-width:600px;--awb-max-height:360px;\"><div class=\"video-shortcode\"><div class=\"fluid-width-video-wrapper\" style=\"padding-top:60%;\" ><iframe title=\"YouTube video player 3\" src=\"https:\/\/www.youtube.com\/embed\/gUPL5cpuBZg?wmode=transparent&autoplay=0\" width=\"600\" height=\"360\" allowfullscreen allow=\"autoplay; fullscreen\"><\/iframe><\/div><\/div><\/div><div class=\"fusion-sep-clear\"><\/div><div class=\"fusion-separator fusion-full-width-sep\" style=\"margin-left: auto;margin-right: auto;margin-top:5px;margin-bottom:5px;width:100%;\"><\/div><div class=\"fusion-sep-clear\"><\/div><div class=\"fusion-video fusion-youtube\" style=\"--awb-max-width:600px;--awb-max-height:360px;\"><div class=\"video-shortcode\"><div class=\"fluid-width-video-wrapper\" style=\"padding-top:60%;\" ><iframe title=\"YouTube video player 4\" src=\"https:\/\/www.youtube.com\/embed\/wFP15ZNe6HE?wmode=transparent&autoplay=0\" width=\"600\" height=\"360\" allowfullscreen allow=\"autoplay; fullscreen\"><\/iframe><\/div><\/div><\/div><div class=\"fusion-sharing-box fusion-sharing-box-1 boxed-icons has-taglines layout-floated layout-medium-floated layout-small-floated\" style=\"background-color:rgba(255,255,255,0);padding:0;--awb-layout:row;--awb-alignment-small:space-between;\" data-title=\"REYES MAGOS Y NAVIDAD SIGNIFICATIVA\" data-description=\"Los Reyes Magos Desde hace casi dos d\u00e9cadas, cada a\u00f1o, tras una extraordinaria campa\u00f1a de recogida solidaria de juguetes donde participan un mont\u00f3n de personas, nos convertimos en los Reyes Magos de Oriente. As\u00ed, la noche del cinco de enero entregamos los presentes, junto con nuestros mejores deseos y nuestro amor, a ni\u00f1as y\" data-link=\"https:\/\/www.vidasignificativa.org\/cat\/vida-significativa\/reyes-magos-y-navidad-significativa\/\"><h4 class=\"tagline\" style=\"color:#1e1e1e;\">Comparteix el projecte<\/h4><div class=\"fusion-social-networks sharingbox-shortcode-icon-wrapper sharingbox-shortcode-icon-wrapper-1 boxed-icons\"><span><a href=\"https:\/\/www.facebook.com\/sharer.php?u=https%3A%2F%2Fwww.vidasignificativa.org%2Fcat%2Fvida-significativa%2Freyes-magos-y-navidad-significativa%2F&amp;t=REYES%20MAGOS%20Y%20NAVIDAD%20SIGNIFICATIVA\" target=\"_blank\" rel=\"noreferrer\" title=\"Facebook\" aria-label=\"Facebook\" data-placement=\"top\" data-toggle=\"tooltip\" data-title=\"Facebook\"><i class=\"fusion-social-network-icon fusion-tooltip fusion-facebook awb-icon-facebook\" style=\"color:#ffffff;background-color:#3b5998;border-color:#3b5998;border-radius:0px;\" aria-hidden=\"true\"><\/i><\/a><\/span><span><a href=\"https:\/\/twitter.com\/share?text=REYES%20MAGOS%20Y%20NAVIDAD%20SIGNIFICATIVA&amp;url=https%3A%2F%2Fwww.vidasignificativa.org%2Fcat%2Fvida-significativa%2Freyes-magos-y-navidad-significativa%2F\" target=\"_blank\" rel=\"noopener noreferrer\" title=\"X\" aria-label=\"X\" data-placement=\"top\" data-toggle=\"tooltip\" data-title=\"X\"><i class=\"fusion-social-network-icon fusion-tooltip fusion-twitter awb-icon-twitter\" style=\"color:#ffffff;background-color:#000000;border-color:#000000;border-radius:0px;\" aria-hidden=\"true\"><\/i><\/a><\/span><span><a href=\"https:\/\/www.linkedin.com\/shareArticle?mini=true&amp;url=https%3A%2F%2Fwww.vidasignificativa.org%2Fcat%2Fvida-significativa%2Freyes-magos-y-navidad-significativa%2F&amp;title=REYES%20MAGOS%20Y%20NAVIDAD%20SIGNIFICATIVA&amp;summary=Los%20Reyes%20Magos%20%20%0D%0A%0D%0ADesde%20hace%20casi%20dos%20d%C3%A9cadas%2C%20cada%20a%C3%B1o%2C%20tras%20una%20extraordinaria%20campa%C3%B1a%20de%20recogida%20solidaria%20de%20juguetes%20donde%20participan%20un%20mont%C3%B3n%20de%20personas%2C%20nos%20convertimos%20en%20los%20Reyes%20Magos%20de%20Oriente.%20As%C3%AD%2C%20la%20noche%20del%20cinco%20de%20enero%20entregamos%20los%20presentes%2C%20junto%20con%20nuestros%20mejores%20deseos%20y%20nuestro%20amor%2C%20a%20ni%C3%B1as%20y\" target=\"_blank\" rel=\"noopener noreferrer\" title=\"LinkedIn\" aria-label=\"LinkedIn\" data-placement=\"top\" data-toggle=\"tooltip\" data-title=\"LinkedIn\"><i class=\"fusion-social-network-icon fusion-tooltip fusion-linkedin awb-icon-linkedin\" style=\"color:#ffffff;background-color:#0077b5;border-color:#0077b5;border-radius:0px;\" aria-hidden=\"true\"><\/i><\/a><\/span><span><a href=\"https:\/\/api.whatsapp.com\/send?text=https%3A%2F%2Fwww.vidasignificativa.org%2Fcat%2Fvida-significativa%2Freyes-magos-y-navidad-significativa%2F\" target=\"_blank\" rel=\"noopener noreferrer\" title=\"WhatsApp\" aria-label=\"WhatsApp\" data-placement=\"top\" data-toggle=\"tooltip\" data-title=\"WhatsApp\"><i class=\"fusion-social-network-icon fusion-tooltip fusion-whatsapp awb-icon-whatsapp\" style=\"color:#ffffff;background-color:#77e878;border-color:#77e878;border-radius:0px;\" aria-hidden=\"true\"><\/i><\/a><\/span><\/div><\/div><\/div><\/div><div class=\"fusion-clearfix\"><\/div><\/div><\/div><div class=\"fusion-layout-column fusion_builder_column fusion-builder-column-1 fusion_builder_column_1_3 1_3 fusion-one-third fusion-column-last\" style=\"--awb-padding-top:100px;--awb-padding-right:0px;--awb-padding-bottom:100px;--awb-padding-left:0px;--awb-bg-image:url(&#039;https:\/\/www.vidasignificativa.org\/wp-content\/uploads\/2020\/04\/Reis-2021-petita.jpg&#039;);--awb-bg-position:center center;--awb-bg-size:cover;--awb-margin-bottom:0px;\"><div class=\"fusion-column-wrapper fusion-column-has-shadow fusion-flex-column-wrapper-legacy fusion-column-has-bg-image\" data-bg-url=\"https:\/\/www.vidasignificativa.org\/wp-content\/uploads\/2020\/04\/Reis-2021-petita.jpg\"><div class=\"fusion-column-content-centered\"><div class=\"fusion-column-content\"><div class=\"fusion-sep-clear\"><\/div><div class=\"fusion-separator fusion-full-width-sep\" style=\"margin-left: auto;margin-right: auto;margin-top:30px;width:100%;\"><\/div><div class=\"fusion-sep-clear\"><\/div><div class=\"fusion-aligncenter\"><a class=\"fusion-button button-flat fusion-button-default-size button-custom fusion-button-default button-1 fusion-button-default-span fusion-button-default-type\" style=\"--button_accent_color:#ffffff;--button_accent_hover_color:#fec96b;--button_border_hover_color:#fec96b;--button_border_width-top:2px;--button_border_width-right:2px;--button_border_width-bottom:2px;--button_border_width-left:2px;--button_gradient_top_color:rgba(254,201,107,0);--button_gradient_bottom_color:rgba(254,201,107,0);--button_gradient_top_color_hover:rgba(0,0,0,0);--button_gradient_bottom_color_hover:rgba(0,0,0,0);\" target=\"_self\" href=\"\/cat\/colabora\/\"><span class=\"fusion-button-text\">COL\u00b7LABORA<\/span><\/a><\/div><\/div><\/div><div class=\"fusion-clearfix\"><\/div><\/div><\/div><\/div><\/div>","protected":false},"excerpt":{"rendered":"<p>Desde hace casi dos d\u00e9cadas, cada a\u00f1o, tras una extraordinaria campa\u00f1a de recogida solidaria de juguetes&#8230;<\/p>","protected":false},"author":1,"featured_media":2108,"menu_order":0,"comment_status":"closed","ping_status":"closed","template":"","format":"standard","meta":{"give_campaign_id":0,"footnotes":""},"portfolio_category":[69,70,29],"portfolio_skills":[],"portfolio_tags":[],"yoast_head":"<!-- This site is optimized with the Yoast SEO plugin v24.0 - https:\/\/yoast.com\/wordpress\/plugins\/seo\/ -->\n<title>REYES MAGOS Y NAVIDAD SIGNIFICATIVA - Vida Significativa<\/title>\n<meta name=\"description\" content=\"Desde hace casi dos d\u00e9cadas, cada a\u00f1o, tras una extraordinaria campa\u00f1a de recogida solidaria de juguetes...\" \/>\n<meta name=\"robots\" content=\"index, follow, max-snippet:-1, max-image-preview:large, max-video-preview:-1\" \/>\n<link rel=\"canonical\" href=\"https:\/\/www.vidasignificativa.org\/cat\/vida-significativa\/reyes-magos-y-navidad-significativa\/\" \/>\n<meta property=\"og:locale\" content=\"ca_ES\" \/>\n<meta property=\"og:type\" content=\"article\" \/>\n<meta property=\"og:title\" content=\"REYES MAGOS Y NAVIDAD SIGNIFICATIVA - Vida Significativa\" \/>\n<meta property=\"og:description\" content=\"Desde hace casi dos d\u00e9cadas, cada a\u00f1o, tras una extraordinaria campa\u00f1a de recogida solidaria de juguetes...\" \/>\n<meta property=\"og:url\" content=\"https:\/\/www.vidasignificativa.org\/cat\/vida-significativa\/reyes-magos-y-navidad-significativa\/\" \/>\n<meta property=\"og:site_name\" content=\"Vida Significativa\" \/>\n<meta property=\"article:modified_time\" content=\"2024-01-21T23:01:11+00:00\" \/>\n<meta property=\"og:image\" content=\"https:\/\/www.vidasignificativa.org\/wp-content\/uploads\/2020\/04\/Reis-2021-petita.jpg\" \/>\n\t<meta property=\"og:image:width\" content=\"1184\" \/>\n\t<meta property=\"og:image:height\" content=\"789\" \/>\n\t<meta property=\"og:image:type\" content=\"image\/jpeg\" \/>\n<meta name=\"twitter:card\" content=\"summary_large_image\" \/>\n<meta name=\"twitter:label1\" content=\"Temps estimat de lectura\" \/>\n\t<meta name=\"twitter:data1\" content=\"5 minuts\" \/>\n<script type=\"application\/ld+json\" class=\"yoast-schema-graph\">{\"@context\":\"https:\/\/schema.org\",\"@graph\":[{\"@type\":\"WebPage\",\"@id\":\"https:\/\/www.vidasignificativa.org\/vida-significativa\/reyes-magos-y-navidad-significativa\/\",\"url\":\"https:\/\/www.vidasignificativa.org\/vida-significativa\/reyes-magos-y-navidad-significativa\/\",\"name\":\"REYES MAGOS Y NAVIDAD SIGNIFICATIVA - Vida Significativa\",\"isPartOf\":{\"@id\":\"https:\/\/www.vidasignificativa.org\/#website\"},\"primaryImageOfPage\":{\"@id\":\"https:\/\/www.vidasignificativa.org\/vida-significativa\/reyes-magos-y-navidad-significativa\/#primaryimage\"},\"image\":{\"@id\":\"https:\/\/www.vidasignificativa.org\/vida-significativa\/reyes-magos-y-navidad-significativa\/#primaryimage\"},\"thumbnailUrl\":\"https:\/\/www.vidasignificativa.org\/wp-content\/uploads\/2020\/04\/Reis-2021-petita.jpg\",\"datePublished\":\"2022-11-08T09:20:33+00:00\",\"dateModified\":\"2024-01-21T23:01:11+00:00\",\"description\":\"Desde hace casi dos d\u00e9cadas, cada a\u00f1o, tras una extraordinaria campa\u00f1a de recogida solidaria de juguetes...\",\"breadcrumb\":{\"@id\":\"https:\/\/www.vidasignificativa.org\/vida-significativa\/reyes-magos-y-navidad-significativa\/#breadcrumb\"},\"inLanguage\":\"ca\",\"potentialAction\":[{\"@type\":\"ReadAction\",\"target\":[\"https:\/\/www.vidasignificativa.org\/vida-significativa\/reyes-magos-y-navidad-significativa\/\"]}]},{\"@type\":\"ImageObject\",\"inLanguage\":\"ca\",\"@id\":\"https:\/\/www.vidasignificativa.org\/vida-significativa\/reyes-magos-y-navidad-significativa\/#primaryimage\",\"url\":\"https:\/\/www.vidasignificativa.org\/wp-content\/uploads\/2020\/04\/Reis-2021-petita.jpg\",\"contentUrl\":\"https:\/\/www.vidasignificativa.org\/wp-content\/uploads\/2020\/04\/Reis-2021-petita.jpg\",\"width\":1184,\"height\":789},{\"@type\":\"BreadcrumbList\",\"@id\":\"https:\/\/www.vidasignificativa.org\/vida-significativa\/reyes-magos-y-navidad-significativa\/#breadcrumb\",\"itemListElement\":[{\"@type\":\"ListItem\",\"position\":1,\"name\":\"Portada\",\"item\":\"https:\/\/www.vidasignificativa.org\/\"},{\"@type\":\"ListItem\",\"position\":2,\"name\":\"Portfolio\",\"item\":\"https:\/\/www.vidasignificativa.org\/vida-significativa\/\"},{\"@type\":\"ListItem\",\"position\":3,\"name\":\"REYES MAGOS Y NAVIDAD SIGNIFICATIVA\"}]},{\"@type\":\"WebSite\",\"@id\":\"https:\/\/www.vidasignificativa.org\/#website\",\"url\":\"https:\/\/www.vidasignificativa.org\/\",\"name\":\"Vida Significativa\",\"description\":\"ONG\",\"publisher\":{\"@id\":\"https:\/\/www.vidasignificativa.org\/#organization\"},\"potentialAction\":[{\"@type\":\"SearchAction\",\"target\":{\"@type\":\"EntryPoint\",\"urlTemplate\":\"https:\/\/www.vidasignificativa.org\/?s={search_term_string}\"},\"query-input\":{\"@type\":\"PropertyValueSpecification\",\"valueRequired\":true,\"valueName\":\"search_term_string\"}}],\"inLanguage\":\"ca\"},{\"@type\":\"Organization\",\"@id\":\"https:\/\/www.vidasignificativa.org\/#organization\",\"name\":\"Vida Significativa\",\"url\":\"https:\/\/www.vidasignificativa.org\/\",\"logo\":{\"@type\":\"ImageObject\",\"inLanguage\":\"ca\",\"@id\":\"https:\/\/www.vidasignificativa.org\/#\/schema\/logo\/image\/\",\"url\":\"https:\/\/www.vidasignificativa.org\/wp-content\/uploads\/2024\/01\/vida-sginificativa-logo-700x700-1.jpg\",\"contentUrl\":\"https:\/\/www.vidasignificativa.org\/wp-content\/uploads\/2024\/01\/vida-sginificativa-logo-700x700-1.jpg\",\"width\":700,\"height\":700,\"caption\":\"Vida Significativa\"},\"image\":{\"@id\":\"https:\/\/www.vidasignificativa.org\/#\/schema\/logo\/image\/\"}}]}<\/script>\n<!-- \/ Yoast SEO plugin. -->","yoast_head_json":{"title":"REYES MAGOS Y NAVIDAD SIGNIFICATIVA - Vida Significativa","description":"Desde hace casi dos d\u00e9cadas, cada a\u00f1o, tras una extraordinaria campa\u00f1a de recogida solidaria de juguetes...","robots":{"index":"index","follow":"follow","max-snippet":"max-snippet:-1","max-image-preview":"max-image-preview:large","max-video-preview":"max-video-preview:-1"},"canonical":"https:\/\/www.vidasignificativa.org\/cat\/vida-significativa\/reyes-magos-y-navidad-significativa\/","og_locale":"ca_ES","og_type":"article","og_title":"REYES MAGOS Y NAVIDAD SIGNIFICATIVA - Vida Significativa","og_description":"Desde hace casi dos d\u00e9cadas, cada a\u00f1o, tras una extraordinaria campa\u00f1a de recogida solidaria de juguetes...","og_url":"https:\/\/www.vidasignificativa.org\/cat\/vida-significativa\/reyes-magos-y-navidad-significativa\/","og_site_name":"Vida Significativa","article_modified_time":"2024-01-21T23:01:11+00:00","og_image":[{"width":1184,"height":789,"url":"https:\/\/www.vidasignificativa.org\/wp-content\/uploads\/2020\/04\/Reis-2021-petita.jpg","type":"image\/jpeg"}],"twitter_card":"summary_large_image","twitter_misc":{"Temps estimat de lectura":"5 minuts"},"schema":{"@context":"https:\/\/schema.org","@graph":[{"@type":"WebPage","@id":"https:\/\/www.vidasignificativa.org\/vida-significativa\/reyes-magos-y-navidad-significativa\/","url":"https:\/\/www.vidasignificativa.org\/vida-significativa\/reyes-magos-y-navidad-significativa\/","name":"REYES MAGOS Y NAVIDAD SIGNIFICATIVA - Vida Significativa","isPartOf":{"@id":"https:\/\/www.vidasignificativa.org\/#website"},"primaryImageOfPage":{"@id":"https:\/\/www.vidasignificativa.org\/vida-significativa\/reyes-magos-y-navidad-significativa\/#primaryimage"},"image":{"@id":"https:\/\/www.vidasignificativa.org\/vida-significativa\/reyes-magos-y-navidad-significativa\/#primaryimage"},"thumbnailUrl":"https:\/\/www.vidasignificativa.org\/wp-content\/uploads\/2020\/04\/Reis-2021-petita.jpg","datePublished":"2022-11-08T09:20:33+00:00","dateModified":"2024-01-21T23:01:11+00:00","description":"Desde hace casi dos d\u00e9cadas, cada a\u00f1o, tras una extraordinaria campa\u00f1a de recogida solidaria de juguetes...","breadcrumb":{"@id":"https:\/\/www.vidasignificativa.org\/vida-significativa\/reyes-magos-y-navidad-significativa\/#breadcrumb"},"inLanguage":"ca","potentialAction":[{"@type":"ReadAction","target":["https:\/\/www.vidasignificativa.org\/vida-significativa\/reyes-magos-y-navidad-significativa\/"]}]},{"@type":"ImageObject","inLanguage":"ca","@id":"https:\/\/www.vidasignificativa.org\/vida-significativa\/reyes-magos-y-navidad-significativa\/#primaryimage","url":"https:\/\/www.vidasignificativa.org\/wp-content\/uploads\/2020\/04\/Reis-2021-petita.jpg","contentUrl":"https:\/\/www.vidasignificativa.org\/wp-content\/uploads\/2020\/04\/Reis-2021-petita.jpg","width":1184,"height":789},{"@type":"BreadcrumbList","@id":"https:\/\/www.vidasignificativa.org\/vida-significativa\/reyes-magos-y-navidad-significativa\/#breadcrumb","itemListElement":[{"@type":"ListItem","position":1,"name":"Portada","item":"https:\/\/www.vidasignificativa.org\/"},{"@type":"ListItem","position":2,"name":"Portfolio","item":"https:\/\/www.vidasignificativa.org\/vida-significativa\/"},{"@type":"ListItem","position":3,"name":"REYES MAGOS Y NAVIDAD SIGNIFICATIVA"}]},{"@type":"WebSite","@id":"https:\/\/www.vidasignificativa.org\/#website","url":"https:\/\/www.vidasignificativa.org\/","name":"Vida Significativa","description":"ONG","publisher":{"@id":"https:\/\/www.vidasignificativa.org\/#organization"},"potentialAction":[{"@type":"SearchAction","target":{"@type":"EntryPoint","urlTemplate":"https:\/\/www.vidasignificativa.org\/?s={search_term_string}"},"query-input":{"@type":"PropertyValueSpecification","valueRequired":true,"valueName":"search_term_string"}}],"inLanguage":"ca"},{"@type":"Organization","@id":"https:\/\/www.vidasignificativa.org\/#organization","name":"Vida Significativa","url":"https:\/\/www.vidasignificativa.org\/","logo":{"@type":"ImageObject","inLanguage":"ca","@id":"https:\/\/www.vidasignificativa.org\/#\/schema\/logo\/image\/","url":"https:\/\/www.vidasignificativa.org\/wp-content\/uploads\/2024\/01\/vida-sginificativa-logo-700x700-1.jpg","contentUrl":"https:\/\/www.vidasignificativa.org\/wp-content\/uploads\/2024\/01\/vida-sginificativa-logo-700x700-1.jpg","width":700,"height":700,"caption":"Vida Significativa"},"image":{"@id":"https:\/\/www.vidasignificativa.org\/#\/schema\/logo\/image\/"}}]}},"_links":{"self":[{"href":"https:\/\/www.vidasignificativa.org\/cat\/wp-json\/wp\/v2\/avada_portfolio\/890"}],"collection":[{"href":"https:\/\/www.vidasignificativa.org\/cat\/wp-json\/wp\/v2\/avada_portfolio"}],"about":[{"href":"https:\/\/www.vidasignificativa.org\/cat\/wp-json\/wp\/v2\/types\/avada_portfolio"}],"author":[{"embeddable":true,"href":"https:\/\/www.vidasignificativa.org\/cat\/wp-json\/wp\/v2\/users\/1"}],"replies":[{"embeddable":true,"href":"https:\/\/www.vidasignificativa.org\/cat\/wp-json\/wp\/v2\/comments?post=890"}],"version-history":[{"count":1,"href":"https:\/\/www.vidasignificativa.org\/cat\/wp-json\/wp\/v2\/avada_portfolio\/890\/revisions"}],"predecessor-version":[{"id":5228,"href":"https:\/\/www.vidasignificativa.org\/cat\/wp-json\/wp\/v2\/avada_portfolio\/890\/revisions\/5228"}],"wp:featuredmedia":[{"embeddable":true,"href":"https:\/\/www.vidasignificativa.org\/cat\/wp-json\/wp\/v2\/media\/2108"}],"wp:attachment":[{"href":"https:\/\/www.vidasignificativa.org\/cat\/wp-json\/wp\/v2\/media?parent=890"}],"wp:term":[{"taxonomy":"portfolio_category","embeddable":true,"href":"https:\/\/www.vidasignificativa.org\/cat\/wp-json\/wp\/v2\/portfolio_category?post=890"},{"taxonomy":"portfolio_skills","embeddable":true,"href":"https:\/\/www.vidasignificativa.org\/cat\/wp-json\/wp\/v2\/portfolio_skills?post=890"},{"taxonomy":"portfolio_tags","embeddable":true,"href":"https:\/\/www.vidasignificativa.org\/cat\/wp-json\/wp\/v2\/portfolio_tags?post=890"}],"curies":[{"name":"wp","href":"https:\/\/api.w.org\/{rel}","templated":true}]}}