{"id":867,"date":"2022-11-30T09:55:57","date_gmt":"2022-11-30T08:55:57","guid":{"rendered":"http:\/\/www.vidasignificativa.org\/?post_type=avada_portfolio&#038;p=867"},"modified":"2024-06-05T11:28:40","modified_gmt":"2024-06-05T10:28:40","slug":"ninos-de-acogida-locales","status":"publish","type":"avada_portfolio","link":"https:\/\/www.vidasignificativa.org\/cat\/vida-significativa\/ninos-de-acogida-locales\/","title":{"rendered":"INF\u00c0NCIA D'ACOLLIDA"},"content":{"rendered":"<div class=\"fusion-fullwidth fullwidth-box fusion-builder-row-1 has-pattern-background has-mask-background hundred-percent-fullwidth non-hundred-percent-height-scrolling fusion-equal-height-columns\" style=\"--awb-background-position:left top;--awb-border-sizes-top:0px;--awb-border-sizes-bottom:0px;--awb-border-sizes-left:0px;--awb-border-sizes-right:0px;--awb-border-radius-top-left:0px;--awb-border-radius-top-right:0px;--awb-border-radius-bottom-right:0px;--awb-border-radius-bottom-left:0px;--awb-padding-top:0px;--awb-padding-right:0px;--awb-padding-bottom:0px;--awb-padding-left:0px;--awb-margin-top:100px;--awb-flex-wrap:wrap;\" ><div class=\"fusion-builder-row fusion-row\"><div class=\"fusion-layout-column fusion_builder_column fusion-builder-column-0 fusion_builder_column_2_3 2_3 fusion-two-third fusion-column-first\" style=\"--awb-padding-top:20px;--awb-padding-right:10%;--awb-padding-bottom:100px;--awb-padding-left:10%;--awb-bg-size:cover;--awb-margin-bottom:0px;\"><div class=\"fusion-column-wrapper fusion-column-has-shadow fusion-flex-column-wrapper-legacy\"><div class=\"fusion-column-content-centered\"><div class=\"fusion-column-content\"><div class=\"fusion-text fusion-text-1\" style=\"--awb-margin-top:100px;\"><h2>Col\u00b7laboraci\u00f3 amb Centres d\u2019Acollida de menors de les nostres poblacions<\/h2>\n<\/div><div class=\"fusion-sep-clear\"><\/div><div class=\"fusion-separator fusion-clearfix\" style=\"float:left;margin-bottom:40px;width:100%;max-width:200px;;\"><div class=\"fusion-separator-border sep-single sep-solid\" style=\"--awb-height:20px;--awb-amount:20px;--awb-sep-color:#fec96b;border-color:#fec96b;border-top-width:3px;\"><\/div><\/div><div class=\"fusion-sep-clear\"><\/div><div class=\"fusion-text fusion-text-2\"><p class=\"translation-block\">Com a voluntaris i volunt\u00e0ries i des del projecte \"L'art d'educar amb amor\", posem el nostre gra de sorra a una educaci\u00f3 m\u00e9s hol\u00edstica i acompanyem a determinats nens i nenes de forma m\u00e9s individual. Alguns d'ells formen part del projecte de refor\u00e7 escolar.<\/p>\n<p><strong>QU\u00c9 HACEMOS?<\/strong><br \/>\nDesde Vida Significativa colaboramos con diferentes Centros de Acogida de nuestro entorno<br \/>\nm\u00e1s cercano:<br \/>\n\u2022 Salidas puntuales de fin de semana con l@s ni\u00f1@s y educador@s.<br \/>\n\u2022 Entrega de ropa, mantas, jers\u00e9is, gorros, calcetines&#8230; tejidos a mano desde el <a href=\"https:\/\/www.vidasignificativa.org\/cat\/vida-significativa\/abriga\/\" target=\"_blank\" rel=\"noopener\">Proyecto<\/a><br \/>\nAbriga.<br \/>\n\u2022 Donaci\u00f3n de material escolar.<br \/>\n\u2022 Facilitamos la practica deportiva con las cuotas y el equipo deportivo correspondiente.<br \/>\n\u2022 Facilitamos otras extraescolares, as\u00ed como talleres, casales y colonias de verano.<br \/>\n\u2022 Hacemos la campa\u00f1a de juguetes y las entregamos durante el a\u00f1o y por Navidad (Ti\u00f3 y Reyes Magos).<br \/>\n\u2022 Hacemos un acompa\u00f1amiento y soporte emocional a l@s ni\u00f1@s y sus familias biol\u00f3gicas y de acogida.<br \/>\n\u2022 Desde el Proyecto \u201cEl arte de educar con amor\u201d, proponemos una educaci\u00f3n m\u00e1s hol\u00edstica y damos un soporte global para que las familias acogedoras y\/o biol\u00f3gicas<br \/>\ntengan la mejor relaci\u00f3n posible con las ni\u00f1as y ni\u00f1os.<br \/>\n\u2022 Hacemos un acompa\u00f1amiento individual para la integraci\u00f3n de los chicos y las chicas en las escuelas e institutos y en su incorporaci\u00f3n en el mundo laboral.<\/p>\n<p><strong>UN SUE\u00d1O M\u00c1S<\/strong><br \/>\nTenemos preparado y queremos hacer realidad lo m\u00e1s pronto posible un nuevo modelo de Casas de Acogida desde una nueva mirada donde convivan, de una parte, abuelas en situaci\u00f3n<br \/>\nde soledad y\/o vulnerabilidad y, por otra, madres con hij@s en riesgo de exclusi\u00f3n social.<\/p>\n<p><strong>AGRADECIMIENTO<\/strong><br \/>\nAgradecemos a las personas que nos hac\u00e9is las aportaciones permanentes o puntuales, porque sin ellas no podr\u00edamos llevar a cabo estos proyectos.<br \/>\n\u00a1Muchas gracias de coraz\u00f3n!<br \/>\nAgradecemos tambi\u00e9n a las familias acogedoras, tanto de fin de semana como las permanentes, la maravillosa labor que realiz\u00e1is.<br \/>\n\u00a1Muchas gracias de todo coraz\u00f3n!<\/p>\n<p><strong>\u00bfQU\u00c9 PUEDES HACER T\u00da?<\/strong><br \/>\n\u2022 Informarte, investigar y ser consciente de esta realidad que tenemos tan cerca.<br \/>\n\u2022 Si tienes hij@s o niet@s, hablarles de este tema y de otros similares para que valoren y agradezcan todo lo que disponen. Y, por supuesto, sembrar semillas de empat\u00eda, felicidad y altruismo.<br \/>\n\u2022 Plantearte si hay posibilidades reales de acoger alguna criatura.<br \/>\n\u2022 Colaborar con nosotros y nuestros proyectos, tanto econ\u00f3micamente como con tu tiempo.<\/p>\n<\/div><div class=\"fusion-image-carousel fusion-image-carousel-fixed fusion-image-carousel-1 fusion-carousel-border\"><div class=\"awb-carousel awb-swiper awb-swiper-carousel\" data-autoplay=\"no\" data-columns=\"5\" data-itemmargin=\"13\" data-itemwidth=\"180\" data-touchscroll=\"no\" data-imagesize=\"fixed\"><div class=\"swiper-wrapper awb-image-carousel-wrapper fusion-flex-align-items-center\"><div class=\"swiper-slide\"><div class=\"fusion-carousel-item-wrapper\"><div class=\"fusion-image-wrapper hover-type-none\"><img decoding=\"async\" width=\"250\" height=\"202\" src=\"https:\/\/www.vidasignificativa.org\/wp-content\/uploads\/2022\/11\/Laura-Asensio-petita-250x202.jpg\" class=\"attachment-blog-medium size-blog-medium\" alt=\"\" \/><\/div><\/div><\/div><div class=\"swiper-slide\"><div class=\"fusion-carousel-item-wrapper\"><div class=\"fusion-image-wrapper hover-type-none\"><img decoding=\"async\" src=\"\" alt=\"\"\/><\/div><\/div><\/div><\/div><div class=\"awb-swiper-button awb-swiper-button-prev\"><i class=\"awb-icon-angle-left\" aria-hidden=\"true\"><\/i><\/div><div class=\"awb-swiper-button awb-swiper-button-next\"><i class=\"awb-icon-angle-right\" aria-hidden=\"true\"><\/i><\/div><\/div><\/div><div class=\"fusion-sharing-box fusion-sharing-box-1 boxed-icons has-taglines layout-floated layout-medium-floated layout-small-floated\" style=\"background-color:rgba(255,255,255,0);padding:0;--awb-layout:row;--awb-alignment-small:space-between;\" data-title=\"NI\u00d1@S DE ACOGIDA LOCALES\" data-description=\"Colaboraci\u00f3n con Centros de Acogida de Menores de nuestras ciudades Como voluntari@s y desde el proyecto \u201cEl arte de educar con amor\u201d, ponemos nuestro grano de arena en una educaci\u00f3n m\u00e1s hol\u00edstica y acompa\u00f1amos a determinados ni\u00f1os y ni\u00f1as de forma m\u00e1s individual. Algunos de ellos forman parte del proyecto\" data-link=\"https:\/\/www.vidasignificativa.org\/cat\/vida-significativa\/ninos-de-acogida-locales\/\"><h4 class=\"tagline\" style=\"color:#1e1e1e;\">Comparteix aquest projecte a la teva plataforma<\/h4><div class=\"fusion-social-networks sharingbox-shortcode-icon-wrapper sharingbox-shortcode-icon-wrapper-1 boxed-icons\"><span><a href=\"https:\/\/www.facebook.com\/sharer.php?u=https%3A%2F%2Fwww.vidasignificativa.org%2Fcat%2Fvida-significativa%2Fninos-de-acogida-locales%2F&amp;t=NI%C3%91%40S%20DE%20ACOGIDA%20LOCALES\" target=\"_blank\" rel=\"noreferrer\" title=\"Facebook\" aria-label=\"Facebook\" data-placement=\"top\" data-toggle=\"tooltip\" data-title=\"Facebook\"><i class=\"fusion-social-network-icon fusion-tooltip fusion-facebook awb-icon-facebook\" style=\"color:#ffffff;background-color:#3b5998;border-color:#3b5998;border-radius:0px;\" aria-hidden=\"true\"><\/i><\/a><\/span><span><a href=\"https:\/\/twitter.com\/share?text=NI%C3%91%40S%20DE%20ACOGIDA%20LOCALES&amp;url=https%3A%2F%2Fwww.vidasignificativa.org%2Fcat%2Fvida-significativa%2Fninos-de-acogida-locales%2F\" target=\"_blank\" rel=\"noopener noreferrer\" title=\"X\" aria-label=\"X\" data-placement=\"top\" data-toggle=\"tooltip\" data-title=\"X\"><i class=\"fusion-social-network-icon fusion-tooltip fusion-twitter awb-icon-twitter\" style=\"color:#ffffff;background-color:#000000;border-color:#000000;border-radius:0px;\" aria-hidden=\"true\"><\/i><\/a><\/span><span><a href=\"https:\/\/www.linkedin.com\/shareArticle?mini=true&amp;url=https%3A%2F%2Fwww.vidasignificativa.org%2Fcat%2Fvida-significativa%2Fninos-de-acogida-locales%2F&amp;title=NI%C3%91%40S%20DE%20ACOGIDA%20LOCALES&amp;summary=Colaboraci%C3%B3n%20con%20Centros%20de%20Acogida%20de%20Menores%20de%20nuestras%20ciudades%20%20%0D%0A%0D%0AComo%20voluntari%40s%20y%20desde%20el%20proyecto%20%E2%80%9CEl%20arte%20de%20educar%20con%20amor%E2%80%9D%2C%20ponemos%20nuestro%20grano%20de%20arena%20en%20una%20educaci%C3%B3n%20m%C3%A1s%20hol%C3%ADstica%20y%20acompa%C3%B1amos%20a%20determinados%20ni%C3%B1os%20y%20ni%C3%B1as%20de%20forma%20m%C3%A1s%20individual.%20Algunos%20de%20ellos%20forman%20parte%20del%20proyecto\" target=\"_blank\" rel=\"noopener noreferrer\" title=\"LinkedIn\" aria-label=\"LinkedIn\" data-placement=\"top\" data-toggle=\"tooltip\" data-title=\"LinkedIn\"><i class=\"fusion-social-network-icon fusion-tooltip fusion-linkedin awb-icon-linkedin\" style=\"color:#ffffff;background-color:#0077b5;border-color:#0077b5;border-radius:0px;\" aria-hidden=\"true\"><\/i><\/a><\/span><span><a href=\"https:\/\/api.whatsapp.com\/send?text=https%3A%2F%2Fwww.vidasignificativa.org%2Fcat%2Fvida-significativa%2Fninos-de-acogida-locales%2F\" target=\"_blank\" rel=\"noopener noreferrer\" title=\"WhatsApp\" aria-label=\"WhatsApp\" data-placement=\"top\" data-toggle=\"tooltip\" data-title=\"WhatsApp\"><i class=\"fusion-social-network-icon fusion-tooltip fusion-whatsapp awb-icon-whatsapp\" style=\"color:#ffffff;background-color:#77e878;border-color:#77e878;border-radius:0px;\" aria-hidden=\"true\"><\/i><\/a><\/span><\/div><\/div><\/div><\/div><div class=\"fusion-clearfix\"><\/div><\/div><\/div><div class=\"fusion-layout-column fusion_builder_column fusion-builder-column-1 fusion_builder_column_1_3 1_3 fusion-one-third fusion-column-last\" style=\"--awb-padding-top:100px;--awb-padding-right:0px;--awb-padding-bottom:100px;--awb-padding-left:0px;--awb-bg-image:url(&#039;https:\/\/www.vidasignificativa.org\/wp-content\/uploads\/2020\/04\/Proyecto-Centros-Acogida-locales-scaled.jpg&#039;);--awb-bg-position:center center;--awb-bg-size:cover;--awb-margin-bottom:0px;\"><div class=\"fusion-column-wrapper fusion-column-has-shadow fusion-flex-column-wrapper-legacy fusion-column-has-bg-image\" data-bg-url=\"https:\/\/www.vidasignificativa.org\/wp-content\/uploads\/2020\/04\/Proyecto-Centros-Acogida-locales-scaled.jpg\"><div class=\"fusion-column-content-centered\"><div class=\"fusion-column-content\"><div class=\"fusion-sep-clear\"><\/div><div class=\"fusion-separator fusion-full-width-sep\" style=\"margin-left: auto;margin-right: auto;margin-top:30px;width:100%;\"><\/div><div class=\"fusion-sep-clear\"><\/div><div class=\"fusion-aligncenter\"><a class=\"fusion-button button-flat fusion-button-default-size button-custom fusion-button-default button-1 fusion-button-default-span fusion-button-default-type\" style=\"--button_accent_color:#ffffff;--button_accent_hover_color:#fec96b;--button_border_hover_color:#fec96b;--button_border_width-top:2px;--button_border_width-right:2px;--button_border_width-bottom:2px;--button_border_width-left:2px;--button_gradient_top_color:rgba(254,201,107,0);--button_gradient_bottom_color:rgba(254,201,107,0);--button_gradient_top_color_hover:rgba(0,0,0,0);--button_gradient_bottom_color_hover:rgba(0,0,0,0);\" target=\"_self\" href=\"#\"><span class=\"fusion-button-text\">COL\u00b7LABORA<\/span><\/a><\/div><\/div><\/div><div class=\"fusion-clearfix\"><\/div><\/div><\/div><\/div><\/div>","protected":false},"excerpt":{"rendered":"<p>Colaboramos con diferentes centros de acogida de nuestro entorno m\u00e1s cercano, cubriendo econ\u00f3micamente&#8230;<\/p>","protected":false},"author":1,"featured_media":1569,"menu_order":0,"comment_status":"closed","ping_status":"closed","template":"","format":"standard","meta":{"give_campaign_id":0,"footnotes":""},"portfolio_category":[69,70,29],"portfolio_skills":[],"portfolio_tags":[],"yoast_head":"<!-- This site is optimized with the Yoast SEO plugin v24.0 - https:\/\/yoast.com\/wordpress\/plugins\/seo\/ -->\n<title>NI\u00d1@S DE ACOGIDA LOCALES - Vida Significativa<\/title>\n<meta name=\"description\" content=\"Colaboramos con diferentes centros de acogida de nuestro entorno m\u00e1s cercano, cubriendo econ\u00f3micamente determinadas carencias en alimentaci\u00f3n, ropa, instalaciones, higiene personal, excursiones, arte y cuentacuentos...\" \/>\n<meta name=\"robots\" content=\"index, follow, max-snippet:-1, max-image-preview:large, max-video-preview:-1\" \/>\n<link rel=\"canonical\" href=\"https:\/\/www.vidasignificativa.org\/cat\/vida-significativa\/ninos-de-acogida-locales\/\" \/>\n<meta property=\"og:locale\" content=\"ca_ES\" \/>\n<meta property=\"og:type\" content=\"article\" \/>\n<meta property=\"og:title\" content=\"NI\u00d1@S DE ACOGIDA LOCALES - Vida Significativa\" \/>\n<meta property=\"og:description\" content=\"Colaboramos con diferentes centros de acogida de nuestro entorno m\u00e1s cercano, cubriendo econ\u00f3micamente determinadas carencias en alimentaci\u00f3n, ropa, instalaciones, higiene personal, excursiones, arte y cuentacuentos...\" \/>\n<meta property=\"og:url\" content=\"https:\/\/www.vidasignificativa.org\/cat\/vida-significativa\/ninos-de-acogida-locales\/\" \/>\n<meta property=\"og:site_name\" content=\"Vida Significativa\" \/>\n<meta property=\"article:modified_time\" content=\"2024-06-05T10:28:40+00:00\" \/>\n<meta property=\"og:image\" content=\"https:\/\/www.vidasignificativa.org\/wp-content\/uploads\/2020\/04\/Proyecto-Centros-Acogida-locales-scaled.jpg\" \/>\n\t<meta property=\"og:image:width\" content=\"2560\" \/>\n\t<meta property=\"og:image:height\" content=\"1439\" \/>\n\t<meta property=\"og:image:type\" content=\"image\/jpeg\" \/>\n<meta name=\"twitter:card\" content=\"summary_large_image\" \/>\n<meta name=\"twitter:label1\" content=\"Temps estimat de lectura\" \/>\n\t<meta name=\"twitter:data1\" content=\"3 minuts\" \/>\n<script type=\"application\/ld+json\" class=\"yoast-schema-graph\">{\"@context\":\"https:\/\/schema.org\",\"@graph\":[{\"@type\":\"WebPage\",\"@id\":\"https:\/\/www.vidasignificativa.org\/vida-significativa\/ninos-de-acogida-locales\/\",\"url\":\"https:\/\/www.vidasignificativa.org\/vida-significativa\/ninos-de-acogida-locales\/\",\"name\":\"NI\u00d1@S DE ACOGIDA LOCALES - Vida Significativa\",\"isPartOf\":{\"@id\":\"https:\/\/www.vidasignificativa.org\/#website\"},\"primaryImageOfPage\":{\"@id\":\"https:\/\/www.vidasignificativa.org\/vida-significativa\/ninos-de-acogida-locales\/#primaryimage\"},\"image\":{\"@id\":\"https:\/\/www.vidasignificativa.org\/vida-significativa\/ninos-de-acogida-locales\/#primaryimage\"},\"thumbnailUrl\":\"https:\/\/www.vidasignificativa.org\/wp-content\/uploads\/2020\/04\/Proyecto-Centros-Acogida-locales-scaled.jpg\",\"datePublished\":\"2022-11-30T08:55:57+00:00\",\"dateModified\":\"2024-06-05T10:28:40+00:00\",\"description\":\"Colaboramos con diferentes centros de acogida de nuestro entorno m\u00e1s cercano, cubriendo econ\u00f3micamente determinadas carencias en alimentaci\u00f3n, ropa, instalaciones, higiene personal, excursiones, arte y cuentacuentos...\",\"breadcrumb\":{\"@id\":\"https:\/\/www.vidasignificativa.org\/vida-significativa\/ninos-de-acogida-locales\/#breadcrumb\"},\"inLanguage\":\"ca\",\"potentialAction\":[{\"@type\":\"ReadAction\",\"target\":[\"https:\/\/www.vidasignificativa.org\/vida-significativa\/ninos-de-acogida-locales\/\"]}]},{\"@type\":\"ImageObject\",\"inLanguage\":\"ca\",\"@id\":\"https:\/\/www.vidasignificativa.org\/vida-significativa\/ninos-de-acogida-locales\/#primaryimage\",\"url\":\"https:\/\/www.vidasignificativa.org\/wp-content\/uploads\/2020\/04\/Proyecto-Centros-Acogida-locales-scaled.jpg\",\"contentUrl\":\"https:\/\/www.vidasignificativa.org\/wp-content\/uploads\/2020\/04\/Proyecto-Centros-Acogida-locales-scaled.jpg\",\"width\":2560,\"height\":1439,\"caption\":\"Proyecto-Centros-Acogida-locales\"},{\"@type\":\"BreadcrumbList\",\"@id\":\"https:\/\/www.vidasignificativa.org\/vida-significativa\/ninos-de-acogida-locales\/#breadcrumb\",\"itemListElement\":[{\"@type\":\"ListItem\",\"position\":1,\"name\":\"Portada\",\"item\":\"https:\/\/www.vidasignificativa.org\/\"},{\"@type\":\"ListItem\",\"position\":2,\"name\":\"Portfolio\",\"item\":\"https:\/\/www.vidasignificativa.org\/vida-significativa\/\"},{\"@type\":\"ListItem\",\"position\":3,\"name\":\"NI\u00d1@S DE ACOGIDA LOCALES\"}]},{\"@type\":\"WebSite\",\"@id\":\"https:\/\/www.vidasignificativa.org\/#website\",\"url\":\"https:\/\/www.vidasignificativa.org\/\",\"name\":\"Vida Significativa\",\"description\":\"ONG\",\"publisher\":{\"@id\":\"https:\/\/www.vidasignificativa.org\/#organization\"},\"potentialAction\":[{\"@type\":\"SearchAction\",\"target\":{\"@type\":\"EntryPoint\",\"urlTemplate\":\"https:\/\/www.vidasignificativa.org\/?s={search_term_string}\"},\"query-input\":{\"@type\":\"PropertyValueSpecification\",\"valueRequired\":true,\"valueName\":\"search_term_string\"}}],\"inLanguage\":\"ca\"},{\"@type\":\"Organization\",\"@id\":\"https:\/\/www.vidasignificativa.org\/#organization\",\"name\":\"Vida Significativa\",\"url\":\"https:\/\/www.vidasignificativa.org\/\",\"logo\":{\"@type\":\"ImageObject\",\"inLanguage\":\"ca\",\"@id\":\"https:\/\/www.vidasignificativa.org\/#\/schema\/logo\/image\/\",\"url\":\"https:\/\/www.vidasignificativa.org\/wp-content\/uploads\/2024\/01\/vida-sginificativa-logo-700x700-1.jpg\",\"contentUrl\":\"https:\/\/www.vidasignificativa.org\/wp-content\/uploads\/2024\/01\/vida-sginificativa-logo-700x700-1.jpg\",\"width\":700,\"height\":700,\"caption\":\"Vida Significativa\"},\"image\":{\"@id\":\"https:\/\/www.vidasignificativa.org\/#\/schema\/logo\/image\/\"}}]}<\/script>\n<!-- \/ Yoast SEO plugin. -->","yoast_head_json":{"title":"NI\u00d1@S DE ACOGIDA LOCALES - Vida Significativa","description":"Colaboramos con diferentes centros de acogida de nuestro entorno m\u00e1s cercano, cubriendo econ\u00f3micamente determinadas carencias en alimentaci\u00f3n, ropa, instalaciones, higiene personal, excursiones, arte y cuentacuentos...","robots":{"index":"index","follow":"follow","max-snippet":"max-snippet:-1","max-image-preview":"max-image-preview:large","max-video-preview":"max-video-preview:-1"},"canonical":"https:\/\/www.vidasignificativa.org\/cat\/vida-significativa\/ninos-de-acogida-locales\/","og_locale":"ca_ES","og_type":"article","og_title":"NI\u00d1@S DE ACOGIDA LOCALES - Vida Significativa","og_description":"Colaboramos con diferentes centros de acogida de nuestro entorno m\u00e1s cercano, cubriendo econ\u00f3micamente determinadas carencias en alimentaci\u00f3n, ropa, instalaciones, higiene personal, excursiones, arte y cuentacuentos...","og_url":"https:\/\/www.vidasignificativa.org\/cat\/vida-significativa\/ninos-de-acogida-locales\/","og_site_name":"Vida Significativa","article_modified_time":"2024-06-05T10:28:40+00:00","og_image":[{"width":2560,"height":1439,"url":"https:\/\/www.vidasignificativa.org\/wp-content\/uploads\/2020\/04\/Proyecto-Centros-Acogida-locales-scaled.jpg","type":"image\/jpeg"}],"twitter_card":"summary_large_image","twitter_misc":{"Temps estimat de lectura":"3 minuts"},"schema":{"@context":"https:\/\/schema.org","@graph":[{"@type":"WebPage","@id":"https:\/\/www.vidasignificativa.org\/vida-significativa\/ninos-de-acogida-locales\/","url":"https:\/\/www.vidasignificativa.org\/vida-significativa\/ninos-de-acogida-locales\/","name":"NI\u00d1@S DE ACOGIDA LOCALES - Vida Significativa","isPartOf":{"@id":"https:\/\/www.vidasignificativa.org\/#website"},"primaryImageOfPage":{"@id":"https:\/\/www.vidasignificativa.org\/vida-significativa\/ninos-de-acogida-locales\/#primaryimage"},"image":{"@id":"https:\/\/www.vidasignificativa.org\/vida-significativa\/ninos-de-acogida-locales\/#primaryimage"},"thumbnailUrl":"https:\/\/www.vidasignificativa.org\/wp-content\/uploads\/2020\/04\/Proyecto-Centros-Acogida-locales-scaled.jpg","datePublished":"2022-11-30T08:55:57+00:00","dateModified":"2024-06-05T10:28:40+00:00","description":"Colaboramos con diferentes centros de acogida de nuestro entorno m\u00e1s cercano, cubriendo econ\u00f3micamente determinadas carencias en alimentaci\u00f3n, ropa, instalaciones, higiene personal, excursiones, arte y cuentacuentos...","breadcrumb":{"@id":"https:\/\/www.vidasignificativa.org\/vida-significativa\/ninos-de-acogida-locales\/#breadcrumb"},"inLanguage":"ca","potentialAction":[{"@type":"ReadAction","target":["https:\/\/www.vidasignificativa.org\/vida-significativa\/ninos-de-acogida-locales\/"]}]},{"@type":"ImageObject","inLanguage":"ca","@id":"https:\/\/www.vidasignificativa.org\/vida-significativa\/ninos-de-acogida-locales\/#primaryimage","url":"https:\/\/www.vidasignificativa.org\/wp-content\/uploads\/2020\/04\/Proyecto-Centros-Acogida-locales-scaled.jpg","contentUrl":"https:\/\/www.vidasignificativa.org\/wp-content\/uploads\/2020\/04\/Proyecto-Centros-Acogida-locales-scaled.jpg","width":2560,"height":1439,"caption":"Proyecto-Centros-Acogida-locales"},{"@type":"BreadcrumbList","@id":"https:\/\/www.vidasignificativa.org\/vida-significativa\/ninos-de-acogida-locales\/#breadcrumb","itemListElement":[{"@type":"ListItem","position":1,"name":"Portada","item":"https:\/\/www.vidasignificativa.org\/"},{"@type":"ListItem","position":2,"name":"Portfolio","item":"https:\/\/www.vidasignificativa.org\/vida-significativa\/"},{"@type":"ListItem","position":3,"name":"NI\u00d1@S DE ACOGIDA LOCALES"}]},{"@type":"WebSite","@id":"https:\/\/www.vidasignificativa.org\/#website","url":"https:\/\/www.vidasignificativa.org\/","name":"Vida Significativa","description":"ONG","publisher":{"@id":"https:\/\/www.vidasignificativa.org\/#organization"},"potentialAction":[{"@type":"SearchAction","target":{"@type":"EntryPoint","urlTemplate":"https:\/\/www.vidasignificativa.org\/?s={search_term_string}"},"query-input":{"@type":"PropertyValueSpecification","valueRequired":true,"valueName":"search_term_string"}}],"inLanguage":"ca"},{"@type":"Organization","@id":"https:\/\/www.vidasignificativa.org\/#organization","name":"Vida Significativa","url":"https:\/\/www.vidasignificativa.org\/","logo":{"@type":"ImageObject","inLanguage":"ca","@id":"https:\/\/www.vidasignificativa.org\/#\/schema\/logo\/image\/","url":"https:\/\/www.vidasignificativa.org\/wp-content\/uploads\/2024\/01\/vida-sginificativa-logo-700x700-1.jpg","contentUrl":"https:\/\/www.vidasignificativa.org\/wp-content\/uploads\/2024\/01\/vida-sginificativa-logo-700x700-1.jpg","width":700,"height":700,"caption":"Vida Significativa"},"image":{"@id":"https:\/\/www.vidasignificativa.org\/#\/schema\/logo\/image\/"}}]}},"_links":{"self":[{"href":"https:\/\/www.vidasignificativa.org\/cat\/wp-json\/wp\/v2\/avada_portfolio\/867"}],"collection":[{"href":"https:\/\/www.vidasignificativa.org\/cat\/wp-json\/wp\/v2\/avada_portfolio"}],"about":[{"href":"https:\/\/www.vidasignificativa.org\/cat\/wp-json\/wp\/v2\/types\/avada_portfolio"}],"author":[{"embeddable":true,"href":"https:\/\/www.vidasignificativa.org\/cat\/wp-json\/wp\/v2\/users\/1"}],"replies":[{"embeddable":true,"href":"https:\/\/www.vidasignificativa.org\/cat\/wp-json\/wp\/v2\/comments?post=867"}],"version-history":[{"count":4,"href":"https:\/\/www.vidasignificativa.org\/cat\/wp-json\/wp\/v2\/avada_portfolio\/867\/revisions"}],"predecessor-version":[{"id":5524,"href":"https:\/\/www.vidasignificativa.org\/cat\/wp-json\/wp\/v2\/avada_portfolio\/867\/revisions\/5524"}],"wp:featuredmedia":[{"embeddable":true,"href":"https:\/\/www.vidasignificativa.org\/cat\/wp-json\/wp\/v2\/media\/1569"}],"wp:attachment":[{"href":"https:\/\/www.vidasignificativa.org\/cat\/wp-json\/wp\/v2\/media?parent=867"}],"wp:term":[{"taxonomy":"portfolio_category","embeddable":true,"href":"https:\/\/www.vidasignificativa.org\/cat\/wp-json\/wp\/v2\/portfolio_category?post=867"},{"taxonomy":"portfolio_skills","embeddable":true,"href":"https:\/\/www.vidasignificativa.org\/cat\/wp-json\/wp\/v2\/portfolio_skills?post=867"},{"taxonomy":"portfolio_tags","embeddable":true,"href":"https:\/\/www.vidasignificativa.org\/cat\/wp-json\/wp\/v2\/portfolio_tags?post=867"}],"curies":[{"name":"wp","href":"https:\/\/api.w.org\/{rel}","templated":true}]}}