{"id":5513,"date":"2022-11-29T11:14:09","date_gmt":"2022-11-29T10:14:09","guid":{"rendered":"https:\/\/www.vidasignificativa.org\/?post_type=avada_portfolio&#038;p=5513"},"modified":"2024-06-05T11:21:22","modified_gmt":"2024-06-05T10:21:22","slug":"la-sonrisa-que-une","status":"publish","type":"avada_portfolio","link":"https:\/\/www.vidasignificativa.org\/cat\/vida-significativa\/la-sonrisa-que-une\/","title":{"rendered":"LA SONRISA QUE UNE"},"content":{"rendered":"<div class=\"fusion-fullwidth fullwidth-box fusion-builder-row-1 has-pattern-background has-mask-background hundred-percent-fullwidth non-hundred-percent-height-scrolling fusion-equal-height-columns\" style=\"--awb-background-position:left top;--awb-border-sizes-top:0px;--awb-border-sizes-bottom:0px;--awb-border-sizes-left:0px;--awb-border-sizes-right:0px;--awb-border-radius-top-left:0px;--awb-border-radius-top-right:0px;--awb-border-radius-bottom-right:0px;--awb-border-radius-bottom-left:0px;--awb-padding-top:0px;--awb-padding-right:0px;--awb-padding-bottom:0px;--awb-padding-left:0px;--awb-margin-top:100px;--awb-flex-wrap:wrap;\" ><div class=\"fusion-builder-row fusion-row\"><div class=\"fusion-layout-column fusion_builder_column fusion-builder-column-0 fusion_builder_column_2_3 2_3 fusion-two-third fusion-column-first\" style=\"--awb-padding-top:20px;--awb-padding-right:10%;--awb-padding-bottom:100px;--awb-padding-left:10%;--awb-bg-size:cover;--awb-margin-top:100px;--awb-margin-bottom:0px;\" data-scroll-devices=\"small-visibility,medium-visibility,large-visibility\"><div class=\"fusion-column-wrapper fusion-column-has-shadow fusion-flex-column-wrapper-legacy\"><div class=\"fusion-column-content-centered\"><div class=\"fusion-column-content\"><div class=\"fusion-title title fusion-title-1 fusion-sep-none fusion-title-text fusion-title-size-one\" style=\"--awb-margin-top:100px;\"><h1 class=\"fusion-title-heading title-heading-left\" style=\"margin:0;\">LA SONRISA QUE UNE<\/h1><\/div><div class=\"fusion-text fusion-text-1\"><h2>Introducci\u00f3n<\/h2>\n<\/div><div class=\"fusion-sep-clear\"><\/div><div class=\"fusion-separator fusion-clearfix\" style=\"float:left;margin-bottom:40px;width:100%;max-width:200px;;\"><div class=\"fusion-separator-border sep-single sep-solid\" style=\"--awb-height:20px;--awb-amount:20px;--awb-sep-color:#fec96b;border-color:#fec96b;border-top-width:3px;\"><\/div><\/div><div class=\"fusion-sep-clear\"><\/div><div class=\"fusion-text fusion-text-2 fusion-text-no-margin\" style=\"--awb-margin-bottom:30px;\"><p class=\"western\" lang=\"es-ES\"><span style=\"color: #002060;\"><span style=\"font-family: Georgia, serif;\"><span style=\"font-size: medium;\">Desde el coraz\u00f3n de una experiencia personal y la sonrisa contagiosa de Eric, &#8216;La Sonrisa que Une&#8217; nace como un movimiento dedicado a transformar la vida de menores tutelados a trav\u00e9s del acogimiento. Fundada por una mam\u00e1 de acogida que ha hecho de su misi\u00f3n de vida asegurar que ning\u00fan menor quede sin familia, nuestra iniciativa pretende tener un impacto positivo en la vida de miles de menores en Espa\u00f1a.<\/span><\/span><\/span><\/p>\n<\/div><div class=\"fusion-text fusion-text-3\" style=\"--awb-margin-top:20px;\"><h2>Misi\u00f3n y objetivos<\/h2>\n<\/div><div class=\"fusion-sep-clear\"><\/div><div class=\"fusion-separator fusion-clearfix\" style=\"float:left;margin-bottom:40px;width:100%;max-width:200px;;\"><div class=\"fusion-separator-border sep-single sep-solid\" style=\"--awb-height:20px;--awb-amount:20px;--awb-sep-color:#fec96b;border-color:#fec96b;border-top-width:3px;\"><\/div><\/div><div class=\"fusion-sep-clear\"><\/div><div class=\"fusion-text fusion-text-4 fusion-text-no-margin\" style=\"--awb-margin-bottom:30px;\"><p class=\"western\" lang=\"es-ES\"><span style=\"color: #002060;\"><span style=\"font-family: Georgia, serif;\"><span style=\"font-size: medium;\">Nuestra misi\u00f3n es sensibilizar y movilizar a la sociedad para aumentar el n\u00famero de familias de acogida y mejorar la vida de los menores tutelados. A trav\u00e9s de cuentos e historias que capturan el coraz\u00f3n y la realidad del acogimiento, aspiramos a construir una comunidad de apoyo y acci\u00f3n. Especialmente, nos comprometemos a dar voz a los casi 18,000 menores que viven en centros de acogida en Espa\u00f1a, contando sus historias y necesidades. Adem\u00e1s de visibilizar el acogimiento familiar, queremos recaudar fondos para financiar actividades destinadas a mejorar la vida de los menores que se encuentran en centros de acogida a la espera de encontrar una familia de acogida.<\/span><\/span><\/span><\/p>\n<\/div><div class=\"fusion-text fusion-text-5\" style=\"--awb-margin-top:20px;\"><h2>Actividades actuales<\/h2>\n<\/div><div class=\"fusion-sep-clear\"><\/div><div class=\"fusion-separator fusion-clearfix\" style=\"float:left;margin-bottom:40px;width:100%;max-width:200px;;\"><div class=\"fusion-separator-border sep-single sep-solid\" style=\"--awb-height:20px;--awb-amount:20px;--awb-sep-color:#fec96b;border-color:#fec96b;border-top-width:3px;\"><\/div><\/div><div class=\"fusion-sep-clear\"><\/div><div class=\"fusion-text fusion-text-6 fusion-text-no-margin\" style=\"--awb-margin-bottom:30px;\"><p class=\"western\" lang=\"es-ES\"><span style=\"color: #002060;\"><span style=\"font-family: Georgia, serif;\"><span style=\"font-size: medium;\">Actualmente, &#8216;La Sonrisa que Une&#8217; tiene una presencia activa en Instagram, donde compartimos historias inspiradoras, educamos sobre el acogimiento y conectamos con una audiencia global. Nuestros seguidores participan activamente en nuestra misi\u00f3n, extendiendo el mensaje y apoyando nuestra causa.<\/span><\/span><\/span><\/p>\n<\/div><div class=\"fusion-text fusion-text-7\" style=\"--awb-margin-top:20px;\"><h2>Proyectos en desarroyo<\/h2>\n<\/div><div class=\"fusion-sep-clear\"><\/div><div class=\"fusion-separator fusion-clearfix\" style=\"float:left;margin-bottom:40px;width:100%;max-width:200px;;\"><div class=\"fusion-separator-border sep-single sep-solid\" style=\"--awb-height:20px;--awb-amount:20px;--awb-sep-color:#fec96b;border-color:#fec96b;border-top-width:3px;\"><\/div><\/div><div class=\"fusion-sep-clear\"><\/div><div class=\"fusion-text fusion-text-8 fusion-text-no-margin\" style=\"--awb-margin-bottom:30px;\"><p class=\"western\" lang=\"es-ES\"><span style=\"color: #002060;\"><span style=\"font-family: Georgia, serif;\"><span style=\"font-size: medium;\">En &#8216;La Sonrisa que Une&#8217;, estamos creando una serie de cuentos que exploran la riqueza de las relaciones humanas, el valor incalculable de los v\u00ednculos afectivos y la importancia de una red de apoyo<\/span><\/span><\/span> <span style=\"color: #002060;\"><span style=\"font-family: Georgia, serif;\"><span style=\"font-size: medium;\">A trav\u00e9s de la historia de Eric, un beb\u00e9 con una sonrisa cautivadora, estos cuentos nos ense\u00f1an c\u00f3mo la solidaridad, la fortaleza y la compasi\u00f3n de las comunidades que apoyan a sus miembros m\u00e1s vulnerables pueden cambiar vidas.<\/span><\/span><\/span><\/p>\n<p class=\"western\" lang=\"es-ES\"><span style=\"color: #002060;\"><span style=\"font-family: Georgia, serif;\"><span style=\"font-size: medium;\">Y todo esto se da en algo tan esencial para muchos ni\u00f1os como es el acogimiento familiar, un marco que enriquece estas narrativas y refuerza la importancia de cada historia que contamos.<\/span><\/span><\/span><\/p>\n<p class=\"western\" lang=\"es-ES\"><span style=\"color: #002060;\"><span style=\"font-family: Georgia, serif;\"><span style=\"font-size: medium;\">Al final de cada cuento, un c\u00f3digo QR llevar\u00e1 a los lectores a gu\u00edas pedag\u00f3gicas que proporcionan una mayor comprensi\u00f3n de estos temas vitales.<\/span><\/span><\/span><\/p>\n<p class=\"western\" lang=\"es-ES\"><span style=\"color: #002060;\"><span style=\"font-family: Georgia, serif;\"><span style=\"font-size: medium;\">Nos entusiasma la idea de plasmar la historia de Eric en dos \u00e1lbumes ilustrados de gran formato, aunque requerimos algo de tiempo y fondos para completar la ilustraci\u00f3n y la edici\u00f3n. Nuestro objetivo es lanzar una campa\u00f1a de crowdfunding en noviembre y estamos convencidas que ser\u00e1 todo un \u00e9xito. Lo que nos permitir\u00e1 lanzar en diciembre los \u00e1lbumes ilustrados, ofreciendo as\u00ed una &#8216;herramienta&#8217; de lectura familiar enriquecedora justo a tiempo para la temporada navide\u00f1a. Este lanzamiento no solo busca fomentar el disfrute compartido de la lectura en familia, sino tambi\u00e9n canalizar ese esp\u00edritu de uni\u00f3n hacia el apoyo de los menores que viven en centros de acogida, haciendo que su Navidad sea tambi\u00e9n m\u00e1s especial y llena de esperanza.<\/span><\/span><\/span><\/p>\n<\/div><div class=\"fusion-text fusion-text-9\" style=\"--awb-margin-top:20px;\"><h2>\u00a1\u00danete a nosotros!<\/h2>\n<\/div><div class=\"fusion-sep-clear\"><\/div><div class=\"fusion-separator fusion-clearfix\" style=\"float:left;margin-bottom:40px;width:100%;max-width:200px;;\"><div class=\"fusion-separator-border sep-single sep-solid\" style=\"--awb-height:20px;--awb-amount:20px;--awb-sep-color:#fec96b;border-color:#fec96b;border-top-width:3px;\"><\/div><\/div><div class=\"fusion-sep-clear\"><\/div><div class=\"fusion-text fusion-text-10 fusion-text-no-margin\" style=\"--awb-margin-bottom:30px;\"><p class=\"western\" lang=\"es-ES\"><span style=\"color: #002060;\"><span style=\"font-family: Georgia, serif;\"><span style=\"font-size: medium;\"><b>\u00a1\u00danete a nosotros<\/b><\/span><\/span><\/span><span style=\"color: #002060;\"><span style=\"font-family: Georgia, serif;\"><span style=\"font-size: medium;\"> y aporta tus habilidades \u00fanicas o tu apoyo financiero! Para hacer este proyecto realidad necesitamos mucha ayuda. Si nuestro proyecto te ha conmovido y quieres ayudar, contacta con nosotros y cu\u00e9ntanos a qu\u00e9 te dedicas o qu\u00e9 crees que podr\u00edas aportar con las habilidades que tienes. Tu experiencia y tu pasi\u00f3n son clave para el \u00e9xito de este proyecto. \u00a1Esperamos con entusiasmo tu colaboraci\u00f3n!<\/span><\/span><\/span><\/p>\n<p class=\"western\" lang=\"es-ES\"><span style=\"color: #002060;\"><span style=\"font-family: Georgia, serif;\"><span style=\"font-size: medium;\">Contacta con nosotros a trav\u00e9s de nuestro Instagram, @lasonrisaqueune.<\/span><\/span><\/span><\/p>\n<\/div><div class=\"fusion-sharing-box fusion-sharing-box-1 boxed-icons has-taglines layout-floated layout-medium-floated layout-small-floated\" style=\"background-color:rgba(255,255,255,0);padding:0;--awb-layout:row;--awb-alignment-small:space-between;\" data-title=\"LA SONRISA QUE UNE\" data-description=\"LA SONRISA QUE UNE Introducci\u00f3n Desde el coraz\u00f3n de una experiencia personal y la sonrisa contagiosa de Eric, &#039;La Sonrisa que Une&#039; nace como un movimiento dedicado a transformar la vida de menores tutelados a trav\u00e9s del acogimiento. Fundada por una mam\u00e1 de acogida que\" data-link=\"https:\/\/www.vidasignificativa.org\/cat\/vida-significativa\/la-sonrisa-que-une\/\"><h4 class=\"tagline\" style=\"color:#1e1e1e;\">Comparteix aquest projecte a la teva plataforma<\/h4><div class=\"fusion-social-networks sharingbox-shortcode-icon-wrapper sharingbox-shortcode-icon-wrapper-1 boxed-icons\"><span><a href=\"https:\/\/www.facebook.com\/sharer.php?u=https%3A%2F%2Fwww.vidasignificativa.org%2Fcat%2Fvida-significativa%2Fla-sonrisa-que-une%2F&amp;t=LA%20SONRISA%20QUE%20UNE\" target=\"_blank\" rel=\"noreferrer\" title=\"Facebook\" aria-label=\"Facebook\" data-placement=\"top\" data-toggle=\"tooltip\" data-title=\"Facebook\"><i class=\"fusion-social-network-icon fusion-tooltip fusion-facebook awb-icon-facebook\" style=\"color:#ffffff;background-color:#3b5998;border-color:#3b5998;border-radius:0px;\" aria-hidden=\"true\"><\/i><\/a><\/span><span><a href=\"https:\/\/twitter.com\/share?text=LA%20SONRISA%20QUE%20UNE&amp;url=https%3A%2F%2Fwww.vidasignificativa.org%2Fcat%2Fvida-significativa%2Fla-sonrisa-que-une%2F\" target=\"_blank\" rel=\"noopener noreferrer\" title=\"X\" aria-label=\"X\" data-placement=\"top\" data-toggle=\"tooltip\" data-title=\"X\"><i class=\"fusion-social-network-icon fusion-tooltip fusion-twitter awb-icon-twitter\" style=\"color:#ffffff;background-color:#000000;border-color:#000000;border-radius:0px;\" aria-hidden=\"true\"><\/i><\/a><\/span><span><a href=\"https:\/\/www.linkedin.com\/shareArticle?mini=true&amp;url=https%3A%2F%2Fwww.vidasignificativa.org%2Fcat%2Fvida-significativa%2Fla-sonrisa-que-une%2F&amp;title=LA%20SONRISA%20QUE%20UNE&amp;summary=LA%20SONRISA%20QUE%20UNE%20%0D%0AIntroducci%C3%B3n%20%20%0D%0ADesde%20el%20coraz%C3%B3n%20de%20una%20experiencia%20personal%20y%20la%20sonrisa%20contagiosa%20de%20Eric%2C%20%26%2339%3BLa%20Sonrisa%20que%20Une%26%2339%3B%20nace%20como%20un%20movimiento%20dedicado%20a%20transformar%20la%20vida%20de%20menores%20tutelados%20a%20trav%C3%A9s%20del%20acogimiento.%20Fundada%20por%20una%20mam%C3%A1%20de%20acogida%20que\" target=\"_blank\" rel=\"noopener noreferrer\" title=\"LinkedIn\" aria-label=\"LinkedIn\" data-placement=\"top\" data-toggle=\"tooltip\" data-title=\"LinkedIn\"><i class=\"fusion-social-network-icon fusion-tooltip fusion-linkedin awb-icon-linkedin\" style=\"color:#ffffff;background-color:#0077b5;border-color:#0077b5;border-radius:0px;\" aria-hidden=\"true\"><\/i><\/a><\/span><span><a href=\"https:\/\/api.whatsapp.com\/send?text=https%3A%2F%2Fwww.vidasignificativa.org%2Fcat%2Fvida-significativa%2Fla-sonrisa-que-une%2F\" target=\"_blank\" rel=\"noopener noreferrer\" title=\"WhatsApp\" aria-label=\"WhatsApp\" data-placement=\"top\" data-toggle=\"tooltip\" data-title=\"WhatsApp\"><i class=\"fusion-social-network-icon fusion-tooltip fusion-whatsapp awb-icon-whatsapp\" style=\"color:#ffffff;background-color:#77e878;border-color:#77e878;border-radius:0px;\" aria-hidden=\"true\"><\/i><\/a><\/span><\/div><\/div><\/div><\/div><div class=\"fusion-clearfix\"><\/div><\/div><\/div><div class=\"fusion-layout-column fusion_builder_column fusion-builder-column-1 fusion_builder_column_1_3 1_3 fusion-one-third fusion-column-last\" style=\"--awb-padding-top:100px;--awb-padding-right:0px;--awb-padding-bottom:100px;--awb-padding-left:0px;--awb-bg-image:url(&#039;https:\/\/www.vidasignificativa.org\/wp-content\/uploads\/2024\/06\/lsqu_logotipo_color.png&#039;);--awb-bg-position:center center;--awb-bg-size:cover;--awb-margin-bottom:0px;\" data-scroll-devices=\"small-visibility,medium-visibility,large-visibility\"><div class=\"fusion-column-wrapper fusion-column-has-shadow fusion-flex-column-wrapper-legacy fusion-column-has-bg-image\" data-bg-url=\"https:\/\/www.vidasignificativa.org\/wp-content\/uploads\/2024\/06\/lsqu_logotipo_color.png\"><div class=\"fusion-column-content-centered\"><div class=\"fusion-column-content\"><div class=\"fusion-sep-clear\"><\/div><div class=\"fusion-separator fusion-full-width-sep\" style=\"margin-left: auto;margin-right: auto;margin-top:30px;width:100%;\"><\/div><div class=\"fusion-sep-clear\"><\/div><div class=\"fusion-aligncenter\"><a class=\"fusion-button button-flat fusion-button-default-size button-custom fusion-button-default button-1 fusion-button-default-span fusion-button-default-type\" style=\"--button_accent_color:#ffffff;--button_accent_hover_color:#fec96b;--button_border_hover_color:#fec96b;--button_border_width-top:2px;--button_border_width-right:2px;--button_border_width-bottom:2px;--button_border_width-left:2px;--button_gradient_top_color:rgba(254,201,107,0);--button_gradient_bottom_color:rgba(254,201,107,0);--button_gradient_top_color_hover:rgba(0,0,0,0);--button_gradient_bottom_color_hover:rgba(0,0,0,0);\" target=\"_self\" href=\"#\"><span class=\"fusion-button-text\">COL\u00b7LABORA<\/span><\/a><\/div><\/div><\/div><div class=\"fusion-clearfix\"><\/div><\/div><\/div><\/div><\/div>","protected":false},"excerpt":{"rendered":"","protected":false},"author":1,"featured_media":5520,"menu_order":0,"comment_status":"closed","ping_status":"closed","template":"","format":"standard","meta":{"give_campaign_id":0,"footnotes":""},"portfolio_category":[69,70,29],"portfolio_skills":[],"portfolio_tags":[],"yoast_head":"<!-- This site is optimized with the Yoast SEO plugin v24.0 - https:\/\/yoast.com\/wordpress\/plugins\/seo\/ -->\n<title>LA SONRISA QUE UNE - Vida Significativa<\/title>\n<meta name=\"description\" content=\"&#039;La Sonrisa que Une&#039; nace como un movimiento dedicado a transformar la vida de menores tutelados a trav\u00e9s del acogimiento.\" \/>\n<meta name=\"robots\" content=\"index, follow, max-snippet:-1, max-image-preview:large, max-video-preview:-1\" \/>\n<link rel=\"canonical\" href=\"https:\/\/www.vidasignificativa.org\/cat\/vida-significativa\/la-sonrisa-que-une\/\" \/>\n<meta property=\"og:locale\" content=\"ca_ES\" \/>\n<meta property=\"og:type\" content=\"article\" \/>\n<meta property=\"og:title\" content=\"LA SONRISA QUE UNE - Vida Significativa\" \/>\n<meta property=\"og:description\" content=\"&#039;La Sonrisa que Une&#039; nace como un movimiento dedicado a transformar la vida de menores tutelados a trav\u00e9s del acogimiento.\" \/>\n<meta property=\"og:url\" content=\"https:\/\/www.vidasignificativa.org\/cat\/vida-significativa\/la-sonrisa-que-une\/\" \/>\n<meta property=\"og:site_name\" content=\"Vida Significativa\" \/>\n<meta property=\"article:modified_time\" content=\"2024-06-05T10:21:22+00:00\" \/>\n<meta property=\"og:image\" content=\"https:\/\/www.vidasignificativa.org\/wp-content\/uploads\/2024\/06\/lsqu_logotipo_color.png\" \/>\n\t<meta property=\"og:image:width\" content=\"1025\" \/>\n\t<meta property=\"og:image:height\" content=\"1025\" \/>\n\t<meta property=\"og:image:type\" content=\"image\/png\" \/>\n<meta name=\"twitter:card\" content=\"summary_large_image\" \/>\n<meta name=\"twitter:label1\" content=\"Temps estimat de lectura\" \/>\n\t<meta name=\"twitter:data1\" content=\"4 minuts\" \/>\n<script type=\"application\/ld+json\" class=\"yoast-schema-graph\">{\"@context\":\"https:\/\/schema.org\",\"@graph\":[{\"@type\":\"WebPage\",\"@id\":\"https:\/\/www.vidasignificativa.org\/vida-significativa\/la-sonrisa-que-une\/\",\"url\":\"https:\/\/www.vidasignificativa.org\/vida-significativa\/la-sonrisa-que-une\/\",\"name\":\"LA SONRISA QUE UNE - Vida Significativa\",\"isPartOf\":{\"@id\":\"https:\/\/www.vidasignificativa.org\/#website\"},\"primaryImageOfPage\":{\"@id\":\"https:\/\/www.vidasignificativa.org\/vida-significativa\/la-sonrisa-que-une\/#primaryimage\"},\"image\":{\"@id\":\"https:\/\/www.vidasignificativa.org\/vida-significativa\/la-sonrisa-que-une\/#primaryimage\"},\"thumbnailUrl\":\"https:\/\/www.vidasignificativa.org\/wp-content\/uploads\/2024\/06\/lsqu_logotipo_color.png\",\"datePublished\":\"2022-11-29T10:14:09+00:00\",\"dateModified\":\"2024-06-05T10:21:22+00:00\",\"description\":\"'La Sonrisa que Une' nace como un movimiento dedicado a transformar la vida de menores tutelados a trav\u00e9s del acogimiento.\",\"breadcrumb\":{\"@id\":\"https:\/\/www.vidasignificativa.org\/vida-significativa\/la-sonrisa-que-une\/#breadcrumb\"},\"inLanguage\":\"ca\",\"potentialAction\":[{\"@type\":\"ReadAction\",\"target\":[\"https:\/\/www.vidasignificativa.org\/vida-significativa\/la-sonrisa-que-une\/\"]}]},{\"@type\":\"ImageObject\",\"inLanguage\":\"ca\",\"@id\":\"https:\/\/www.vidasignificativa.org\/vida-significativa\/la-sonrisa-que-une\/#primaryimage\",\"url\":\"https:\/\/www.vidasignificativa.org\/wp-content\/uploads\/2024\/06\/lsqu_logotipo_color.png\",\"contentUrl\":\"https:\/\/www.vidasignificativa.org\/wp-content\/uploads\/2024\/06\/lsqu_logotipo_color.png\",\"width\":1025,\"height\":1025},{\"@type\":\"BreadcrumbList\",\"@id\":\"https:\/\/www.vidasignificativa.org\/vida-significativa\/la-sonrisa-que-une\/#breadcrumb\",\"itemListElement\":[{\"@type\":\"ListItem\",\"position\":1,\"name\":\"Portada\",\"item\":\"https:\/\/www.vidasignificativa.org\/\"},{\"@type\":\"ListItem\",\"position\":2,\"name\":\"Portfolio\",\"item\":\"https:\/\/www.vidasignificativa.org\/vida-significativa\/\"},{\"@type\":\"ListItem\",\"position\":3,\"name\":\"LA SONRISA QUE UNE\"}]},{\"@type\":\"WebSite\",\"@id\":\"https:\/\/www.vidasignificativa.org\/#website\",\"url\":\"https:\/\/www.vidasignificativa.org\/\",\"name\":\"Vida Significativa\",\"description\":\"ONG\",\"publisher\":{\"@id\":\"https:\/\/www.vidasignificativa.org\/#organization\"},\"potentialAction\":[{\"@type\":\"SearchAction\",\"target\":{\"@type\":\"EntryPoint\",\"urlTemplate\":\"https:\/\/www.vidasignificativa.org\/?s={search_term_string}\"},\"query-input\":{\"@type\":\"PropertyValueSpecification\",\"valueRequired\":true,\"valueName\":\"search_term_string\"}}],\"inLanguage\":\"ca\"},{\"@type\":\"Organization\",\"@id\":\"https:\/\/www.vidasignificativa.org\/#organization\",\"name\":\"Vida Significativa\",\"url\":\"https:\/\/www.vidasignificativa.org\/\",\"logo\":{\"@type\":\"ImageObject\",\"inLanguage\":\"ca\",\"@id\":\"https:\/\/www.vidasignificativa.org\/#\/schema\/logo\/image\/\",\"url\":\"https:\/\/www.vidasignificativa.org\/wp-content\/uploads\/2024\/01\/vida-sginificativa-logo-700x700-1.jpg\",\"contentUrl\":\"https:\/\/www.vidasignificativa.org\/wp-content\/uploads\/2024\/01\/vida-sginificativa-logo-700x700-1.jpg\",\"width\":700,\"height\":700,\"caption\":\"Vida Significativa\"},\"image\":{\"@id\":\"https:\/\/www.vidasignificativa.org\/#\/schema\/logo\/image\/\"}}]}<\/script>\n<!-- \/ Yoast SEO plugin. -->","yoast_head_json":{"title":"LA SONRISA QUE UNE - Vida Significativa","description":"'La Sonrisa que Une' nace como un movimiento dedicado a transformar la vida de menores tutelados a trav\u00e9s del acogimiento.","robots":{"index":"index","follow":"follow","max-snippet":"max-snippet:-1","max-image-preview":"max-image-preview:large","max-video-preview":"max-video-preview:-1"},"canonical":"https:\/\/www.vidasignificativa.org\/cat\/vida-significativa\/la-sonrisa-que-une\/","og_locale":"ca_ES","og_type":"article","og_title":"LA SONRISA QUE UNE - Vida Significativa","og_description":"'La Sonrisa que Une' nace como un movimiento dedicado a transformar la vida de menores tutelados a trav\u00e9s del acogimiento.","og_url":"https:\/\/www.vidasignificativa.org\/cat\/vida-significativa\/la-sonrisa-que-une\/","og_site_name":"Vida Significativa","article_modified_time":"2024-06-05T10:21:22+00:00","og_image":[{"width":1025,"height":1025,"url":"https:\/\/www.vidasignificativa.org\/wp-content\/uploads\/2024\/06\/lsqu_logotipo_color.png","type":"image\/png"}],"twitter_card":"summary_large_image","twitter_misc":{"Temps estimat de lectura":"4 minuts"},"schema":{"@context":"https:\/\/schema.org","@graph":[{"@type":"WebPage","@id":"https:\/\/www.vidasignificativa.org\/vida-significativa\/la-sonrisa-que-une\/","url":"https:\/\/www.vidasignificativa.org\/vida-significativa\/la-sonrisa-que-une\/","name":"LA SONRISA QUE UNE - Vida Significativa","isPartOf":{"@id":"https:\/\/www.vidasignificativa.org\/#website"},"primaryImageOfPage":{"@id":"https:\/\/www.vidasignificativa.org\/vida-significativa\/la-sonrisa-que-une\/#primaryimage"},"image":{"@id":"https:\/\/www.vidasignificativa.org\/vida-significativa\/la-sonrisa-que-une\/#primaryimage"},"thumbnailUrl":"https:\/\/www.vidasignificativa.org\/wp-content\/uploads\/2024\/06\/lsqu_logotipo_color.png","datePublished":"2022-11-29T10:14:09+00:00","dateModified":"2024-06-05T10:21:22+00:00","description":"'La Sonrisa que Une' nace como un movimiento dedicado a transformar la vida de menores tutelados a trav\u00e9s del acogimiento.","breadcrumb":{"@id":"https:\/\/www.vidasignificativa.org\/vida-significativa\/la-sonrisa-que-une\/#breadcrumb"},"inLanguage":"ca","potentialAction":[{"@type":"ReadAction","target":["https:\/\/www.vidasignificativa.org\/vida-significativa\/la-sonrisa-que-une\/"]}]},{"@type":"ImageObject","inLanguage":"ca","@id":"https:\/\/www.vidasignificativa.org\/vida-significativa\/la-sonrisa-que-une\/#primaryimage","url":"https:\/\/www.vidasignificativa.org\/wp-content\/uploads\/2024\/06\/lsqu_logotipo_color.png","contentUrl":"https:\/\/www.vidasignificativa.org\/wp-content\/uploads\/2024\/06\/lsqu_logotipo_color.png","width":1025,"height":1025},{"@type":"BreadcrumbList","@id":"https:\/\/www.vidasignificativa.org\/vida-significativa\/la-sonrisa-que-une\/#breadcrumb","itemListElement":[{"@type":"ListItem","position":1,"name":"Portada","item":"https:\/\/www.vidasignificativa.org\/"},{"@type":"ListItem","position":2,"name":"Portfolio","item":"https:\/\/www.vidasignificativa.org\/vida-significativa\/"},{"@type":"ListItem","position":3,"name":"LA SONRISA QUE UNE"}]},{"@type":"WebSite","@id":"https:\/\/www.vidasignificativa.org\/#website","url":"https:\/\/www.vidasignificativa.org\/","name":"Vida Significativa","description":"ONG","publisher":{"@id":"https:\/\/www.vidasignificativa.org\/#organization"},"potentialAction":[{"@type":"SearchAction","target":{"@type":"EntryPoint","urlTemplate":"https:\/\/www.vidasignificativa.org\/?s={search_term_string}"},"query-input":{"@type":"PropertyValueSpecification","valueRequired":true,"valueName":"search_term_string"}}],"inLanguage":"ca"},{"@type":"Organization","@id":"https:\/\/www.vidasignificativa.org\/#organization","name":"Vida Significativa","url":"https:\/\/www.vidasignificativa.org\/","logo":{"@type":"ImageObject","inLanguage":"ca","@id":"https:\/\/www.vidasignificativa.org\/#\/schema\/logo\/image\/","url":"https:\/\/www.vidasignificativa.org\/wp-content\/uploads\/2024\/01\/vida-sginificativa-logo-700x700-1.jpg","contentUrl":"https:\/\/www.vidasignificativa.org\/wp-content\/uploads\/2024\/01\/vida-sginificativa-logo-700x700-1.jpg","width":700,"height":700,"caption":"Vida Significativa"},"image":{"@id":"https:\/\/www.vidasignificativa.org\/#\/schema\/logo\/image\/"}}]}},"_links":{"self":[{"href":"https:\/\/www.vidasignificativa.org\/cat\/wp-json\/wp\/v2\/avada_portfolio\/5513"}],"collection":[{"href":"https:\/\/www.vidasignificativa.org\/cat\/wp-json\/wp\/v2\/avada_portfolio"}],"about":[{"href":"https:\/\/www.vidasignificativa.org\/cat\/wp-json\/wp\/v2\/types\/avada_portfolio"}],"author":[{"embeddable":true,"href":"https:\/\/www.vidasignificativa.org\/cat\/wp-json\/wp\/v2\/users\/1"}],"replies":[{"embeddable":true,"href":"https:\/\/www.vidasignificativa.org\/cat\/wp-json\/wp\/v2\/comments?post=5513"}],"version-history":[{"count":8,"href":"https:\/\/www.vidasignificativa.org\/cat\/wp-json\/wp\/v2\/avada_portfolio\/5513\/revisions"}],"predecessor-version":[{"id":5522,"href":"https:\/\/www.vidasignificativa.org\/cat\/wp-json\/wp\/v2\/avada_portfolio\/5513\/revisions\/5522"}],"wp:featuredmedia":[{"embeddable":true,"href":"https:\/\/www.vidasignificativa.org\/cat\/wp-json\/wp\/v2\/media\/5520"}],"wp:attachment":[{"href":"https:\/\/www.vidasignificativa.org\/cat\/wp-json\/wp\/v2\/media?parent=5513"}],"wp:term":[{"taxonomy":"portfolio_category","embeddable":true,"href":"https:\/\/www.vidasignificativa.org\/cat\/wp-json\/wp\/v2\/portfolio_category?post=5513"},{"taxonomy":"portfolio_skills","embeddable":true,"href":"https:\/\/www.vidasignificativa.org\/cat\/wp-json\/wp\/v2\/portfolio_skills?post=5513"},{"taxonomy":"portfolio_tags","embeddable":true,"href":"https:\/\/www.vidasignificativa.org\/cat\/wp-json\/wp\/v2\/portfolio_tags?post=5513"}],"curies":[{"name":"wp","href":"https:\/\/api.w.org\/{rel}","templated":true}]}}