{"id":4309,"date":"2020-04-15T20:04:29","date_gmt":"2020-04-15T19:04:29","guid":{"rendered":"https:\/\/www.vidasignificativa.org\/?post_type=avada_portfolio&#038;p=4309"},"modified":"2024-01-22T00:02:26","modified_gmt":"2024-01-21T23:02:26","slug":"ucrania","status":"publish","type":"avada_portfolio","link":"https:\/\/www.vidasignificativa.org\/cat\/vida-significativa\/ucrania\/","title":{"rendered":"UCRA\u00cfNA"},"content":{"rendered":"<div class=\"fusion-fullwidth fullwidth-box fusion-builder-row-1 has-pattern-background has-mask-background hundred-percent-fullwidth non-hundred-percent-height-scrolling fusion-equal-height-columns\" style=\"--awb-background-position:left top;--awb-border-sizes-top:0px;--awb-border-sizes-bottom:0px;--awb-border-sizes-left:0px;--awb-border-sizes-right:0px;--awb-border-radius-top-left:0px;--awb-border-radius-top-right:0px;--awb-border-radius-bottom-right:0px;--awb-border-radius-bottom-left:0px;--awb-padding-top:0px;--awb-padding-right:0px;--awb-padding-bottom:0px;--awb-padding-left:0px;--awb-margin-top:100px;--awb-flex-wrap:wrap;\" ><div class=\"fusion-builder-row fusion-row\"><div class=\"fusion-layout-column fusion_builder_column fusion-builder-column-0 fusion_builder_column_2_3 2_3 fusion-two-third fusion-column-first\" style=\"--awb-padding-top:20px;--awb-padding-right:10%;--awb-padding-bottom:100px;--awb-padding-left:10%;--awb-bg-size:cover;--awb-margin-bottom:0px;\"><div class=\"fusion-column-wrapper fusion-column-has-shadow fusion-flex-column-wrapper-legacy\"><div class=\"fusion-column-content-centered\"><div class=\"fusion-column-content\"><div class=\"fusion-text fusion-text-1\"><h2>Acompanyant a persones refugiades i hospitals d'Ucra\u00efna<\/h2>\n<\/div><div class=\"fusion-sep-clear\"><\/div><div class=\"fusion-separator fusion-clearfix\" style=\"float:left;margin-bottom:40px;width:100%;max-width:200px;;\"><div class=\"fusion-separator-border sep-single sep-solid\" style=\"--awb-height:20px;--awb-amount:20px;--awb-sep-color:#fec96b;border-color:#fec96b;border-top-width:3px;\"><\/div><\/div><div class=\"fusion-sep-clear\"><\/div><div class=\"fusion-text fusion-text-2\"><p>ACCIONS ACTUALITZADES<\/p>\n<p>1) Els dies 29 d'octubre i 1-2 de novembre de 2022 vam fer una crida per a fer una <strong>Marat\u00f3n de mantas para Ucrania<\/strong>. Mantes que arribaran a l'Hospital San Mart\u00edn de la ciutat de Mukachevo (a prop de la frontera amb Hongria) gr\u00e0cies a la iniciativa d'una parella d'ucra\u00efnesos residents al Maresme (Barcelona). Des del Projecte Abriga liderem aquesta iniciativa i hem rebut mantes artesanes teixides amb llana procedents de tota Espanya, am\u00e8rica del Nord, Am\u00e8rica del Sud i alguns pa\u00efsos europeus. Cada manda \u00e9s \u00fanica i teixida, a vegades, per desenes de persones amb molt d'amor. El nostre objectiu \u00e9s abrigar i regalar color al centre sanitari i que les utilitzin per als llits del mateix hospital o del refugi antiaeri.<\/p>\n<p>2) Despr\u00e9s de col\u00b7laborar amb l'enviament d'alguns <strong>tr\u00e0ilers cap a la frontera Pol\u00f2nia-Ucra\u00efna<\/strong>, vam enviar l'\u00faltim cami\u00f3 cap a Romania i Ucra\u00efna en contacte amb l'\"Executive Committee of Renius town council of Odessa region\" (mar\u00e7-abril 2022).<\/p>\n<p>3) Vam realitzar un <strong>viatge en autocar de recollida de persones refugiades a Crac\u00f2via<\/strong>-, en coordinaci\u00f3 amb l'Ajuntament del Masnou, tenint const\u00e0ncia de qu\u00e8 hi havia places d'allotjament disponibles als llocs de dest\u00ed; molstes d'elles, de fam\u00edlies volunt\u00e0ries que es van oferir a la nostra organitzaci\u00f3 (mar\u00e7 2022).<\/p>\n<p>4) Hem assistit de forma hol\u00edstica a les <strong>37 persones refugiades<\/strong> que vam acompanyar des de Crac\u00f2via i a les <strong>fam\u00edlies acollidores<\/strong>, facilitant-los tot el que han necessitat, sempre en contacte amb els Ajuntaments corresponents. Un grup de persones volunt\u00e0ries encap\u00e7alat per l'Helena, la Carme, la Laura, la Iryna, la In\u00e9s, l'Svetlana, la Mar\u00eda, l'Eli i l'Annie han fet una labor d'inclusi\u00f3 extraordin\u00e0ria en tots els sentits (mar\u00e7-setembre 2022).<\/p>\n<\/div><div class=\"fusion-sharing-box fusion-sharing-box-1 boxed-icons has-taglines layout-floated layout-medium-floated layout-small-floated\" style=\"background-color:rgba(255,255,255,0);padding:0;--awb-layout:row;--awb-alignment-small:space-between;\" data-title=\"UCRANIA\" data-description=\"Acompa\u00f1ando a personas refugiadas y hospitales de Ucrania ACCIONES ACTUALIZADAS1) Los pasados 29 de octubre y 1-2 de noviembre 2022 hicimos un llamamiento para hacer una Marat\u00f3n de mantas para Ucrania. Mantas que llegar\u00e1n al Hospital San Mart\u00edn de la ciudad Mukachevo (cerca de la frontera con Hungr\u00eda) gracias a la iniciativa de una\" data-link=\"https:\/\/www.vidasignificativa.org\/cat\/vida-significativa\/ucrania\/\"><h4 class=\"tagline\" style=\"color:#1e1e1e;\">Comparteix el projecte, necessitem ajuda.<\/h4><div class=\"fusion-social-networks sharingbox-shortcode-icon-wrapper sharingbox-shortcode-icon-wrapper-1 boxed-icons\"><span><a href=\"https:\/\/www.facebook.com\/sharer.php?u=https%3A%2F%2Fwww.vidasignificativa.org%2Fcat%2Fvida-significativa%2Fucrania%2F&amp;t=UCRANIA\" target=\"_blank\" rel=\"noreferrer\" title=\"Facebook\" aria-label=\"Facebook\" data-placement=\"top\" data-toggle=\"tooltip\" data-title=\"Facebook\"><i class=\"fusion-social-network-icon fusion-tooltip fusion-facebook awb-icon-facebook\" style=\"color:#ffffff;background-color:#3b5998;border-color:#3b5998;border-radius:0px;\" aria-hidden=\"true\"><\/i><\/a><\/span><span><a href=\"https:\/\/twitter.com\/share?text=UCRANIA&amp;url=https%3A%2F%2Fwww.vidasignificativa.org%2Fcat%2Fvida-significativa%2Fucrania%2F\" target=\"_blank\" rel=\"noopener noreferrer\" title=\"X\" aria-label=\"X\" data-placement=\"top\" data-toggle=\"tooltip\" data-title=\"X\"><i class=\"fusion-social-network-icon fusion-tooltip fusion-twitter awb-icon-twitter\" style=\"color:#ffffff;background-color:#000000;border-color:#000000;border-radius:0px;\" aria-hidden=\"true\"><\/i><\/a><\/span><span><a href=\"https:\/\/www.linkedin.com\/shareArticle?mini=true&amp;url=https%3A%2F%2Fwww.vidasignificativa.org%2Fcat%2Fvida-significativa%2Fucrania%2F&amp;title=UCRANIA&amp;summary=Acompa%C3%B1ando%20a%20personas%20refugiadas%20y%20hospitales%20de%20Ucrania%20%20%0D%0A%0D%0AACCIONES%20ACTUALIZADAS%0D%0A%0D%0A1%29%20Los%20pasados%2029%20de%20octubre%20y%201-2%20de%20noviembre%202022%20hicimos%20un%20llamamiento%20para%20hacer%20una%20Marat%C3%B3n%20de%20mantas%20para%20Ucrania.%20Mantas%20que%20llegar%C3%A1n%20al%20Hospital%20San%20Mart%C3%ADn%20de%20la%20ciudad%20Mukachevo%20%28cerca%20de%20la%20frontera%20con%20Hungr%C3%ADa%29%20gracias%20a%20la%20iniciativa%20de%20una\" target=\"_blank\" rel=\"noopener noreferrer\" title=\"LinkedIn\" aria-label=\"LinkedIn\" data-placement=\"top\" data-toggle=\"tooltip\" data-title=\"LinkedIn\"><i class=\"fusion-social-network-icon fusion-tooltip fusion-linkedin awb-icon-linkedin\" style=\"color:#ffffff;background-color:#0077b5;border-color:#0077b5;border-radius:0px;\" aria-hidden=\"true\"><\/i><\/a><\/span><span><a href=\"https:\/\/api.whatsapp.com\/send?text=https%3A%2F%2Fwww.vidasignificativa.org%2Fcat%2Fvida-significativa%2Fucrania%2F\" target=\"_blank\" rel=\"noopener noreferrer\" title=\"WhatsApp\" aria-label=\"WhatsApp\" data-placement=\"top\" data-toggle=\"tooltip\" data-title=\"WhatsApp\"><i class=\"fusion-social-network-icon fusion-tooltip fusion-whatsapp awb-icon-whatsapp\" style=\"color:#ffffff;background-color:#77e878;border-color:#77e878;border-radius:0px;\" aria-hidden=\"true\"><\/i><\/a><\/span><\/div><\/div><\/div><\/div><div class=\"fusion-clearfix\"><\/div><\/div><\/div><div class=\"fusion-layout-column fusion_builder_column fusion-builder-column-1 fusion_builder_column_1_3 1_3 fusion-one-third fusion-column-last\" style=\"--awb-padding-top:100px;--awb-padding-right:0px;--awb-padding-bottom:100px;--awb-padding-left:0px;--awb-bg-image:url(&#039;https:\/\/www.vidasignificativa.org\/wp-content\/uploads\/2022\/02\/UCRAINA-PEACE-WEB.jpg&#039;);--awb-bg-position:center center;--awb-bg-size:cover;--awb-margin-bottom:0px;\"><div class=\"fusion-column-wrapper fusion-column-has-shadow fusion-flex-column-wrapper-legacy fusion-column-has-bg-image\" data-bg-url=\"https:\/\/www.vidasignificativa.org\/wp-content\/uploads\/2022\/02\/UCRAINA-PEACE-WEB.jpg\"><div class=\"fusion-column-content-centered\"><div class=\"fusion-column-content\"><div class=\"fusion-sep-clear\"><\/div><div class=\"fusion-separator fusion-full-width-sep\" style=\"margin-left: auto;margin-right: auto;margin-top:30px;width:100%;\"><\/div><div class=\"fusion-sep-clear\"><\/div><div class=\"fusion-aligncenter\"><a class=\"fusion-button button-flat fusion-button-default-size button-custom fusion-button-default button-1 fusion-button-default-span fusion-button-default-type\" style=\"--button_accent_color:#ffffff;--button_accent_hover_color:#fec96b;--button_border_hover_color:#fec96b;--button_border_width-top:2px;--button_border_width-right:2px;--button_border_width-bottom:2px;--button_border_width-left:2px;--button_gradient_top_color:rgba(254,201,107,0);--button_gradient_bottom_color:rgba(254,201,107,0);--button_gradient_top_color_hover:rgba(0,0,0,0);--button_gradient_bottom_color_hover:rgba(0,0,0,0);\" target=\"_self\" href=\"\/cat\/colabora\/\"><span class=\"fusion-button-text\">COL\u00b7LABORA<\/span><\/a><\/div><\/div><\/div><div class=\"fusion-clearfix\"><\/div><\/div><\/div><\/div><\/div>","protected":false},"excerpt":{"rendered":"","protected":false},"author":1,"featured_media":4520,"menu_order":0,"comment_status":"closed","ping_status":"closed","template":"","format":"standard","meta":{"give_campaign_id":0,"footnotes":""},"portfolio_category":[69,70,29],"portfolio_skills":[],"portfolio_tags":[],"yoast_head":"<!-- This site is optimized with the Yoast SEO plugin v24.0 - https:\/\/yoast.com\/wordpress\/plugins\/seo\/ -->\n<title>UCRANIA - Vida Significativa<\/title>\n<meta name=\"description\" content=\"Acciones de ayuda humanitaria para personas refugiadas de Ucrania y\/o personas ucranianas que se han quedado al pa\u00eds.\" \/>\n<meta name=\"robots\" content=\"index, follow, max-snippet:-1, max-image-preview:large, max-video-preview:-1\" \/>\n<link rel=\"canonical\" href=\"https:\/\/www.vidasignificativa.org\/cat\/vida-significativa\/ucrania\/\" \/>\n<meta property=\"og:locale\" content=\"ca_ES\" \/>\n<meta property=\"og:type\" content=\"article\" \/>\n<meta property=\"og:title\" content=\"UCRANIA - Vida Significativa\" \/>\n<meta property=\"og:description\" content=\"Acciones de ayuda humanitaria para personas refugiadas de Ucrania y\/o personas ucranianas que se han quedado al pa\u00eds.\" \/>\n<meta property=\"og:url\" content=\"https:\/\/www.vidasignificativa.org\/cat\/vida-significativa\/ucrania\/\" \/>\n<meta property=\"og:site_name\" content=\"Vida Significativa\" \/>\n<meta property=\"article:modified_time\" content=\"2024-01-21T23:02:26+00:00\" \/>\n<meta property=\"og:image\" content=\"https:\/\/www.vidasignificativa.org\/wp-content\/uploads\/2020\/04\/WhatsApp-Image-2022-10-30-at-07.43.11.jpeg\" \/>\n\t<meta property=\"og:image:width\" content=\"1500\" \/>\n\t<meta property=\"og:image:height\" content=\"2000\" \/>\n\t<meta property=\"og:image:type\" content=\"image\/jpeg\" \/>\n<meta name=\"twitter:card\" content=\"summary_large_image\" \/>\n<meta name=\"twitter:label1\" content=\"Temps estimat de lectura\" \/>\n\t<meta name=\"twitter:data1\" content=\"4 minuts\" \/>\n<script type=\"application\/ld+json\" class=\"yoast-schema-graph\">{\"@context\":\"https:\/\/schema.org\",\"@graph\":[{\"@type\":\"WebPage\",\"@id\":\"https:\/\/www.vidasignificativa.org\/vida-significativa\/ucrania\/\",\"url\":\"https:\/\/www.vidasignificativa.org\/vida-significativa\/ucrania\/\",\"name\":\"UCRANIA - Vida Significativa\",\"isPartOf\":{\"@id\":\"https:\/\/www.vidasignificativa.org\/#website\"},\"primaryImageOfPage\":{\"@id\":\"https:\/\/www.vidasignificativa.org\/vida-significativa\/ucrania\/#primaryimage\"},\"image\":{\"@id\":\"https:\/\/www.vidasignificativa.org\/vida-significativa\/ucrania\/#primaryimage\"},\"thumbnailUrl\":\"https:\/\/www.vidasignificativa.org\/wp-content\/uploads\/2020\/04\/WhatsApp-Image-2022-10-30-at-07.43.11.jpeg\",\"datePublished\":\"2020-04-15T19:04:29+00:00\",\"dateModified\":\"2024-01-21T23:02:26+00:00\",\"description\":\"Acciones de ayuda humanitaria para personas refugiadas de Ucrania y\/o personas ucranianas que se han quedado al pa\u00eds.\",\"breadcrumb\":{\"@id\":\"https:\/\/www.vidasignificativa.org\/vida-significativa\/ucrania\/#breadcrumb\"},\"inLanguage\":\"ca\",\"potentialAction\":[{\"@type\":\"ReadAction\",\"target\":[\"https:\/\/www.vidasignificativa.org\/vida-significativa\/ucrania\/\"]}]},{\"@type\":\"ImageObject\",\"inLanguage\":\"ca\",\"@id\":\"https:\/\/www.vidasignificativa.org\/vida-significativa\/ucrania\/#primaryimage\",\"url\":\"https:\/\/www.vidasignificativa.org\/wp-content\/uploads\/2020\/04\/WhatsApp-Image-2022-10-30-at-07.43.11.jpeg\",\"contentUrl\":\"https:\/\/www.vidasignificativa.org\/wp-content\/uploads\/2020\/04\/WhatsApp-Image-2022-10-30-at-07.43.11.jpeg\",\"width\":1500,\"height\":2000},{\"@type\":\"BreadcrumbList\",\"@id\":\"https:\/\/www.vidasignificativa.org\/vida-significativa\/ucrania\/#breadcrumb\",\"itemListElement\":[{\"@type\":\"ListItem\",\"position\":1,\"name\":\"Portada\",\"item\":\"https:\/\/www.vidasignificativa.org\/\"},{\"@type\":\"ListItem\",\"position\":2,\"name\":\"Portfolio\",\"item\":\"https:\/\/www.vidasignificativa.org\/vida-significativa\/\"},{\"@type\":\"ListItem\",\"position\":3,\"name\":\"UCRANIA\"}]},{\"@type\":\"WebSite\",\"@id\":\"https:\/\/www.vidasignificativa.org\/#website\",\"url\":\"https:\/\/www.vidasignificativa.org\/\",\"name\":\"Vida Significativa\",\"description\":\"ONG\",\"publisher\":{\"@id\":\"https:\/\/www.vidasignificativa.org\/#organization\"},\"potentialAction\":[{\"@type\":\"SearchAction\",\"target\":{\"@type\":\"EntryPoint\",\"urlTemplate\":\"https:\/\/www.vidasignificativa.org\/?s={search_term_string}\"},\"query-input\":{\"@type\":\"PropertyValueSpecification\",\"valueRequired\":true,\"valueName\":\"search_term_string\"}}],\"inLanguage\":\"ca\"},{\"@type\":\"Organization\",\"@id\":\"https:\/\/www.vidasignificativa.org\/#organization\",\"name\":\"Vida Significativa\",\"url\":\"https:\/\/www.vidasignificativa.org\/\",\"logo\":{\"@type\":\"ImageObject\",\"inLanguage\":\"ca\",\"@id\":\"https:\/\/www.vidasignificativa.org\/#\/schema\/logo\/image\/\",\"url\":\"https:\/\/www.vidasignificativa.org\/wp-content\/uploads\/2024\/01\/vida-sginificativa-logo-700x700-1.jpg\",\"contentUrl\":\"https:\/\/www.vidasignificativa.org\/wp-content\/uploads\/2024\/01\/vida-sginificativa-logo-700x700-1.jpg\",\"width\":700,\"height\":700,\"caption\":\"Vida Significativa\"},\"image\":{\"@id\":\"https:\/\/www.vidasignificativa.org\/#\/schema\/logo\/image\/\"}}]}<\/script>\n<!-- \/ Yoast SEO plugin. -->","yoast_head_json":{"title":"UCRANIA - Vida Significativa","description":"Acciones de ayuda humanitaria para personas refugiadas de Ucrania y\/o personas ucranianas que se han quedado al pa\u00eds.","robots":{"index":"index","follow":"follow","max-snippet":"max-snippet:-1","max-image-preview":"max-image-preview:large","max-video-preview":"max-video-preview:-1"},"canonical":"https:\/\/www.vidasignificativa.org\/cat\/vida-significativa\/ucrania\/","og_locale":"ca_ES","og_type":"article","og_title":"UCRANIA - Vida Significativa","og_description":"Acciones de ayuda humanitaria para personas refugiadas de Ucrania y\/o personas ucranianas que se han quedado al pa\u00eds.","og_url":"https:\/\/www.vidasignificativa.org\/cat\/vida-significativa\/ucrania\/","og_site_name":"Vida Significativa","article_modified_time":"2024-01-21T23:02:26+00:00","og_image":[{"width":1500,"height":2000,"url":"https:\/\/www.vidasignificativa.org\/wp-content\/uploads\/2020\/04\/WhatsApp-Image-2022-10-30-at-07.43.11.jpeg","type":"image\/jpeg"}],"twitter_card":"summary_large_image","twitter_misc":{"Temps estimat de lectura":"4 minuts"},"schema":{"@context":"https:\/\/schema.org","@graph":[{"@type":"WebPage","@id":"https:\/\/www.vidasignificativa.org\/vida-significativa\/ucrania\/","url":"https:\/\/www.vidasignificativa.org\/vida-significativa\/ucrania\/","name":"UCRANIA - Vida Significativa","isPartOf":{"@id":"https:\/\/www.vidasignificativa.org\/#website"},"primaryImageOfPage":{"@id":"https:\/\/www.vidasignificativa.org\/vida-significativa\/ucrania\/#primaryimage"},"image":{"@id":"https:\/\/www.vidasignificativa.org\/vida-significativa\/ucrania\/#primaryimage"},"thumbnailUrl":"https:\/\/www.vidasignificativa.org\/wp-content\/uploads\/2020\/04\/WhatsApp-Image-2022-10-30-at-07.43.11.jpeg","datePublished":"2020-04-15T19:04:29+00:00","dateModified":"2024-01-21T23:02:26+00:00","description":"Acciones de ayuda humanitaria para personas refugiadas de Ucrania y\/o personas ucranianas que se han quedado al pa\u00eds.","breadcrumb":{"@id":"https:\/\/www.vidasignificativa.org\/vida-significativa\/ucrania\/#breadcrumb"},"inLanguage":"ca","potentialAction":[{"@type":"ReadAction","target":["https:\/\/www.vidasignificativa.org\/vida-significativa\/ucrania\/"]}]},{"@type":"ImageObject","inLanguage":"ca","@id":"https:\/\/www.vidasignificativa.org\/vida-significativa\/ucrania\/#primaryimage","url":"https:\/\/www.vidasignificativa.org\/wp-content\/uploads\/2020\/04\/WhatsApp-Image-2022-10-30-at-07.43.11.jpeg","contentUrl":"https:\/\/www.vidasignificativa.org\/wp-content\/uploads\/2020\/04\/WhatsApp-Image-2022-10-30-at-07.43.11.jpeg","width":1500,"height":2000},{"@type":"BreadcrumbList","@id":"https:\/\/www.vidasignificativa.org\/vida-significativa\/ucrania\/#breadcrumb","itemListElement":[{"@type":"ListItem","position":1,"name":"Portada","item":"https:\/\/www.vidasignificativa.org\/"},{"@type":"ListItem","position":2,"name":"Portfolio","item":"https:\/\/www.vidasignificativa.org\/vida-significativa\/"},{"@type":"ListItem","position":3,"name":"UCRANIA"}]},{"@type":"WebSite","@id":"https:\/\/www.vidasignificativa.org\/#website","url":"https:\/\/www.vidasignificativa.org\/","name":"Vida Significativa","description":"ONG","publisher":{"@id":"https:\/\/www.vidasignificativa.org\/#organization"},"potentialAction":[{"@type":"SearchAction","target":{"@type":"EntryPoint","urlTemplate":"https:\/\/www.vidasignificativa.org\/?s={search_term_string}"},"query-input":{"@type":"PropertyValueSpecification","valueRequired":true,"valueName":"search_term_string"}}],"inLanguage":"ca"},{"@type":"Organization","@id":"https:\/\/www.vidasignificativa.org\/#organization","name":"Vida Significativa","url":"https:\/\/www.vidasignificativa.org\/","logo":{"@type":"ImageObject","inLanguage":"ca","@id":"https:\/\/www.vidasignificativa.org\/#\/schema\/logo\/image\/","url":"https:\/\/www.vidasignificativa.org\/wp-content\/uploads\/2024\/01\/vida-sginificativa-logo-700x700-1.jpg","contentUrl":"https:\/\/www.vidasignificativa.org\/wp-content\/uploads\/2024\/01\/vida-sginificativa-logo-700x700-1.jpg","width":700,"height":700,"caption":"Vida Significativa"},"image":{"@id":"https:\/\/www.vidasignificativa.org\/#\/schema\/logo\/image\/"}}]}},"_links":{"self":[{"href":"https:\/\/www.vidasignificativa.org\/cat\/wp-json\/wp\/v2\/avada_portfolio\/4309"}],"collection":[{"href":"https:\/\/www.vidasignificativa.org\/cat\/wp-json\/wp\/v2\/avada_portfolio"}],"about":[{"href":"https:\/\/www.vidasignificativa.org\/cat\/wp-json\/wp\/v2\/types\/avada_portfolio"}],"author":[{"embeddable":true,"href":"https:\/\/www.vidasignificativa.org\/cat\/wp-json\/wp\/v2\/users\/1"}],"replies":[{"embeddable":true,"href":"https:\/\/www.vidasignificativa.org\/cat\/wp-json\/wp\/v2\/comments?post=4309"}],"version-history":[{"count":1,"href":"https:\/\/www.vidasignificativa.org\/cat\/wp-json\/wp\/v2\/avada_portfolio\/4309\/revisions"}],"predecessor-version":[{"id":5229,"href":"https:\/\/www.vidasignificativa.org\/cat\/wp-json\/wp\/v2\/avada_portfolio\/4309\/revisions\/5229"}],"wp:featuredmedia":[{"embeddable":true,"href":"https:\/\/www.vidasignificativa.org\/cat\/wp-json\/wp\/v2\/media\/4520"}],"wp:attachment":[{"href":"https:\/\/www.vidasignificativa.org\/cat\/wp-json\/wp\/v2\/media?parent=4309"}],"wp:term":[{"taxonomy":"portfolio_category","embeddable":true,"href":"https:\/\/www.vidasignificativa.org\/cat\/wp-json\/wp\/v2\/portfolio_category?post=4309"},{"taxonomy":"portfolio_skills","embeddable":true,"href":"https:\/\/www.vidasignificativa.org\/cat\/wp-json\/wp\/v2\/portfolio_skills?post=4309"},{"taxonomy":"portfolio_tags","embeddable":true,"href":"https:\/\/www.vidasignificativa.org\/cat\/wp-json\/wp\/v2\/portfolio_tags?post=4309"}],"curies":[{"name":"wp","href":"https:\/\/api.w.org\/{rel}","templated":true}]}}