{"id":3459,"date":"2022-11-22T15:45:58","date_gmt":"2022-11-22T14:45:58","guid":{"rendered":"https:\/\/www.vidasignificativa.org\/?post_type=avada_portfolio&#038;p=3459"},"modified":"2024-01-21T23:58:58","modified_gmt":"2024-01-21T22:58:58","slug":"honduras","status":"publish","type":"avada_portfolio","link":"https:\/\/www.vidasignificativa.org\/cat\/vida-significativa\/honduras\/","title":{"rendered":"HONDURAS"},"content":{"rendered":"<p><div class=\"fusion-fullwidth fullwidth-box fusion-builder-row-1 has-pattern-background has-mask-background hundred-percent-fullwidth non-hundred-percent-height-scrolling fusion-equal-height-columns\" style=\"--awb-background-position:left top;--awb-border-sizes-top:0px;--awb-border-sizes-bottom:0px;--awb-border-sizes-left:0px;--awb-border-sizes-right:0px;--awb-border-radius-top-left:0px;--awb-border-radius-top-right:0px;--awb-border-radius-bottom-right:0px;--awb-border-radius-bottom-left:0px;--awb-padding-top:0px;--awb-padding-right:0px;--awb-padding-bottom:0px;--awb-padding-left:0px;--awb-margin-top:100px;--awb-flex-wrap:wrap;\" ><div class=\"fusion-builder-row fusion-row\"><div class=\"fusion-layout-column fusion_builder_column fusion-builder-column-0 fusion_builder_column_1_1 1_1 fusion-one-full fusion-column-first fusion-column-last\" style=\"--awb-padding-top:20px;--awb-padding-right:10%;--awb-padding-bottom:100px;--awb-padding-left:10%;--awb-bg-size:cover;--awb-margin-bottom:0px;\"><div class=\"fusion-column-wrapper fusion-column-has-shadow fusion-flex-column-wrapper-legacy\"><div class=\"fusion-column-content-centered\"><div class=\"fusion-column-content\"><div class=\"fusion-text fusion-text-1\"><h2>COOPERACI\u00d3 A HONDURES<\/h2>\n<\/div><div class=\"fusion-sep-clear\"><\/div><div class=\"fusion-separator fusion-clearfix\" style=\"float:left;margin-bottom:40px;width:100%;max-width:200px;;\"><div class=\"fusion-separator-border sep-single sep-solid\" style=\"--awb-height:20px;--awb-amount:20px;--awb-sep-color:#fec96b;border-color:#fec96b;border-top-width:3px;\"><\/div><\/div><div class=\"fusion-sep-clear\"><\/div><div class=\"fusion-text fusion-text-2\"><p>Nuestras acciones y colaboraciones en el pa\u00eds centroamericano son estas:<\/p>\n<\/div><\/div><\/div><div class=\"fusion-clearfix\"><\/div><\/div><\/div><\/div><\/div><div class=\"fusion-fullwidth fullwidth-box fusion-builder-row-2 fusion-flex-container nonhundred-percent-fullwidth non-hundred-percent-height-scrolling\" style=\"--awb-border-radius-top-left:0px;--awb-border-radius-top-right:0px;--awb-border-radius-bottom-right:0px;--awb-border-radius-bottom-left:0px;--awb-flex-wrap:wrap;\" ><div class=\"fusion-builder-row fusion-row fusion-flex-align-items-flex-start fusion-flex-content-wrap\" style=\"max-width:1216.8px;margin-left: calc(-4% \/ 2 );margin-right: calc(-4% \/ 2 );\"><div class=\"fusion-layout-column fusion_builder_column fusion-builder-column-1 fusion_builder_column_1_3 1_3 fusion-flex-column\" style=\"--awb-bg-size:cover;--awb-width-large:33.333333333333%;--awb-margin-top-large:0px;--awb-spacing-right-large:5.76%;--awb-margin-bottom-large:20px;--awb-spacing-left-large:5.76%;--awb-width-medium:100%;--awb-order-medium:0;--awb-spacing-right-medium:1.92%;--awb-spacing-left-medium:1.92%;--awb-width-small:100%;--awb-order-small:0;--awb-spacing-right-small:1.92%;--awb-spacing-left-small:1.92%;\"><div class=\"fusion-column-wrapper fusion-column-has-shadow fusion-flex-justify-content-flex-start fusion-content-layout-column\"><div class=\"fusion-video fusion-youtube\" style=\"--awb-max-width:600px;--awb-max-height:360px;\"><div class=\"video-shortcode\"><div class=\"fluid-width-video-wrapper\" style=\"padding-top:60%;\" ><iframe title=\"YouTube video player 1\" src=\"https:\/\/www.youtube.com\/embed\/aF9Uk3WXr4o?wmode=transparent&autoplay=0\" width=\"600\" height=\"360\" allowfullscreen allow=\"autoplay; fullscreen\"><\/iframe><\/div><\/div><\/div><div class=\"fusion-text fusion-text-3\" style=\"--awb-margin-top:30px;\"><p style=\"text-align: center;\"><strong>KEVIN Y NICOL<\/strong><\/p>\n<\/div><div class=\"fusion-text fusion-text-4\"><p style=\"text-align: center;\">Queremos operar a los 2 hermanos en Espa\u00f1a. Estamos en proceso de concretar el lugar y la fecha de las operaciones.<\/p>\n<\/div><div style=\"text-align:center;\"><a class=\"fusion-button button-flat fusion-button-default-size button-default fusion-button-default button-1 fusion-button-default-span fusion-button-default-type\" target=\"_self\" href=\"https:\/\/www.vidasignificativa.org\/cat\/donations\/donation-form\/\"><span class=\"fusion-button-text\">\u00bfNOS AYUDAS?<\/span><\/a><\/div><\/div><\/div><div class=\"fusion-layout-column fusion_builder_column fusion-builder-column-2 fusion_builder_column_1_3 1_3 fusion-flex-column\" style=\"--awb-bg-size:cover;--awb-width-large:33.333333333333%;--awb-margin-top-large:0px;--awb-spacing-right-large:5.76%;--awb-margin-bottom-large:20px;--awb-spacing-left-large:5.76%;--awb-width-medium:100%;--awb-order-medium:0;--awb-spacing-right-medium:1.92%;--awb-spacing-left-medium:1.92%;--awb-width-small:100%;--awb-order-small:0;--awb-spacing-right-small:1.92%;--awb-spacing-left-small:1.92%;\"><div class=\"fusion-column-wrapper fusion-column-has-shadow fusion-flex-justify-content-flex-start fusion-content-layout-column\"><div class=\"fusion-video fusion-youtube\" style=\"--awb-max-width:600px;--awb-max-height:360px;\"><div class=\"video-shortcode\"><div class=\"fluid-width-video-wrapper\" style=\"padding-top:60%;\" ><iframe title=\"YouTube video player 2\" src=\"https:\/\/www.youtube.com\/embed\/-WNKULqUyTA?wmode=transparent&autoplay=0\" width=\"600\" height=\"360\" allowfullscreen allow=\"autoplay; fullscreen\"><\/iframe><\/div><\/div><\/div><div class=\"fusion-text fusion-text-5\" style=\"--awb-margin-top:30px;\"><p style=\"text-align: center;\"><strong>BECAS ESCOLARES<\/strong><\/p>\n<\/div><div class=\"fusion-text fusion-text-6\"><p style=\"text-align: center;\">Becas para alumnos brillantes que no se lo pueden permitir econ\u00f3micamente.<\/p>\n<\/div><div style=\"text-align:center;\"><a class=\"fusion-button button-flat fusion-button-default-size button-default fusion-button-default button-2 fusion-button-default-span fusion-button-default-type\" target=\"_self\" href=\"https:\/\/www.vidasignificativa.org\/cat\/donations\/donation-form\/\"><span class=\"fusion-button-text\">\u00bfNOS AYUDAS?<\/span><\/a><\/div><\/div><\/div><div class=\"fusion-layout-column fusion_builder_column fusion-builder-column-3 fusion_builder_column_1_3 1_3 fusion-flex-column\" style=\"--awb-bg-size:cover;--awb-width-large:33.333333333333%;--awb-margin-top-large:0px;--awb-spacing-right-large:5.76%;--awb-margin-bottom-large:20px;--awb-spacing-left-large:5.76%;--awb-width-medium:100%;--awb-order-medium:0;--awb-spacing-right-medium:1.92%;--awb-spacing-left-medium:1.92%;--awb-width-small:100%;--awb-order-small:0;--awb-spacing-right-small:1.92%;--awb-spacing-left-small:1.92%;\"><div class=\"fusion-column-wrapper fusion-column-has-shadow fusion-flex-justify-content-flex-start fusion-content-layout-column\"><div class=\"fusion-image-element\" style=\"--awb-caption-title-font-family:var(--h2_typography-font-family);--awb-caption-title-font-weight:var(--h2_typography-font-weight);--awb-caption-title-font-style:var(--h2_typography-font-style);--awb-caption-title-size:var(--h2_typography-font-size);--awb-caption-title-transform:var(--h2_typography-text-transform);--awb-caption-title-line-height:var(--h2_typography-line-height);--awb-caption-title-letter-spacing:var(--h2_typography-letter-spacing);\"><span class=\"fusion-imageframe imageframe-none imageframe-1 hover-type-none\"><img decoding=\"async\" width=\"900\" height=\"675\" title=\"Mesas rotas petita\" src=\"https:\/\/www.vidasignificativa.org\/wp-content\/uploads\/2022\/11\/Mesas-rotas-petita.jpg\" alt class=\"img-responsive wp-image-4665\" srcset=\"https:\/\/www.vidasignificativa.org\/wp-content\/uploads\/2022\/11\/Mesas-rotas-petita-200x150.jpg 200w, https:\/\/www.vidasignificativa.org\/wp-content\/uploads\/2022\/11\/Mesas-rotas-petita-400x300.jpg 400w, https:\/\/www.vidasignificativa.org\/wp-content\/uploads\/2022\/11\/Mesas-rotas-petita-600x450.jpg 600w, https:\/\/www.vidasignificativa.org\/wp-content\/uploads\/2022\/11\/Mesas-rotas-petita-800x600.jpg 800w, https:\/\/www.vidasignificativa.org\/wp-content\/uploads\/2022\/11\/Mesas-rotas-petita.jpg 900w\" sizes=\"(max-width: 1024px) 100vw, (max-width: 640px) 100vw, 400px\" \/><\/span><\/div><div class=\"fusion-text fusion-text-7\" style=\"--awb-margin-top:30px;\"><p style=\"text-align: center;\"><strong>ESCUELAS RURALES<\/strong><\/p>\n<\/div><div class=\"fusion-text fusion-text-8\"><p style=\"text-align: center;\">Colaboramos en mejorar las aulas, los edificios y en dotar de materiales educativos para una mejor inclusi\u00f3n del alumnado.<\/p>\n<\/div><div style=\"text-align:center;\"><a class=\"fusion-button button-flat fusion-button-default-size button-default fusion-button-default button-3 fusion-button-default-span fusion-button-default-type\" target=\"_self\" href=\"https:\/\/www.vidasignificativa.org\/cat\/donations\/donation-form\/\"><span class=\"fusion-button-text\">\u00bfNOS AYUDAS?<\/span><\/a><\/div><\/div><\/div><\/div><\/div><div class=\"fusion-fullwidth fullwidth-box fusion-builder-row-3 hundred-percent-fullwidth non-hundred-percent-height-scrolling fusion-equal-height-columns\" style=\"--awb-background-position:left top;--awb-border-sizes-top:0px;--awb-border-sizes-bottom:0px;--awb-border-sizes-left:0px;--awb-border-sizes-right:0px;--awb-border-radius-top-left:0px;--awb-border-radius-top-right:0px;--awb-border-radius-bottom-right:0px;--awb-border-radius-bottom-left:0px;--awb-padding-top:0px;--awb-padding-right:0px;--awb-padding-bottom:0px;--awb-padding-left:0px;--awb-flex-wrap:wrap;\" ><div class=\"fusion-builder-row fusion-row\"><div class=\"fusion-layout-column fusion_builder_column fusion-builder-column-4 fusion_builder_column_1_1 1_1 fusion-one-full fusion-column-first fusion-column-last\" style=\"--awb-padding-top:20px;--awb-padding-right:10%;--awb-padding-bottom:100px;--awb-padding-left:10%;--awb-bg-size:cover;--awb-margin-bottom:0px;\"><div class=\"fusion-column-wrapper fusion-column-has-shadow fusion-flex-column-wrapper-legacy\"><div class=\"fusion-column-content-centered\"><div class=\"fusion-column-content\"><div class=\"fusion-text fusion-text-9\"><h2>\u00bfC\u00d3MO EMPEZ\u00d3 TODO?<\/h2>\n<\/div><div class=\"fusion-sep-clear\"><\/div><div class=\"fusion-separator fusion-clearfix\" style=\"float:left;margin-bottom:40px;width:100%;max-width:200px;;\"><div class=\"fusion-separator-border sep-single sep-solid\" style=\"--awb-height:20px;--awb-amount:20px;--awb-sep-color:#fec96b;border-color:#fec96b;border-top-width:3px;\"><\/div><\/div><div class=\"fusion-sep-clear\"><\/div><div class=\"fusion-text fusion-text-10\"><p>Conocimos la historia del <strong>profesor Luis Alcides Fern\u00e1ndez Rivera<\/strong> (de 57 a\u00f1os), que se vi\u00f3 obligado a cerrar la escuela Dolores Sabill\u00f3n por la pandemia y la falta de ordenadores y tel\u00e9fonos m\u00f3viles en las casas, as\u00ed como una d\u00e9bil se\u00f1al en la comunidad monta\u00f1osa, imped\u00eda una formaci\u00f3n adecuada y fuida.<\/p>\n<p>A ra\u00edz de estas circunstancias, y preocupado por el desarrollo de los escolares, el profe Luis (como as\u00ed lo llaman) plane\u00f3 montar la escuela en su casa y luego socializ\u00f3 este proyecto con las autoridades de la escuela, padres, madres y familias.\u2063<br \/>\n\u2063<br \/>\nFue as\u00ed como el 1 de marzo de 2021, armado con una pizarra blanca y unos libros, comenz\u00f3 a dar clases lunes y martes de 7:00 am a 12:30 m, siguiendo un protocolo de bioseguridad y distribuyendo a los 30 escolares en cuatro grupos.<br \/>\n\u2063<br \/>\nA esta labor se sum\u00f3 su esposa Nolvia Garc\u00eda y sus hijos Jhoiner, Karen, Luis y Luzdari. Con fondos propios, esta familia compr\u00f3 mascarillas para los ni\u00f1os y les prepar\u00f3 merienda a diario con platillos que van desde baleadas hasta chimichangas.<\/p>\n<p>Desde Vida Significativa colaboramos mediante el proyecto <a href=\"https:\/\/www.vidasignificativa.org\/cat\/vida-significativa\/apadrinamiento-escolar\/\" target=\"_blank\" rel=\"noopener\">Apadrinamiento escolar<\/a> comprando en la propia zona, material para las ni\u00f1as y los ni\u00f1os, haciendo charlas divulgativas para los padres y las madres y explicando cuentos con valores de sostenibilidad y el respeto hacia la naturaleza: \u00abSOS Abejas\u00bb y \u00abSOS Cambio clim\u00e1tico\u00bb. A este \u00faltimo proyecto, nos han cedido materiales la <a href=\"https:\/\/www.laiaia.org\/\" target=\"_blank\" rel=\"noopener\">Asociaci\u00f3n Iaia<\/a>, organizaci\u00f3n con la que estamos co-creando iniciativas muy interesantes relacionadas con el <a href=\"https:\/\/www.vidasignificativa.org\/cat\/vida-significativa\/abriga\/\" target=\"_blank\" rel=\"noopener\">Proyecto Abriga<\/a>. Algunos materiales espec\u00edficos para la infancia con discapacidades o dificualtades en el aprendizaje, los llevamos nosotros mismos a trav\u00e9s de voluntarios que van a la aldea a colaborar o enviando cajas de 60 quilos varias veces al a\u00f1o desde Espa\u00f1a.<\/p>\n<p>En Honduras, <strong>uno de cada tres j\u00f3venes es analfabeto<\/strong>, unido en muchos casos a una deficiente alimentaci\u00f3n. <strong>De los 9 millones de hondure\u00f1os, el 66% (6 millones) viven en la pobreza y de ellos, el 45% en la pobreza extrema. <\/strong>Datos muy desfavorables y tristes que nos animan a actuar, m\u00e1s que nunca, en el pa\u00eds.<\/p>\n<p>Esta es una causa que necesita financiaci\u00f3n y puedes colaborar para ayudarnos a desarrollar el proyecto haciendo una transferencia a: (<strong>concepto HONDURAS<\/strong>)<\/p>\n<p>CaixaBank: ES10 2100 5266 3302 0003 1459<\/p>\n<p>Banco Sabadell: ES04 0081 0067 0900 0150 0359<\/p>\n<p>O mediande tarjeta de cr\u00e9dito o Bizum <strong><a href=\"https:\/\/www.vidasignificativa.org\/cat\/donations\/donation-form\/\">aqu\u00ed<\/a><\/strong>.<\/p>\n<p>Honduras es un pa\u00eds desconocido para muchxs de nosotrxs, invisible muchas veces pero que esconde una gran riqueza \u00e9tnica, cultural y de biodiversidad. Un tesoro sin turismo (esceptuando Islas Bah\u00eda), muy virgen y aut\u00e9ntico, etiquetado injustamente por la inseguridad y las bandas Maras de narcotraficantes y de violencia.<\/p>\n<\/div><div class=\"fusion-sharing-box fusion-sharing-box-1 boxed-icons has-taglines layout-floated layout-medium-floated layout-small-floated\" style=\"background-color:rgba(255,255,255,0);padding:0;--awb-layout:row;--awb-alignment-small:space-between;\" data-title=\"HONDURAS\" data-description=\"COOPERACI\u00d3N EN HONDURAS Nuestras acciones y colaboraciones en el pa\u00eds centroamericano son estas:   KEVIN Y NICOL Queremos operar a los 2 hermanos en Espa\u00f1a. Estamos en proceso de concretar el lugar y la fecha de las operaciones. \u00bfNOS AYUDAS?  BECAS ESCOLARES\" data-link=\"https:\/\/www.vidasignificativa.org\/cat\/vida-significativa\/honduras\/\"><h4 class=\"tagline\" style=\"color:#1e1e1e;\">Comparteix aquest projecte<\/h4><div class=\"fusion-social-networks sharingbox-shortcode-icon-wrapper sharingbox-shortcode-icon-wrapper-1 boxed-icons\"><span><a href=\"https:\/\/www.facebook.com\/sharer.php?u=https%3A%2F%2Fwww.vidasignificativa.org%2Fcat%2Fvida-significativa%2Fhonduras%2F&amp;t=HONDURAS\" target=\"_blank\" rel=\"noreferrer\" title=\"Facebook\" aria-label=\"Facebook\" data-placement=\"top\" data-toggle=\"tooltip\" data-title=\"Facebook\"><i class=\"fusion-social-network-icon fusion-tooltip fusion-facebook awb-icon-facebook\" style=\"color:#ffffff;background-color:#3b5998;border-color:#3b5998;border-radius:0px;\" aria-hidden=\"true\"><\/i><\/a><\/span><span><a href=\"https:\/\/twitter.com\/share?text=HONDURAS&amp;url=https%3A%2F%2Fwww.vidasignificativa.org%2Fcat%2Fvida-significativa%2Fhonduras%2F\" target=\"_blank\" rel=\"noopener noreferrer\" title=\"X\" aria-label=\"X\" data-placement=\"top\" data-toggle=\"tooltip\" data-title=\"X\"><i class=\"fusion-social-network-icon fusion-tooltip fusion-twitter awb-icon-twitter\" style=\"color:#ffffff;background-color:#000000;border-color:#000000;border-radius:0px;\" aria-hidden=\"true\"><\/i><\/a><\/span><span><a href=\"https:\/\/www.linkedin.com\/shareArticle?mini=true&amp;url=https%3A%2F%2Fwww.vidasignificativa.org%2Fcat%2Fvida-significativa%2Fhonduras%2F&amp;title=HONDURAS&amp;summary=COOPERACI%C3%93N%20EN%20HONDURAS%20%20%0D%0A%0D%0ANuestras%20acciones%20y%20colaboraciones%20en%20el%20pa%C3%ADs%20centroamericano%20son%20estas%3A%20%20%20%20%20%0D%0AKEVIN%20Y%20NICOL%20%0D%0AQueremos%20operar%20a%20los%202%20hermanos%20en%20Espa%C3%B1a.%20Estamos%20en%20proceso%20de%20concretar%20el%20lugar%20y%20la%20fecha%20de%20las%20operaciones.%20%C2%BFNOS%20AYUDAS%3F%20%20%20%0D%0ABECAS%20ESCOLARES\" target=\"_blank\" rel=\"noopener noreferrer\" title=\"LinkedIn\" aria-label=\"LinkedIn\" data-placement=\"top\" data-toggle=\"tooltip\" data-title=\"LinkedIn\"><i class=\"fusion-social-network-icon fusion-tooltip fusion-linkedin awb-icon-linkedin\" style=\"color:#ffffff;background-color:#0077b5;border-color:#0077b5;border-radius:0px;\" aria-hidden=\"true\"><\/i><\/a><\/span><span><a href=\"https:\/\/api.whatsapp.com\/send?text=https%3A%2F%2Fwww.vidasignificativa.org%2Fcat%2Fvida-significativa%2Fhonduras%2F\" target=\"_blank\" rel=\"noopener noreferrer\" title=\"WhatsApp\" aria-label=\"WhatsApp\" data-placement=\"top\" data-toggle=\"tooltip\" data-title=\"WhatsApp\"><i class=\"fusion-social-network-icon fusion-tooltip fusion-whatsapp awb-icon-whatsapp\" style=\"color:#ffffff;background-color:#77e878;border-color:#77e878;border-radius:0px;\" aria-hidden=\"true\"><\/i><\/a><\/span><\/div><\/div><\/div><\/div><div class=\"fusion-clearfix\"><\/div><\/div><\/div><\/div><\/div><\/p>","protected":false},"excerpt":{"rendered":"","protected":false},"author":1,"featured_media":3461,"menu_order":0,"comment_status":"closed","ping_status":"closed","template":"","format":"standard","meta":{"give_campaign_id":0,"footnotes":""},"portfolio_category":[69,71],"portfolio_skills":[],"portfolio_tags":[],"yoast_head":"<!-- This site is optimized with the Yoast SEO plugin v24.0 - https:\/\/yoast.com\/wordpress\/plugins\/seo\/ -->\n<title>HONDURAS - Vida Significativa<\/title>\n<meta name=\"description\" content=\"En julio de 2021 iniciamos nuestra primera cooperaci\u00f3n con la infancia hondure\u00f1a en la aldea de Guacamaya, en el Departamento de Santa B\u00e1rbara.\" \/>\n<meta name=\"robots\" content=\"index, follow, max-snippet:-1, max-image-preview:large, max-video-preview:-1\" \/>\n<link rel=\"canonical\" href=\"https:\/\/www.vidasignificativa.org\/cat\/vida-significativa\/honduras\/\" \/>\n<meta property=\"og:locale\" content=\"ca_ES\" \/>\n<meta property=\"og:type\" content=\"article\" \/>\n<meta property=\"og:title\" content=\"HONDURAS - Vida Significativa\" \/>\n<meta property=\"og:description\" content=\"En julio de 2021 iniciamos nuestra primera cooperaci\u00f3n con la infancia hondure\u00f1a en la aldea de Guacamaya, en el Departamento de Santa B\u00e1rbara.\" \/>\n<meta property=\"og:url\" content=\"https:\/\/www.vidasignificativa.org\/cat\/vida-significativa\/honduras\/\" \/>\n<meta property=\"og:site_name\" content=\"Vida Significativa\" \/>\n<meta property=\"article:modified_time\" content=\"2024-01-21T22:58:58+00:00\" \/>\n<meta property=\"og:image\" content=\"https:\/\/www.vidasignificativa.org\/wp-content\/uploads\/2020\/04\/IMG-20210624-WA0001.jpg\" \/>\n\t<meta property=\"og:image:width\" content=\"1280\" \/>\n\t<meta property=\"og:image:height\" content=\"720\" \/>\n\t<meta property=\"og:image:type\" content=\"image\/jpeg\" \/>\n<meta name=\"twitter:card\" content=\"summary_large_image\" \/>\n<meta name=\"twitter:label1\" content=\"Temps estimat de lectura\" \/>\n\t<meta name=\"twitter:data1\" content=\"9 minuts\" \/>\n<script type=\"application\/ld+json\" class=\"yoast-schema-graph\">{\"@context\":\"https:\/\/schema.org\",\"@graph\":[{\"@type\":\"WebPage\",\"@id\":\"https:\/\/www.vidasignificativa.org\/vida-significativa\/honduras\/\",\"url\":\"https:\/\/www.vidasignificativa.org\/vida-significativa\/honduras\/\",\"name\":\"HONDURAS - Vida Significativa\",\"isPartOf\":{\"@id\":\"https:\/\/www.vidasignificativa.org\/#website\"},\"primaryImageOfPage\":{\"@id\":\"https:\/\/www.vidasignificativa.org\/vida-significativa\/honduras\/#primaryimage\"},\"image\":{\"@id\":\"https:\/\/www.vidasignificativa.org\/vida-significativa\/honduras\/#primaryimage\"},\"thumbnailUrl\":\"https:\/\/www.vidasignificativa.org\/wp-content\/uploads\/2020\/04\/IMG-20210624-WA0001.jpg\",\"datePublished\":\"2022-11-22T14:45:58+00:00\",\"dateModified\":\"2024-01-21T22:58:58+00:00\",\"description\":\"En julio de 2021 iniciamos nuestra primera cooperaci\u00f3n con la infancia hondure\u00f1a en la aldea de Guacamaya, en el Departamento de Santa B\u00e1rbara.\",\"breadcrumb\":{\"@id\":\"https:\/\/www.vidasignificativa.org\/vida-significativa\/honduras\/#breadcrumb\"},\"inLanguage\":\"ca\",\"potentialAction\":[{\"@type\":\"ReadAction\",\"target\":[\"https:\/\/www.vidasignificativa.org\/vida-significativa\/honduras\/\"]}]},{\"@type\":\"ImageObject\",\"inLanguage\":\"ca\",\"@id\":\"https:\/\/www.vidasignificativa.org\/vida-significativa\/honduras\/#primaryimage\",\"url\":\"https:\/\/www.vidasignificativa.org\/wp-content\/uploads\/2020\/04\/IMG-20210624-WA0001.jpg\",\"contentUrl\":\"https:\/\/www.vidasignificativa.org\/wp-content\/uploads\/2020\/04\/IMG-20210624-WA0001.jpg\",\"width\":1280,\"height\":720},{\"@type\":\"BreadcrumbList\",\"@id\":\"https:\/\/www.vidasignificativa.org\/vida-significativa\/honduras\/#breadcrumb\",\"itemListElement\":[{\"@type\":\"ListItem\",\"position\":1,\"name\":\"Portada\",\"item\":\"https:\/\/www.vidasignificativa.org\/\"},{\"@type\":\"ListItem\",\"position\":2,\"name\":\"Portfolio\",\"item\":\"https:\/\/www.vidasignificativa.org\/vida-significativa\/\"},{\"@type\":\"ListItem\",\"position\":3,\"name\":\"HONDURAS\"}]},{\"@type\":\"WebSite\",\"@id\":\"https:\/\/www.vidasignificativa.org\/#website\",\"url\":\"https:\/\/www.vidasignificativa.org\/\",\"name\":\"Vida Significativa\",\"description\":\"ONG\",\"publisher\":{\"@id\":\"https:\/\/www.vidasignificativa.org\/#organization\"},\"potentialAction\":[{\"@type\":\"SearchAction\",\"target\":{\"@type\":\"EntryPoint\",\"urlTemplate\":\"https:\/\/www.vidasignificativa.org\/?s={search_term_string}\"},\"query-input\":{\"@type\":\"PropertyValueSpecification\",\"valueRequired\":true,\"valueName\":\"search_term_string\"}}],\"inLanguage\":\"ca\"},{\"@type\":\"Organization\",\"@id\":\"https:\/\/www.vidasignificativa.org\/#organization\",\"name\":\"Vida Significativa\",\"url\":\"https:\/\/www.vidasignificativa.org\/\",\"logo\":{\"@type\":\"ImageObject\",\"inLanguage\":\"ca\",\"@id\":\"https:\/\/www.vidasignificativa.org\/#\/schema\/logo\/image\/\",\"url\":\"https:\/\/www.vidasignificativa.org\/wp-content\/uploads\/2024\/01\/vida-sginificativa-logo-700x700-1.jpg\",\"contentUrl\":\"https:\/\/www.vidasignificativa.org\/wp-content\/uploads\/2024\/01\/vida-sginificativa-logo-700x700-1.jpg\",\"width\":700,\"height\":700,\"caption\":\"Vida Significativa\"},\"image\":{\"@id\":\"https:\/\/www.vidasignificativa.org\/#\/schema\/logo\/image\/\"}}]}<\/script>\n<!-- \/ Yoast SEO plugin. -->","yoast_head_json":{"title":"HONDURAS - Vida Significativa","description":"En julio de 2021 iniciamos nuestra primera cooperaci\u00f3n con la infancia hondure\u00f1a en la aldea de Guacamaya, en el Departamento de Santa B\u00e1rbara.","robots":{"index":"index","follow":"follow","max-snippet":"max-snippet:-1","max-image-preview":"max-image-preview:large","max-video-preview":"max-video-preview:-1"},"canonical":"https:\/\/www.vidasignificativa.org\/cat\/vida-significativa\/honduras\/","og_locale":"ca_ES","og_type":"article","og_title":"HONDURAS - Vida Significativa","og_description":"En julio de 2021 iniciamos nuestra primera cooperaci\u00f3n con la infancia hondure\u00f1a en la aldea de Guacamaya, en el Departamento de Santa B\u00e1rbara.","og_url":"https:\/\/www.vidasignificativa.org\/cat\/vida-significativa\/honduras\/","og_site_name":"Vida Significativa","article_modified_time":"2024-01-21T22:58:58+00:00","og_image":[{"width":1280,"height":720,"url":"https:\/\/www.vidasignificativa.org\/wp-content\/uploads\/2020\/04\/IMG-20210624-WA0001.jpg","type":"image\/jpeg"}],"twitter_card":"summary_large_image","twitter_misc":{"Temps estimat de lectura":"9 minuts"},"schema":{"@context":"https:\/\/schema.org","@graph":[{"@type":"WebPage","@id":"https:\/\/www.vidasignificativa.org\/vida-significativa\/honduras\/","url":"https:\/\/www.vidasignificativa.org\/vida-significativa\/honduras\/","name":"HONDURAS - Vida Significativa","isPartOf":{"@id":"https:\/\/www.vidasignificativa.org\/#website"},"primaryImageOfPage":{"@id":"https:\/\/www.vidasignificativa.org\/vida-significativa\/honduras\/#primaryimage"},"image":{"@id":"https:\/\/www.vidasignificativa.org\/vida-significativa\/honduras\/#primaryimage"},"thumbnailUrl":"https:\/\/www.vidasignificativa.org\/wp-content\/uploads\/2020\/04\/IMG-20210624-WA0001.jpg","datePublished":"2022-11-22T14:45:58+00:00","dateModified":"2024-01-21T22:58:58+00:00","description":"En julio de 2021 iniciamos nuestra primera cooperaci\u00f3n con la infancia hondure\u00f1a en la aldea de Guacamaya, en el Departamento de Santa B\u00e1rbara.","breadcrumb":{"@id":"https:\/\/www.vidasignificativa.org\/vida-significativa\/honduras\/#breadcrumb"},"inLanguage":"ca","potentialAction":[{"@type":"ReadAction","target":["https:\/\/www.vidasignificativa.org\/vida-significativa\/honduras\/"]}]},{"@type":"ImageObject","inLanguage":"ca","@id":"https:\/\/www.vidasignificativa.org\/vida-significativa\/honduras\/#primaryimage","url":"https:\/\/www.vidasignificativa.org\/wp-content\/uploads\/2020\/04\/IMG-20210624-WA0001.jpg","contentUrl":"https:\/\/www.vidasignificativa.org\/wp-content\/uploads\/2020\/04\/IMG-20210624-WA0001.jpg","width":1280,"height":720},{"@type":"BreadcrumbList","@id":"https:\/\/www.vidasignificativa.org\/vida-significativa\/honduras\/#breadcrumb","itemListElement":[{"@type":"ListItem","position":1,"name":"Portada","item":"https:\/\/www.vidasignificativa.org\/"},{"@type":"ListItem","position":2,"name":"Portfolio","item":"https:\/\/www.vidasignificativa.org\/vida-significativa\/"},{"@type":"ListItem","position":3,"name":"HONDURAS"}]},{"@type":"WebSite","@id":"https:\/\/www.vidasignificativa.org\/#website","url":"https:\/\/www.vidasignificativa.org\/","name":"Vida Significativa","description":"ONG","publisher":{"@id":"https:\/\/www.vidasignificativa.org\/#organization"},"potentialAction":[{"@type":"SearchAction","target":{"@type":"EntryPoint","urlTemplate":"https:\/\/www.vidasignificativa.org\/?s={search_term_string}"},"query-input":{"@type":"PropertyValueSpecification","valueRequired":true,"valueName":"search_term_string"}}],"inLanguage":"ca"},{"@type":"Organization","@id":"https:\/\/www.vidasignificativa.org\/#organization","name":"Vida Significativa","url":"https:\/\/www.vidasignificativa.org\/","logo":{"@type":"ImageObject","inLanguage":"ca","@id":"https:\/\/www.vidasignificativa.org\/#\/schema\/logo\/image\/","url":"https:\/\/www.vidasignificativa.org\/wp-content\/uploads\/2024\/01\/vida-sginificativa-logo-700x700-1.jpg","contentUrl":"https:\/\/www.vidasignificativa.org\/wp-content\/uploads\/2024\/01\/vida-sginificativa-logo-700x700-1.jpg","width":700,"height":700,"caption":"Vida Significativa"},"image":{"@id":"https:\/\/www.vidasignificativa.org\/#\/schema\/logo\/image\/"}}]}},"_links":{"self":[{"href":"https:\/\/www.vidasignificativa.org\/cat\/wp-json\/wp\/v2\/avada_portfolio\/3459"}],"collection":[{"href":"https:\/\/www.vidasignificativa.org\/cat\/wp-json\/wp\/v2\/avada_portfolio"}],"about":[{"href":"https:\/\/www.vidasignificativa.org\/cat\/wp-json\/wp\/v2\/types\/avada_portfolio"}],"author":[{"embeddable":true,"href":"https:\/\/www.vidasignificativa.org\/cat\/wp-json\/wp\/v2\/users\/1"}],"replies":[{"embeddable":true,"href":"https:\/\/www.vidasignificativa.org\/cat\/wp-json\/wp\/v2\/comments?post=3459"}],"version-history":[{"count":1,"href":"https:\/\/www.vidasignificativa.org\/cat\/wp-json\/wp\/v2\/avada_portfolio\/3459\/revisions"}],"predecessor-version":[{"id":5226,"href":"https:\/\/www.vidasignificativa.org\/cat\/wp-json\/wp\/v2\/avada_portfolio\/3459\/revisions\/5226"}],"wp:featuredmedia":[{"embeddable":true,"href":"https:\/\/www.vidasignificativa.org\/cat\/wp-json\/wp\/v2\/media\/3461"}],"wp:attachment":[{"href":"https:\/\/www.vidasignificativa.org\/cat\/wp-json\/wp\/v2\/media?parent=3459"}],"wp:term":[{"taxonomy":"portfolio_category","embeddable":true,"href":"https:\/\/www.vidasignificativa.org\/cat\/wp-json\/wp\/v2\/portfolio_category?post=3459"},{"taxonomy":"portfolio_skills","embeddable":true,"href":"https:\/\/www.vidasignificativa.org\/cat\/wp-json\/wp\/v2\/portfolio_skills?post=3459"},{"taxonomy":"portfolio_tags","embeddable":true,"href":"https:\/\/www.vidasignificativa.org\/cat\/wp-json\/wp\/v2\/portfolio_tags?post=3459"}],"curies":[{"name":"wp","href":"https:\/\/api.w.org\/{rel}","templated":true}]}}